{"id":2797,"date":"2017-09-22T14:45:57","date_gmt":"2017-09-22T13:45:57","guid":{"rendered":"http:\/\/www.sivom-bethunois.xyz\/?page_id=2797"},"modified":"2025-03-24T09:12:51","modified_gmt":"2025-03-24T08:12:51","slug":"mentions","status":"publish","type":"page","link":"https:\/\/www.sivom-bethunois.fr\/index.php\/accueil-2\/mentions\/","title":{"rendered":"Mentions"},"content":{"rendered":"<div id=\"cs-content\" class=\"cs-content\"><div id=\"x-section-1\" class=\"x-section\" style=\"margin: 0px;padding: 0px; background-color: transparent;\" ><div id=\"\" class=\"x-container\" style=\"margin: 0px auto;padding: 0px;\" ><div  class=\"x-column x-sm x-1-1\" style=\"padding: 0px;\" ><div class=\"x-text x-text-headline has-graphic e2797-e4 m25p-0\"><div class=\"x-text-content\"><span class=\"x-graphic\" aria-hidden=\"true\"><i class=\"x-icon x-graphic-child x-graphic-icon x-graphic-primary\" aria-hidden=\"true\" data-x-icon-s=\"&#xf044;\"><\/i><\/span><div class=\"x-text-content-text\"><h1 class=\"x-text-content-text-primary\">MENTIONS L\u00c9GALES<\/h1>\n<\/div><\/div><\/div><\/div><\/div><\/div><div id=\"x-section-2\" class=\"x-section\" style=\"margin: 0px;padding: 0px; background-color: transparent;\" ><div id=\"\" class=\"x-container marginless-columns\" style=\"margin: 0px auto;padding: 0px;\" ><div  class=\"x-column x-sm x-1-1\" style=\"padding: 0px;\" ><ul  class=\"x-nav x-nav-tabs five-up left\"  data-x-element=\"tab_nav\" data-x-params=\"{&quot;orientation&quot;:&quot;vertical&quot;}\" role=\"tablist\"><li  class=\"x-nav-tabs-item active\"  role=\"presentation\"><a id=\"x-legacy-tab-1\" aria-selected=\"true\" aria-controls=\"x-legacy-panel-1\" role=\"tab\" data-x-toggle=\"tab\" data-x-toggleable=\"x-legacy-tab-1\" data-x-toggle-group=\"6a9a46c06ccc5\">\u00c9diteur<\/a><\/li><li  class=\"x-nav-tabs-item\"  role=\"presentation\"><a id=\"x-legacy-tab-2\" aria-selected=\"false\" aria-controls=\"x-legacy-panel-2\" role=\"tab\" data-x-toggle=\"tab\" data-x-toggleable=\"x-legacy-tab-2\" data-x-toggle-group=\"6a9a46c06ccc5\">Directeur<\/a><\/li><li  class=\"x-nav-tabs-item\"  role=\"presentation\"><a id=\"x-legacy-tab-3\" aria-selected=\"false\" aria-controls=\"x-legacy-panel-3\" role=\"tab\" data-x-toggle=\"tab\" data-x-toggleable=\"x-legacy-tab-3\" data-x-toggle-group=\"6a9a46c06ccc5\">D\u00e9veloppement<\/a><\/li><li  class=\"x-nav-tabs-item\"  role=\"presentation\"><a id=\"x-legacy-tab-4\" aria-selected=\"false\" aria-controls=\"x-legacy-panel-4\" role=\"tab\" data-x-toggle=\"tab\" data-x-toggleable=\"x-legacy-tab-4\" data-x-toggle-group=\"6a9a46c06ccc5\">Droits d'utilisation<\/a><\/li><li  class=\"x-nav-tabs-item\"  role=\"presentation\"><a id=\"x-legacy-tab-5\" aria-selected=\"false\" aria-controls=\"x-legacy-panel-5\" role=\"tab\" data-x-toggle=\"tab\" data-x-toggleable=\"x-legacy-tab-5\" data-x-toggle-group=\"6a9a46c06ccc5\">Droits d'auteur<\/a><\/li><\/ul><div  class=\"x-tab-content\" ><div id=\"x-legacy-panel-1\" class=\"x-tab-pane active\"  aria-hidden=\"false\" aria-labelledby=\"x-legacy-tab-1\" role=\"tabpanel\" data-x-toggleable=\"x-legacy-tab-1\"><p><span style=\"color: #5d92aa;\"><strong>\u00c9diteur du site<\/strong><\/span><br \/>\nLe SIVOM de la Communaut\u00e9 du B\u00e9thunois<br \/>\n660, rue de Lille 62400 B\u00c9THUNE\u00a0<br \/>\nT\u00e9l. 03.21.61.55.55<\/p><\/div><div id=\"x-legacy-panel-2\" class=\"x-tab-pane\"  aria-hidden=\"true\" aria-labelledby=\"x-legacy-tab-2\" role=\"tabpanel\" data-x-toggleable=\"x-legacy-tab-2\"><p><span style=\"color: #5d92aa;\"><strong>Directeur de la publication<\/strong><\/span><br \/>\nMonsieur le Pr\u00e9sident du SIVOM de la Communaut\u00e9 du B\u00e9thunois<br \/>\n660, rue de Lille 62400 B\u00c9THUNE<br \/>\nT\u00e9l. 03.21.61.55.55<\/p><\/div><div id=\"x-legacy-panel-3\" class=\"x-tab-pane\"  aria-hidden=\"true\" aria-labelledby=\"x-legacy-tab-3\" role=\"tabpanel\" data-x-toggleable=\"x-legacy-tab-3\"><span style=\"color: #5d92aa;\"><strong>Conception &amp; d\u00e9veloppement<\/strong><\/span>\n<span style=\"color: #7ac1e3;\"><strong>Cr\u00e9ation graphique :<\/strong><\/span> SIVOM de la Communaut\u00e9 du B\u00e9thunois\n<span style=\"color: #7ac1e3;\"><strong>D\u00e9veloppement :<\/strong><\/span> D\u00e9veloppement interne utilisant le moteur de publication WordPress<\/div><div id=\"x-legacy-panel-4\" class=\"x-tab-pane\"  aria-hidden=\"true\" aria-labelledby=\"x-legacy-tab-4\" role=\"tabpanel\" data-x-toggleable=\"x-legacy-tab-4\"><p style=\"text-align: justify;\"><span style=\"color: #5d92aa;\"><strong>Droit d\u2019utilisation<\/strong><\/span>\nLe contenu du site est mis \u00e0 disposition pour un usage priv\u00e9 et non exclusif. Ce droit d\u2019utilisation comprend le droit de stockage sur \u00e9cran monoposte et le droit de reproduction aux conditions ci-apr\u00e8s d\u00e9finies. Il interdit la r\u00e9cup\u00e9ration des bases de donn\u00e9es.\n<span style=\"color: #7ac1e3;\"><strong>Copies ou reproductions<\/strong><\/span>\nCe site est une publication du SIVOM de la Communaut\u00e9 du B\u00e9thunois. La reproduction des informations publi\u00e9es est autoris\u00e9e sauf \u00e0 des fins commerciales et sous r\u00e9serve de la mention d\u2019origine \u201cSIVOM du B\u00e9thunois\u201d et de l\u2019url de la source.\nSont en revanche soumis \u00e0 une autorisation pr\u00e9alable tout \u00e9l\u00e9ment issu de l'intranet et tout \u00e9l\u00e9ment portant une mention de r\u00e9serve. La d\u00e9marche d\u2019autorisation doit \u00eatre adress\u00e9e \u00e0 la direction de la communication du SIVOM de la Communaut\u00e9 du B\u00e9thunois qui assortira son autorisation, partielle ou int\u00e9grale, d\u2019une mention sp\u00e9cifique qui devra \u00eatre imp\u00e9rativement indiqu\u00e9e.\nLes photographies, images fixes ou anim\u00e9es, ne peuvent \u00eatre reproduites sans autorisation pr\u00e9alable et d\u00e8s lors qu\u2019un droit de copie serait accord\u00e9, la mention du copyright indiqu\u00e9e au demandeur par l\u2019administrateur du site devrait imp\u00e9rativement figurer sur le support utilis\u00e9 \u00e0 cette fin.\n<span style=\"color: #7ac1e3;\"><strong>Finalit\u00e9s des cookies<\/strong><\/span>\nCookie incluant des informations relatives \u00e0 la navigation d\u2019un visiteur.\nUn cookie ne permet pas \u00e0 ce site de vous identifier. En revanche, il enregistre des informations relatives \u00e0 la navigation de votre ordinateur sur notre site (les pages que vous avez consult\u00e9es, la date et l\u2019heure de la consultation, etc.) qu\u2019il peut lire lors de vos visites ult\u00e9rieures. La dur\u00e9e de conservation de ces informations dans votre ordinateur est de 24 heures et sont uniquement utilis\u00e9es lors de la visualisation d\u2019une s\u00e9ance pl\u00e9ni\u00e8re en direct.\n<span style=\"color: #7ac1e3;\"><strong>Liens et r\u00e9troliens<\/strong><\/span>\nLes liens pr\u00e9sents sur ce site peuvent orienter le lecteur sur des sites ext\u00e9rieurs dont le contenu ne peut engager la responsabilit\u00e9 de la r\u00e9daction du site.\nLa mise en place de liens vers ce site n\u2019est pas soumise \u00e0 un accord pr\u00e9alable. Il est seulement demand\u00e9 d\u2019indiquer explicitement la mention : \u201cSIVOM du B\u00e9thunois\u201d ainsi que l\u2019url de la source. Les liens profonds sont toutefois \u00e0 privil\u00e9gier. Sont exclus de cette autorisation, les sites et tout support \u00e0 caract\u00e8re pol\u00e9mique, pornographique ou x\u00e9nophobe ou pouvant porter atteinte \u00e0 la sensibilit\u00e9 du plus grand nombre.<\/p><\/div><div id=\"x-legacy-panel-5\" class=\"x-tab-pane\"  aria-hidden=\"true\" aria-labelledby=\"x-legacy-tab-5\" role=\"tabpanel\" data-x-toggleable=\"x-legacy-tab-5\"><p><span style=\"color: #5d92aa;\"><strong>Les images du site, les droits photographiques et droits d\u2019auteurs<\/strong><\/span><\/p>\n<p><strong><span style=\"color: #7ac1e3;\">Cr\u00e9dits photographiques<\/span><\/strong><\/p>\n<p>Service communication\u00a0<br \/>\nstock.adobe.com<\/p><\/div><\/div><\/div><\/div><\/div><\/div>\n","protected":false},"excerpt":{"rendered":"<p>MENTIONS L\u00c9GALES \u00c9diteurDirecteurD\u00e9veloppementDroits d&rsquo;utilisationDroits d&rsquo;auteur\u00c9diteur du site Le SIVOM de la Communaut\u00e9 du B\u00e9thunois 660, rue de Lille 62400 B\u00c9THUNE\u00a0 T\u00e9l. 03.21.61.55.55Directeur de la publication Monsieur le Pr\u00e9sident du SIVOM de la Communaut\u00e9 du B\u00e9thunois 660, rue de Lille 62400 B\u00c9THUNE T\u00e9l. 03.21.61.55.55Conception &amp; d\u00e9veloppement Cr\u00e9ation graphique : SIVOM de la Communaut\u00e9 du B\u00e9thunois D\u00e9veloppement : D\u00e9veloppement interne utilisant le &#8230; <a href=\"https:\/\/www.sivom-bethunois.fr\/index.php\/accueil-2\/mentions\/\" class=\"more-link\">Read More<\/a><\/p>\n","protected":false},"author":35,"featured_media":0,"parent":1094,"menu_order":0,"comment_status":"closed","ping_status":"closed","template":"","meta":{"_monsterinsights_skip_tracking":false,"footnotes":""},"class_list":["post-2797","page","type-page","status-publish","hentry","no-post-thumbnail"],"yoast_head":"<!-- This site is optimized with the Yoast SEO plugin v28.4 - https:\/\/yoast.com\/product\/yoast-seo-wordpress\/ -->\n<title>Mentions l\u00e9gales du site internet du SIVOM du B\u00e9thunois<\/title>\n<meta name=\"description\" content=\"Consultez les mentions l\u00e9gales du portail internet \u00e9dit\u00e9 par le SIVOM de la Communaut\u00e9 du B\u00e9thunois pour plus de 100 000 habitants issus de 25 communes.\" \/>\n<meta name=\"robots\" content=\"index, follow, max-snippet:-1, max-image-preview:large, max-video-preview:-1\" \/>\n<link rel=\"canonical\" href=\"https:\/\/www.sivom-bethunois.fr\/index.php\/accueil-2\/mentions\/\" \/>\n<meta property=\"og:locale\" content=\"fr_FR\" \/>\n<meta property=\"og:type\" content=\"article\" \/>\n<meta property=\"og:title\" content=\"Mentions l\u00e9gales du site internet du SIVOM du B\u00e9thunois\" \/>\n<meta property=\"og:description\" content=\"Consultez les mentions l\u00e9gales du portail internet \u00e9dit\u00e9 par le SIVOM de la Communaut\u00e9 du B\u00e9thunois pour plus de 100 000 habitants issus de 25 communes.\" \/>\n<meta property=\"og:url\" content=\"https:\/\/www.sivom-bethunois.fr\/index.php\/accueil-2\/mentions\/\" \/>\n<meta property=\"og:site_name\" content=\"SIVOM de la Communaut\u00e9 du B\u00e9thunois\" \/>\n<meta property=\"article:publisher\" content=\"https:\/\/www.facebook.com\/sivom.bethunois\" \/>\n<meta property=\"article:modified_time\" content=\"2025-03-24T08:12:51+00:00\" \/>\n<meta name=\"twitter:card\" content=\"summary_large_image\" \/>\n<meta name=\"twitter:label1\" content=\"Dur\u00e9e de lecture estim\u00e9e\" \/>\n\t<meta name=\"twitter:data1\" content=\"5 minutes\" \/>\n<script type=\"application\/ld+json\" class=\"yoast-schema-graph\">{\"@context\":\"https:\\\/\\\/schema.org\",\"@graph\":[{\"@type\":\"WebPage\",\"@id\":\"https:\\\/\\\/www.sivom-bethunois.fr\\\/index.php\\\/accueil-2\\\/mentions\\\/\",\"url\":\"https:\\\/\\\/www.sivom-bethunois.fr\\\/index.php\\\/accueil-2\\\/mentions\\\/\",\"name\":\"Mentions l\u00e9gales du site internet du SIVOM du B\u00e9thunois\",\"isPartOf\":{\"@id\":\"https:\\\/\\\/www.sivom-bethunois.fr\\\/#website\"},\"datePublished\":\"2017-09-22T13:45:57+00:00\",\"dateModified\":\"2025-03-24T08:12:51+00:00\",\"description\":\"Consultez les mentions l\u00e9gales du portail internet \u00e9dit\u00e9 par le SIVOM de la Communaut\u00e9 du B\u00e9thunois pour plus de 100 000 habitants issus de 25 communes.\",\"breadcrumb\":{\"@id\":\"https:\\\/\\\/www.sivom-bethunois.fr\\\/index.php\\\/accueil-2\\\/mentions\\\/#breadcrumb\"},\"inLanguage\":\"fr-FR\",\"potentialAction\":[{\"@type\":\"ReadAction\",\"target\":[\"https:\\\/\\\/www.sivom-bethunois.fr\\\/index.php\\\/accueil-2\\\/mentions\\\/\"]}]},{\"@type\":\"BreadcrumbList\",\"@id\":\"https:\\\/\\\/www.sivom-bethunois.fr\\\/index.php\\\/accueil-2\\\/mentions\\\/#breadcrumb\",\"itemListElement\":[{\"@type\":\"ListItem\",\"position\":1,\"name\":\"Accueil\",\"item\":\"https:\\\/\\\/www.sivom-bethunois.fr\\\/\"},{\"@type\":\"ListItem\",\"position\":2,\"name\":\"Le SIVOM\",\"item\":\"https:\\\/\\\/www.sivom-bethunois.fr\\\/\"},{\"@type\":\"ListItem\",\"position\":3,\"name\":\"Mentions\"}]},{\"@type\":\"WebSite\",\"@id\":\"https:\\\/\\\/www.sivom-bethunois.fr\\\/#website\",\"url\":\"https:\\\/\\\/www.sivom-bethunois.fr\\\/\",\"name\":\"SIVOM de la Communaut\u00e9 du B\u00e9thunois\",\"description\":\"Acteur de votre quotidien\",\"publisher\":{\"@id\":\"https:\\\/\\\/www.sivom-bethunois.fr\\\/#organization\"},\"potentialAction\":[{\"@type\":\"SearchAction\",\"target\":{\"@type\":\"EntryPoint\",\"urlTemplate\":\"https:\\\/\\\/www.sivom-bethunois.fr\\\/?s={search_term_string}\"},\"query-input\":{\"@type\":\"PropertyValueSpecification\",\"valueRequired\":true,\"valueName\":\"search_term_string\"}}],\"inLanguage\":\"fr-FR\"},{\"@type\":\"Organization\",\"@id\":\"https:\\\/\\\/www.sivom-bethunois.fr\\\/#organization\",\"name\":\"SIVOM de la Communaut\u00e9 du B\u00e9thunois\",\"url\":\"https:\\\/\\\/www.sivom-bethunois.fr\\\/\",\"logo\":{\"@type\":\"ImageObject\",\"inLanguage\":\"fr-FR\",\"@id\":\"https:\\\/\\\/www.sivom-bethunois.fr\\\/#\\\/schema\\\/logo\\\/image\\\/\",\"url\":\"https:\\\/\\\/www.sivom-bethunois.fr\\\/wp-content\\\/uploads\\\/2024\\\/07\\\/cropped-Logo-DG-site.png\",\"contentUrl\":\"https:\\\/\\\/www.sivom-bethunois.fr\\\/wp-content\\\/uploads\\\/2024\\\/07\\\/cropped-Logo-DG-site.png\",\"width\":512,\"height\":512,\"caption\":\"SIVOM de la Communaut\u00e9 du B\u00e9thunois\"},\"image\":{\"@id\":\"https:\\\/\\\/www.sivom-bethunois.fr\\\/#\\\/schema\\\/logo\\\/image\\\/\"},\"sameAs\":[\"https:\\\/\\\/www.facebook.com\\\/sivom.bethunois\"]}]}<\/script>\n<!-- \/ Yoast SEO plugin. -->","yoast_head_json":{"title":"Mentions l\u00e9gales du site internet du SIVOM du B\u00e9thunois","description":"Consultez les mentions l\u00e9gales du portail internet \u00e9dit\u00e9 par le SIVOM de la Communaut\u00e9 du B\u00e9thunois pour plus de 100 000 habitants issus de 25 communes.","robots":{"index":"index","follow":"follow","max-snippet":"max-snippet:-1","max-image-preview":"max-image-preview:large","max-video-preview":"max-video-preview:-1"},"canonical":"https:\/\/www.sivom-bethunois.fr\/index.php\/accueil-2\/mentions\/","og_locale":"fr_FR","og_type":"article","og_title":"Mentions l\u00e9gales du site internet du SIVOM du B\u00e9thunois","og_description":"Consultez les mentions l\u00e9gales du portail internet \u00e9dit\u00e9 par le SIVOM de la Communaut\u00e9 du B\u00e9thunois pour plus de 100 000 habitants issus de 25 communes.","og_url":"https:\/\/www.sivom-bethunois.fr\/index.php\/accueil-2\/mentions\/","og_site_name":"SIVOM de la Communaut\u00e9 du B\u00e9thunois","article_publisher":"https:\/\/www.facebook.com\/sivom.bethunois","article_modified_time":"2025-03-24T08:12:51+00:00","twitter_card":"summary_large_image","twitter_misc":{"Dur\u00e9e de lecture estim\u00e9e":"5 minutes"},"schema":{"@context":"https:\/\/schema.org","@graph":[{"@type":"WebPage","@id":"https:\/\/www.sivom-bethunois.fr\/index.php\/accueil-2\/mentions\/","url":"https:\/\/www.sivom-bethunois.fr\/index.php\/accueil-2\/mentions\/","name":"Mentions l\u00e9gales du site internet du SIVOM du B\u00e9thunois","isPartOf":{"@id":"https:\/\/www.sivom-bethunois.fr\/#website"},"datePublished":"2017-09-22T13:45:57+00:00","dateModified":"2025-03-24T08:12:51+00:00","description":"Consultez les mentions l\u00e9gales du portail internet \u00e9dit\u00e9 par le SIVOM de la Communaut\u00e9 du B\u00e9thunois pour plus de 100 000 habitants issus de 25 communes.","breadcrumb":{"@id":"https:\/\/www.sivom-bethunois.fr\/index.php\/accueil-2\/mentions\/#breadcrumb"},"inLanguage":"fr-FR","potentialAction":[{"@type":"ReadAction","target":["https:\/\/www.sivom-bethunois.fr\/index.php\/accueil-2\/mentions\/"]}]},{"@type":"BreadcrumbList","@id":"https:\/\/www.sivom-bethunois.fr\/index.php\/accueil-2\/mentions\/#breadcrumb","itemListElement":[{"@type":"ListItem","position":1,"name":"Accueil","item":"https:\/\/www.sivom-bethunois.fr\/"},{"@type":"ListItem","position":2,"name":"Le SIVOM","item":"https:\/\/www.sivom-bethunois.fr\/"},{"@type":"ListItem","position":3,"name":"Mentions"}]},{"@type":"WebSite","@id":"https:\/\/www.sivom-bethunois.fr\/#website","url":"https:\/\/www.sivom-bethunois.fr\/","name":"SIVOM de la Communaut\u00e9 du B\u00e9thunois","description":"Acteur de votre quotidien","publisher":{"@id":"https:\/\/www.sivom-bethunois.fr\/#organization"},"potentialAction":[{"@type":"SearchAction","target":{"@type":"EntryPoint","urlTemplate":"https:\/\/www.sivom-bethunois.fr\/?s={search_term_string}"},"query-input":{"@type":"PropertyValueSpecification","valueRequired":true,"valueName":"search_term_string"}}],"inLanguage":"fr-FR"},{"@type":"Organization","@id":"https:\/\/www.sivom-bethunois.fr\/#organization","name":"SIVOM de la Communaut\u00e9 du B\u00e9thunois","url":"https:\/\/www.sivom-bethunois.fr\/","logo":{"@type":"ImageObject","inLanguage":"fr-FR","@id":"https:\/\/www.sivom-bethunois.fr\/#\/schema\/logo\/image\/","url":"https:\/\/www.sivom-bethunois.fr\/wp-content\/uploads\/2024\/07\/cropped-Logo-DG-site.png","contentUrl":"https:\/\/www.sivom-bethunois.fr\/wp-content\/uploads\/2024\/07\/cropped-Logo-DG-site.png","width":512,"height":512,"caption":"SIVOM de la Communaut\u00e9 du B\u00e9thunois"},"image":{"@id":"https:\/\/www.sivom-bethunois.fr\/#\/schema\/logo\/image\/"},"sameAs":["https:\/\/www.facebook.com\/sivom.bethunois"]}]}},"_links":{"self":[{"href":"https:\/\/www.sivom-bethunois.fr\/index.php\/wp-json\/wp\/v2\/pages\/2797","targetHints":{"allow":["GET"]}}],"collection":[{"href":"https:\/\/www.sivom-bethunois.fr\/index.php\/wp-json\/wp\/v2\/pages"}],"about":[{"href":"https:\/\/www.sivom-bethunois.fr\/index.php\/wp-json\/wp\/v2\/types\/page"}],"author":[{"embeddable":true,"href":"https:\/\/www.sivom-bethunois.fr\/index.php\/wp-json\/wp\/v2\/users\/35"}],"replies":[{"embeddable":true,"href":"https:\/\/www.sivom-bethunois.fr\/index.php\/wp-json\/wp\/v2\/comments?post=2797"}],"version-history":[{"count":23,"href":"https:\/\/www.sivom-bethunois.fr\/index.php\/wp-json\/wp\/v2\/pages\/2797\/revisions"}],"predecessor-version":[{"id":14404,"href":"https:\/\/www.sivom-bethunois.fr\/index.php\/wp-json\/wp\/v2\/pages\/2797\/revisions\/14404"}],"up":[{"embeddable":true,"href":"https:\/\/www.sivom-bethunois.fr\/index.php\/wp-json\/wp\/v2\/pages\/1094"}],"wp:attachment":[{"href":"https:\/\/www.sivom-bethunois.fr\/index.php\/wp-json\/wp\/v2\/media?parent=2797"}],"curies":[{"name":"wp","href":"https:\/\/api.w.org\/{rel}","templated":true}]}}