{"id":2092,"date":"2017-07-30T15:52:42","date_gmt":"2017-07-30T14:52:42","guid":{"rendered":"http:\/\/www.sivom-bethunois.xyz\/?page_id=2092"},"modified":"2025-08-08T08:27:33","modified_gmt":"2025-08-08T06:27:33","slug":"marches","status":"publish","type":"page","link":"https:\/\/www.sivom-bethunois.fr\/index.php\/accueil-2\/marches\/","title":{"rendered":"March\u00e9s publics"},"content":{"rendered":"<div id=\"cs-content\" class=\"cs-content\"><div id=\"x-section-1\" class=\"x-section\" style=\"margin: 0px;padding: 0px; background-color: transparent;\" ><div id=\"\" class=\"x-container\" style=\"margin: 0px auto;padding: 0px;\" ><div  class=\"x-column x-sm x-1-1\" style=\"padding: 0px;\" ><div class=\"x-text x-text-headline has-graphic e2092-e4 m1m4-0\"><div class=\"x-text-content\"><span class=\"x-graphic\" aria-hidden=\"true\"><i class=\"x-icon x-graphic-child x-graphic-icon x-graphic-primary\" aria-hidden=\"true\" data-x-icon-s=\"&#xf1c1;\"><\/i><\/span><div class=\"x-text-content-text\"><h1 class=\"x-text-content-text-primary\">MARCH\u00c9S PUBLICS<\/h1>\n<\/div><\/div><\/div><img decoding=\"async\"  class=\"x-img x-img-none\"  src=\"https:\/\/www.sivom-bethunois.fr\/wp-content\/uploads\/2021\/06\/Marches-publics-titre.png\" ><div id=\"\" class=\"x-text cs-ta-justify\" style=\"\" ><p>Avec la r\u00e9forme du droit de la commande publique entr\u00e9e en vigueur au 1er avril 2016 et conform\u00e9ment aux nouvelles r\u00e8gles europ\u00e9ennes, l\u2019objectif d\u2019une compl\u00e8te d\u00e9mat\u00e9rialisation des proc\u00e9dures de march\u00e9s publics et du d\u00e9ploiement d\u2019une d\u00e9marche open data sur les donn\u00e9es essentielles des march\u00e9s publics est atteint depuis le 1er octobre 2018.<\/p>\n<p>Depuis cette date,\u00a0les candidats \u00e0 un march\u00e9 public ont pour obligation de remettre leur offre sous forme d\u00e9mat\u00e9rialis\u00e9e \u00e0 partir d\u2019un certain seuil. Toutes les communications et tous les \u00e9changes jusqu\u2019\u00e0 la notification du march\u00e9 public sont effectu\u00e9s par des moyens de communication \u00e9lectronique.<\/p>\n<p><strong>Le seuil de d\u00e9mat\u00e9rialisation des march\u00e9s publics qui s\u2019impose aux acheteurs est de 40\u00a0000,00 \u20ac HT depuis le 1<sup>er<\/sup>\u00a0<span class=\"Object\" id=\"OBJ_PREFIX_DWT1841_com_zimbra_date\">janvier 2020<\/span>.<\/strong><\/p>\n<p>Le SIVOM de la Communaut\u00e9 du B\u00e9thunois met \u00e0 disposition des entreprises une <strong>plateforme de d\u00e9mat\u00e9rialisation des march\u00e9s publics\u00a0via un profil acheteur\u00a0:<\/strong><\/p>\n<\/div><a  class=\"x-creative-cta slide-top\" href=\"https:\/\/marchespublics596280.fr\/?page=frame.ConsultationsOrganisme&amp;org=B6A\" style=\"padding: 10px 10px 10px 10px; color: #ffffff; background-color: rgb(92, 146, 169);\" data-x-element=\"creative_cta\" data-x-params=\"{&quot;animation&quot;:&quot; slide-top&quot;,&quot;bg_color&quot;:&quot;rgb(92, 146, 169)&quot;,&quot;bg_color_hover&quot;:&quot;rgb(123, 193, 225)&quot;}\"><span class=\"text\" style=\"font-size: 22px;\">Pour acc\u00e9der aux march\u00e9s publics via la plateforme Marchespublics596280, cliquez ici<\/span><span class=\"graphic\"><i style=\"margin: 0; font-size: 20px;\" class=\"x-icon-expand\" data-x-icon-s=\"&#xf065;\"><\/i><\/span><\/a><hr  class=\"x-gap\" style=\"margin: 15px 0 0 0;\"><\/div><\/div><\/div><div id=\"x-section-2\" class=\"x-section\" style=\"margin: 0px;padding: 0px; background-color: transparent;\" ><div id=\"\" class=\"x-container\" style=\"margin: 0px auto;padding: 0px;\" ><\/div><\/div><div id=\"x-section-3\" class=\"x-section\" style=\"margin: 0px;padding: 0px; background-color: transparent;\" ><div id=\"\" class=\"x-container\" style=\"margin: 0px auto;padding: 0px;\" ><div  class=\"x-column x-sm x-1-1\" style=\"padding: 0px;\" ><div id=\"\" class=\"x-text cs-ta-justify\" style=\"\" ><p>L\u2019acc\u00e8s \u00e0 cette plateforme n\u00e9cessite une inscription (gratuite).<\/p>\n<p>Cet acc\u00e8s permet aux candidats de\u00a0:<\/p>\n<ul>\n<li>Consulter les Avis d\u2019Appel Public \u00e0 la Concurrence,<\/li>\n<li>T\u00e9l\u00e9charger les Dossiers de Consultation des Entreprises des march\u00e9s en cours de publication,<\/li>\n<li>Poser des questions sur les consultations en cours et avoir connaissance des r\u00e9ponses aux questions pos\u00e9es par les autres candidats,<\/li>\n<li>D\u00e9poser les offres en ligne,<\/li>\n<li>Communiquer jusqu\u2019\u00e0 la notification du march\u00e9 au titulaire<\/li>\n<\/ul>\n<p><span>Votre identification lors du retrait d\u2019un DCE est indispensable si vous souhaitez \u00eatre tenu inform\u00e9 des modifications et des correspondances relatives \u00e0 ce dossier (r\u00e9ponses aux questions pos\u00e9es par d\u2019autres entreprises) ainsi que des \u00e9ventuels avis rectificatifs, modifications ou d\u00e9clarations sans suite.<\/span><\/p>\n<p>Vous pouvez t\u00e9l\u00e9charger le guide \u00ab\u00a0tr\u00e8s pratique\u00a0\u00bb de la d\u00e9mat\u00e9rialisation des march\u00e9s publics publi\u00e9 par la direction des affaires juridiques de Bercy pour accompagner les entreprises<span style=\"color: #5c92a9;\"><strong><em> <\/em><\/strong><\/span><span style=\"text-decoration: underline;\"><span style=\"color: #5c92a9;\"><strong><em>(<a href=\"https:\/\/www.sivom-bethunois.fr\/wp-content\/uploads\/2021\/03\/Guide_MP_demat_mai-2020_Operateurs-Economiques.pdf\" style=\"color: #5c92a9; text-decoration: underline;\" target=\"_blank\" rel=\"noopener\">Guide op\u00e9rateurs \u00e9conomiques<\/a><\/em><\/strong><\/span><\/span><span style=\"color: #5c92a9;\"><strong><em>)<\/em><\/strong><\/span> - Version \u2013 Mai 2020.<\/p>\n<\/div><a  class=\"x-creative-cta slide-top\" href=\"https:\/\/www.sivom-bethunois.fr\/wp-content\/uploads\/2025\/08\/Liste-des-marches-superieurs-a-25-000-E-HT-conclus-en-2024.pdf\" style=\"padding: 10px 10px 10px 10px; color: #ffffff; background-color: rgb(92, 146, 169);\" data-x-element=\"creative_cta\" data-x-params=\"{&quot;animation&quot;:&quot; slide-top&quot;,&quot;bg_color&quot;:&quot;rgb(92, 146, 169)&quot;,&quot;bg_color_hover&quot;:&quot;rgb(123, 193, 225)&quot;}\"><span class=\"text\" style=\"font-size: 22px;\">Retrouvez la liste des march\u00e9s publics sup\u00e9rieurs \u00e0 25 000,00\u20ac HT conclus en 2024 en cliquant ici<\/span><span class=\"graphic\"><i style=\"margin: 0; font-size: 20px;\" class=\"x-icon-expand\" data-x-icon-s=\"&#xf065;\"><\/i><\/span><\/a><hr  class=\"x-gap\" style=\"margin: 15px 0 0 0;\"><a  class=\"x-creative-cta slide-top\" href=\"https:\/\/www.sivom-bethunois.fr\/wp-content\/uploads\/2024\/05\/Liste-des-marches-superieurs-a-25-000-E-HT-conclus-en-2023-1.pdf\" style=\"padding: 10px 10px 10px 10px; color: #ffffff; background-color: rgb(92, 146, 169);\" data-x-element=\"creative_cta\" data-x-params=\"{&quot;animation&quot;:&quot; slide-top&quot;,&quot;bg_color&quot;:&quot;rgb(92, 146, 169)&quot;,&quot;bg_color_hover&quot;:&quot;rgb(123, 193, 225)&quot;}\"><span class=\"text\" style=\"font-size: 22px;\">Retrouvez la liste des march\u00e9s publics sup\u00e9rieurs \u00e0 25 000,00\u20ac HT conclus en 2023 en cliquant ici<\/span><span class=\"graphic\"><i style=\"margin: 0; font-size: 20px;\" class=\"x-icon-expand\" data-x-icon-s=\"&#xf065;\"><\/i><\/span><\/a><hr  class=\"x-gap\" style=\"margin: 15px 0 0 0;\"><a  class=\"x-creative-cta slide-top\" href=\"https:\/\/www.sivom-bethunois.fr\/wp-content\/uploads\/2024\/03\/Liste-des-marches-superieurs-a-25-000-E-HT-conclus-en-2022.pdf\" style=\"padding: 10px 10px 10px 10px; color: #ffffff; background-color: rgb(92, 146, 169);\" data-x-element=\"creative_cta\" data-x-params=\"{&quot;animation&quot;:&quot; slide-top&quot;,&quot;bg_color&quot;:&quot;rgb(92, 146, 169)&quot;,&quot;bg_color_hover&quot;:&quot;rgb(123, 193, 225)&quot;}\"><span class=\"text\" style=\"font-size: 22px;\">Retrouvez la liste des march\u00e9s publics sup\u00e9rieurs \u00e0 25 000,00\u20ac HT conclus en 2022 en cliquant ici<\/span><span class=\"graphic\"><i style=\"margin: 0; font-size: 20px;\" class=\"x-icon-expand\" data-x-icon-s=\"&#xf065;\"><\/i><\/span><\/a><hr  class=\"x-gap\" style=\"margin: 15px 0 0 0;\"><a  class=\"x-creative-cta slide-top\" href=\"https:\/\/www.sivom-bethunois.fr\/wp-content\/uploads\/2022\/04\/Liste-des-marches-superieurs-a-25-000-E-HT-conclus-en-2021.pdf\" style=\"padding: 10px 10px 10px 10px; color: #ffffff; background-color: rgb(92, 146, 169);\" data-x-element=\"creative_cta\" data-x-params=\"{&quot;animation&quot;:&quot; slide-top&quot;,&quot;bg_color&quot;:&quot;rgb(92, 146, 169)&quot;,&quot;bg_color_hover&quot;:&quot;rgb(123, 193, 225)&quot;}\"><span class=\"text\" style=\"font-size: 22px;\">Retrouvez la liste des march\u00e9s publics sup\u00e9rieurs \u00e0 25 000,00\u20ac HT conclus en 2021 en cliquant ici<\/span><span class=\"graphic\"><i style=\"margin: 0; font-size: 20px;\" class=\"x-icon-expand\" data-x-icon-s=\"&#xf065;\"><\/i><\/span><\/a><hr  class=\"x-gap\" style=\"margin: 15px 0 0 0;\"><a  class=\"x-creative-cta slide-top\" href=\"https:\/\/www.sivom-bethunois.fr\/wp-content\/uploads\/2021\/03\/Liste-des-marches-superieurs-a-25-000-E-HT-conclus-en-2020.pdf\" style=\"padding: 10px 10px 10px 10px; color: #ffffff; background-color: rgb(92, 146, 169);\" data-x-element=\"creative_cta\" data-x-params=\"{&quot;animation&quot;:&quot; slide-top&quot;,&quot;bg_color&quot;:&quot;rgb(92, 146, 169)&quot;,&quot;bg_color_hover&quot;:&quot;rgb(123, 193, 225)&quot;}\"><span class=\"text\" style=\"font-size: 22px;\">Retrouvez la liste des march\u00e9s publics sup\u00e9rieurs \u00e0 25 000,00\u20ac HT conclus en 2020 en cliquant ici<\/span><span class=\"graphic\"><i style=\"margin: 0; font-size: 20px;\" class=\"x-icon-expand\" data-x-icon-s=\"&#xf065;\"><\/i><\/span><\/a><hr  class=\"x-gap\" style=\"margin: 15px 0 0 0;\"><a  class=\"x-creative-cta slide-top\" href=\"https:\/\/www.sivom-bethunois.fr\/wp-content\/uploads\/2020\/03\/Liste-des-march\u00e9s-sup\u00e9rieurs-\u00e0-25-000-\u20ac-conclus-en-2019-1.pdf\" style=\"padding: 10px 10px 10px 10px; color: #ffffff; background-color: rgb(92, 146, 169);\" data-x-element=\"creative_cta\" data-x-params=\"{&quot;animation&quot;:&quot; slide-top&quot;,&quot;bg_color&quot;:&quot;rgb(92, 146, 169)&quot;,&quot;bg_color_hover&quot;:&quot;rgb(123, 193, 225)&quot;}\"><span class=\"text\" style=\"font-size: 22px;\">Retrouvez la liste des march\u00e9s publics sup\u00e9rieurs \u00e0 25 000,00\u20ac HT conclus en 2019 en cliquant ici<\/span><span class=\"graphic\"><i style=\"margin: 0; font-size: 20px;\" class=\"x-icon-expand\" data-x-icon-s=\"&#xf065;\"><\/i><\/span><\/a><hr  class=\"x-gap\" style=\"margin: 15px 0 0 0;\"><div id=\"\" class=\"x-text cs-ta-justify\" style=\"\" ><p><span>Les donn\u00e9es essentielles des march\u00e9s publics conclus sont \u00e0 disposition des entreprises en <span style=\"text-decoration: underline;\"><span style=\"color: #5c92a9; text-decoration: underline;\"><em><a href=\"https:\/\/marchespublics596280.fr\/?page=Entreprise.EntrepriseAccueilAuthentifie\" target=\"_blank\" rel=\"noopener\" style=\"color: #5c92a9; text-decoration: underline;\"><strong>cliquant ici<\/strong><\/a><\/em><\/span><\/span><span style=\"color: #5c92a9;\"><span style=\"color: #000000;\"> <\/span><\/span><\/span> puis dans la rubrique <span><span style=\"color: #5c92a9;\"><em>Annonces &gt; Donn\u00e9es essentielles des march\u00e9s conclus &gt; Recherche avanc\u00e9e<\/em><\/span>.<\/span><\/p>\n<\/div><hr  class=\"x-gap\" style=\"margin: 15px 0 0 0;\"><div class=\"x-text x-text-headline has-graphic e2092-e29 m1m4-0\"><div class=\"x-text-content\"><span class=\"x-graphic\" aria-hidden=\"true\"><i class=\"x-icon x-graphic-child x-graphic-icon x-graphic-primary\" aria-hidden=\"true\" data-x-icon-s=\"&#xf007;\"><\/i><\/span><div class=\"x-text-content-text\"><h1 class=\"x-text-content-text-primary\">Contact<\/h1>\n<\/div><\/div><\/div><hr  class=\"x-hr\" style=\"border-top-width: 1px;width: 100%;\"><div id=\"\" class=\"x-text cs-ta-left\" style=\"\" ><p><strong>Service de la commande publique<\/strong><\/p>\n<p>660, rue de Lille<\/p>\n<p>62400 B\u00c9THUNE<\/p>\n<p>T\u00e9l. 03 21 61 55 55<\/p>\n<p>Mail : marches@sivom-bethunois.fr<\/p>\n<\/div><\/div><\/div><\/div><\/div>\n","protected":false},"excerpt":{"rendered":"<p>MARCH\u00c9S PUBLICS Avec la r\u00e9forme du droit de la commande publique entr\u00e9e en vigueur au 1er avril 2016 et conform\u00e9ment aux nouvelles r\u00e8gles europ\u00e9ennes, l\u2019objectif d\u2019une compl\u00e8te d\u00e9mat\u00e9rialisation des proc\u00e9dures de march\u00e9s publics et du d\u00e9ploiement d\u2019une d\u00e9marche open data sur les donn\u00e9es essentielles des march\u00e9s publics est atteint depuis le 1er octobre 2018. Depuis cette date,\u00a0les candidats \u00e0 un &#8230; <a href=\"https:\/\/www.sivom-bethunois.fr\/index.php\/accueil-2\/marches\/\" class=\"more-link\">Read More<\/a><\/p>\n","protected":false},"author":35,"featured_media":0,"parent":1094,"menu_order":0,"comment_status":"closed","ping_status":"closed","template":"","meta":{"_monsterinsights_skip_tracking":false,"_monsterinsights_sitenote_active":false,"_monsterinsights_sitenote_note":"","_monsterinsights_sitenote_category":0,"footnotes":""},"class_list":["post-2092","page","type-page","status-publish","hentry","no-post-thumbnail"],"yoast_head":"<!-- This site is optimized with the Yoast SEO plugin v27.5 - https:\/\/yoast.com\/product\/yoast-seo-wordpress\/ -->\n<title>Consultez les march\u00e9s publics du SIVOM du B\u00e9thunois<\/title>\n<meta name=\"description\" content=\"Le SIVOM de la communaut\u00e9 du B\u00e9thunois met en ligne l&#039;ensemble de ses consultations qui peuvent \u00eatre t\u00e9l\u00e9charg\u00e9es au format Acrobat PDF.\" \/>\n<meta name=\"robots\" content=\"index, follow, max-snippet:-1, max-image-preview:large, max-video-preview:-1\" \/>\n<link rel=\"canonical\" href=\"https:\/\/www.sivom-bethunois.fr\/index.php\/accueil-2\/marches\/\" \/>\n<meta property=\"og:locale\" content=\"fr_FR\" \/>\n<meta property=\"og:type\" content=\"article\" \/>\n<meta property=\"og:title\" content=\"Consultez les march\u00e9s publics du SIVOM du B\u00e9thunois\" \/>\n<meta property=\"og:description\" content=\"Le SIVOM de la communaut\u00e9 du B\u00e9thunois met en ligne l&#039;ensemble de ses consultations qui peuvent \u00eatre t\u00e9l\u00e9charg\u00e9es au format Acrobat PDF.\" \/>\n<meta property=\"og:url\" content=\"https:\/\/www.sivom-bethunois.fr\/index.php\/accueil-2\/marches\/\" \/>\n<meta property=\"og:site_name\" content=\"SIVOM de la Communaut\u00e9 du B\u00e9thunois\" \/>\n<meta property=\"article:publisher\" content=\"https:\/\/www.facebook.com\/sivom.bethunois\" \/>\n<meta property=\"article:modified_time\" content=\"2025-08-08T06:27:33+00:00\" \/>\n<meta name=\"twitter:card\" content=\"summary_large_image\" \/>\n<meta name=\"twitter:label1\" content=\"Dur\u00e9e de lecture estim\u00e9e\" \/>\n\t<meta name=\"twitter:data1\" content=\"6 minutes\" \/>\n<script type=\"application\/ld+json\" class=\"yoast-schema-graph\">{\"@context\":\"https:\\\/\\\/schema.org\",\"@graph\":[{\"@type\":\"WebPage\",\"@id\":\"https:\\\/\\\/www.sivom-bethunois.fr\\\/index.php\\\/accueil-2\\\/marches\\\/\",\"url\":\"https:\\\/\\\/www.sivom-bethunois.fr\\\/index.php\\\/accueil-2\\\/marches\\\/\",\"name\":\"Consultez les march\u00e9s publics du SIVOM du B\u00e9thunois\",\"isPartOf\":{\"@id\":\"https:\\\/\\\/www.sivom-bethunois.fr\\\/#website\"},\"datePublished\":\"2017-07-30T14:52:42+00:00\",\"dateModified\":\"2025-08-08T06:27:33+00:00\",\"description\":\"Le SIVOM de la communaut\u00e9 du B\u00e9thunois met en ligne l'ensemble de ses consultations qui peuvent \u00eatre t\u00e9l\u00e9charg\u00e9es au format Acrobat PDF.\",\"breadcrumb\":{\"@id\":\"https:\\\/\\\/www.sivom-bethunois.fr\\\/index.php\\\/accueil-2\\\/marches\\\/#breadcrumb\"},\"inLanguage\":\"fr-FR\",\"potentialAction\":[{\"@type\":\"ReadAction\",\"target\":[\"https:\\\/\\\/www.sivom-bethunois.fr\\\/index.php\\\/accueil-2\\\/marches\\\/\"]}]},{\"@type\":\"BreadcrumbList\",\"@id\":\"https:\\\/\\\/www.sivom-bethunois.fr\\\/index.php\\\/accueil-2\\\/marches\\\/#breadcrumb\",\"itemListElement\":[{\"@type\":\"ListItem\",\"position\":1,\"name\":\"Accueil\",\"item\":\"https:\\\/\\\/www.sivom-bethunois.fr\\\/\"},{\"@type\":\"ListItem\",\"position\":2,\"name\":\"Le SIVOM\",\"item\":\"https:\\\/\\\/www.sivom-bethunois.fr\\\/\"},{\"@type\":\"ListItem\",\"position\":3,\"name\":\"March\u00e9s publics\"}]},{\"@type\":\"WebSite\",\"@id\":\"https:\\\/\\\/www.sivom-bethunois.fr\\\/#website\",\"url\":\"https:\\\/\\\/www.sivom-bethunois.fr\\\/\",\"name\":\"SIVOM de la Communaut\u00e9 du B\u00e9thunois\",\"description\":\"Acteur de votre quotidien\",\"publisher\":{\"@id\":\"https:\\\/\\\/www.sivom-bethunois.fr\\\/#organization\"},\"potentialAction\":[{\"@type\":\"SearchAction\",\"target\":{\"@type\":\"EntryPoint\",\"urlTemplate\":\"https:\\\/\\\/www.sivom-bethunois.fr\\\/?s={search_term_string}\"},\"query-input\":{\"@type\":\"PropertyValueSpecification\",\"valueRequired\":true,\"valueName\":\"search_term_string\"}}],\"inLanguage\":\"fr-FR\"},{\"@type\":\"Organization\",\"@id\":\"https:\\\/\\\/www.sivom-bethunois.fr\\\/#organization\",\"name\":\"SIVOM de la Communaut\u00e9 du B\u00e9thunois\",\"url\":\"https:\\\/\\\/www.sivom-bethunois.fr\\\/\",\"logo\":{\"@type\":\"ImageObject\",\"inLanguage\":\"fr-FR\",\"@id\":\"https:\\\/\\\/www.sivom-bethunois.fr\\\/#\\\/schema\\\/logo\\\/image\\\/\",\"url\":\"https:\\\/\\\/www.sivom-bethunois.fr\\\/wp-content\\\/uploads\\\/2024\\\/07\\\/cropped-Logo-DG-site.png\",\"contentUrl\":\"https:\\\/\\\/www.sivom-bethunois.fr\\\/wp-content\\\/uploads\\\/2024\\\/07\\\/cropped-Logo-DG-site.png\",\"width\":512,\"height\":512,\"caption\":\"SIVOM de la Communaut\u00e9 du B\u00e9thunois\"},\"image\":{\"@id\":\"https:\\\/\\\/www.sivom-bethunois.fr\\\/#\\\/schema\\\/logo\\\/image\\\/\"},\"sameAs\":[\"https:\\\/\\\/www.facebook.com\\\/sivom.bethunois\"]}]}<\/script>\n<!-- \/ Yoast SEO plugin. -->","yoast_head_json":{"title":"Consultez les march\u00e9s publics du SIVOM du B\u00e9thunois","description":"Le SIVOM de la communaut\u00e9 du B\u00e9thunois met en ligne l'ensemble de ses consultations qui peuvent \u00eatre t\u00e9l\u00e9charg\u00e9es au format Acrobat PDF.","robots":{"index":"index","follow":"follow","max-snippet":"max-snippet:-1","max-image-preview":"max-image-preview:large","max-video-preview":"max-video-preview:-1"},"canonical":"https:\/\/www.sivom-bethunois.fr\/index.php\/accueil-2\/marches\/","og_locale":"fr_FR","og_type":"article","og_title":"Consultez les march\u00e9s publics du SIVOM du B\u00e9thunois","og_description":"Le SIVOM de la communaut\u00e9 du B\u00e9thunois met en ligne l'ensemble de ses consultations qui peuvent \u00eatre t\u00e9l\u00e9charg\u00e9es au format Acrobat PDF.","og_url":"https:\/\/www.sivom-bethunois.fr\/index.php\/accueil-2\/marches\/","og_site_name":"SIVOM de la Communaut\u00e9 du B\u00e9thunois","article_publisher":"https:\/\/www.facebook.com\/sivom.bethunois","article_modified_time":"2025-08-08T06:27:33+00:00","twitter_card":"summary_large_image","twitter_misc":{"Dur\u00e9e de lecture estim\u00e9e":"6 minutes"},"schema":{"@context":"https:\/\/schema.org","@graph":[{"@type":"WebPage","@id":"https:\/\/www.sivom-bethunois.fr\/index.php\/accueil-2\/marches\/","url":"https:\/\/www.sivom-bethunois.fr\/index.php\/accueil-2\/marches\/","name":"Consultez les march\u00e9s publics du SIVOM du B\u00e9thunois","isPartOf":{"@id":"https:\/\/www.sivom-bethunois.fr\/#website"},"datePublished":"2017-07-30T14:52:42+00:00","dateModified":"2025-08-08T06:27:33+00:00","description":"Le SIVOM de la communaut\u00e9 du B\u00e9thunois met en ligne l'ensemble de ses consultations qui peuvent \u00eatre t\u00e9l\u00e9charg\u00e9es au format Acrobat PDF.","breadcrumb":{"@id":"https:\/\/www.sivom-bethunois.fr\/index.php\/accueil-2\/marches\/#breadcrumb"},"inLanguage":"fr-FR","potentialAction":[{"@type":"ReadAction","target":["https:\/\/www.sivom-bethunois.fr\/index.php\/accueil-2\/marches\/"]}]},{"@type":"BreadcrumbList","@id":"https:\/\/www.sivom-bethunois.fr\/index.php\/accueil-2\/marches\/#breadcrumb","itemListElement":[{"@type":"ListItem","position":1,"name":"Accueil","item":"https:\/\/www.sivom-bethunois.fr\/"},{"@type":"ListItem","position":2,"name":"Le SIVOM","item":"https:\/\/www.sivom-bethunois.fr\/"},{"@type":"ListItem","position":3,"name":"March\u00e9s publics"}]},{"@type":"WebSite","@id":"https:\/\/www.sivom-bethunois.fr\/#website","url":"https:\/\/www.sivom-bethunois.fr\/","name":"SIVOM de la Communaut\u00e9 du B\u00e9thunois","description":"Acteur de votre quotidien","publisher":{"@id":"https:\/\/www.sivom-bethunois.fr\/#organization"},"potentialAction":[{"@type":"SearchAction","target":{"@type":"EntryPoint","urlTemplate":"https:\/\/www.sivom-bethunois.fr\/?s={search_term_string}"},"query-input":{"@type":"PropertyValueSpecification","valueRequired":true,"valueName":"search_term_string"}}],"inLanguage":"fr-FR"},{"@type":"Organization","@id":"https:\/\/www.sivom-bethunois.fr\/#organization","name":"SIVOM de la Communaut\u00e9 du B\u00e9thunois","url":"https:\/\/www.sivom-bethunois.fr\/","logo":{"@type":"ImageObject","inLanguage":"fr-FR","@id":"https:\/\/www.sivom-bethunois.fr\/#\/schema\/logo\/image\/","url":"https:\/\/www.sivom-bethunois.fr\/wp-content\/uploads\/2024\/07\/cropped-Logo-DG-site.png","contentUrl":"https:\/\/www.sivom-bethunois.fr\/wp-content\/uploads\/2024\/07\/cropped-Logo-DG-site.png","width":512,"height":512,"caption":"SIVOM de la Communaut\u00e9 du B\u00e9thunois"},"image":{"@id":"https:\/\/www.sivom-bethunois.fr\/#\/schema\/logo\/image\/"},"sameAs":["https:\/\/www.facebook.com\/sivom.bethunois"]}]}},"_links":{"self":[{"href":"https:\/\/www.sivom-bethunois.fr\/index.php\/wp-json\/wp\/v2\/pages\/2092","targetHints":{"allow":["GET"]}}],"collection":[{"href":"https:\/\/www.sivom-bethunois.fr\/index.php\/wp-json\/wp\/v2\/pages"}],"about":[{"href":"https:\/\/www.sivom-bethunois.fr\/index.php\/wp-json\/wp\/v2\/types\/page"}],"author":[{"embeddable":true,"href":"https:\/\/www.sivom-bethunois.fr\/index.php\/wp-json\/wp\/v2\/users\/35"}],"replies":[{"embeddable":true,"href":"https:\/\/www.sivom-bethunois.fr\/index.php\/wp-json\/wp\/v2\/comments?post=2092"}],"version-history":[{"count":58,"href":"https:\/\/www.sivom-bethunois.fr\/index.php\/wp-json\/wp\/v2\/pages\/2092\/revisions"}],"predecessor-version":[{"id":15076,"href":"https:\/\/www.sivom-bethunois.fr\/index.php\/wp-json\/wp\/v2\/pages\/2092\/revisions\/15076"}],"up":[{"embeddable":true,"href":"https:\/\/www.sivom-bethunois.fr\/index.php\/wp-json\/wp\/v2\/pages\/1094"}],"wp:attachment":[{"href":"https:\/\/www.sivom-bethunois.fr\/index.php\/wp-json\/wp\/v2\/media?parent=2092"}],"curies":[{"name":"wp","href":"https:\/\/api.w.org\/{rel}","templated":true}]}}