{"id":1617,"date":"2016-11-09T01:05:35","date_gmt":"2016-11-09T00:05:35","guid":{"rendered":"http:\/\/www.sivom-bethunois.xyz\/?page_id=1617"},"modified":"2026-04-15T15:31:31","modified_gmt":"2026-04-15T13:31:31","slug":"clsh","status":"publish","type":"page","link":"https:\/\/www.sivom-bethunois.fr\/index.php\/jeunesse\/clsh\/","title":{"rendered":"CLSH"},"content":{"rendered":"<div id=\"cs-content\" class=\"cs-content\"><div id=\"x-section-1\" class=\"x-section\" style=\"margin: 0px;padding: 0px; background-color: transparent;\" ><div id=\"\" class=\"x-container\" style=\"margin: 0px auto;padding: 0px;\" ><div  class=\"x-column x-sm x-1-1\" style=\"padding: 0px;\" ><div class=\"x-text x-text-headline has-graphic e1617-e4 m18x-0 m18x-1\"><div class=\"x-text-content\"><span class=\"x-graphic\" aria-hidden=\"true\"><i class=\"x-icon x-graphic-child x-graphic-icon x-graphic-primary\" aria-hidden=\"true\" data-x-icon-s=\"&#xf15c;\"><\/i><\/span><div class=\"x-text-content-text\"><h1 class=\"x-text-content-text-primary\">Les centres de loisirs sans h\u00e9bergement (C.L.S.H )<\/h1>\n<\/div><\/div><\/div><\/div><\/div><\/div><div id=\"x-section-2\" class=\"x-section\" style=\"margin: 0px;padding: 0px; background-color: transparent;\" ><div id=\"\" class=\"x-container\" style=\"margin: 0px auto;padding: 0px;\" ><div  class=\"x-column x-sm x-1-1\" style=\"padding: 0px;\" ><img decoding=\"async\"  class=\"x-img x-img-none\"  src=\"https:\/\/www.sivom-bethunois.fr\/wp-content\/uploads\/2021\/06\/Centres-de-loisirs-titre.png\" alt=\"Centre de loisirs\"><\/div><\/div><\/div><div id=\"x-section-3\" class=\"x-section\" style=\"margin: 0px;padding: 0px; background-color: transparent;\" ><div id=\"\" class=\"x-container\" style=\"margin: 0px auto;padding: 0px;\" ><div  class=\"x-column x-sm x-1-1\" style=\"padding: 0px;\" ><div class=\"x-text x-text-headline has-graphic e1617-e12 m18x-0 m18x-2 m18x-3\"><div class=\"x-text-content\"><span class=\"x-graphic\" aria-hidden=\"true\"><i class=\"x-icon x-graphic-child x-graphic-icon x-graphic-primary\" aria-hidden=\"true\" data-x-icon-s=\"&#xf05a;\"><\/i><\/span><div class=\"x-text-content-text\"><h1 class=\"x-text-content-text-primary\">Les centres de loisirs<\/h1>\n<\/div><\/div><\/div><\/div><\/div><\/div><div id=\"x-section-4\" class=\"x-section\" style=\"margin: 0px;padding: 0px; background-color: transparent;\" ><div id=\"\" class=\"x-container\" style=\"margin: 0px auto;padding: 0px;\" ><div  class=\"x-column x-sm x-1-1\" style=\"padding: 0px;\" ><div id=\"\" class=\"x-text cs-ta-justify\" style=\"\" ><p style=\"text-align: justify;\">Le SIVOM de la Communaut\u00e9 du B\u00e9thunois organise des centres de loisirs sans h\u00e9bergement durant les vacances scolaires pour les communes d'Allouagne, Beuvry, Drouvin-le-Marais, Ecquedecques, Essars, Festubert, Fouquereuil, Fouqui\u00e8res-lez-B\u00e9thune, Gosnay, Hinges, Labourse, Lapugnoy, Lozinghem, Oblinghem, Sailly-Labourse, Servins, Vendin-lez-B\u00e9thune et Verquigneul.<\/p>\n<p>Le mercredi, les enfants sont accueillis sur les centres de loisirs d'Allouagne, de Fouqui\u00e8res-lez-B\u00e9thune et de Verquigneul.<\/p>\n<p>Durant les vacances scolaires, l'accueil en centre de loisirs s'effectue dans les communes adh\u00e9rentes.<\/p>\n<h5 style=\"text-align: center;\"><span style=\"color: #ff9900;\"><strong>Pour toute inscription, nous vous remercions de bien vouloir remplir le dossier d'inscription, la fiche sanitaire, le r\u00e8glement int\u00e9rieur et l'attestation garderie.<\/strong><\/span><\/h5>\n<\/div><\/div><\/div><\/div><div id=\"x-section-5\" class=\"x-section\" style=\"margin: 0px;padding: 0px; background-color: transparent;\" ><div id=\"\" class=\"x-container\" style=\"margin: 0px auto;padding: 0px;\" ><\/div><\/div><div class=\"x-section e1617-e19 m18x-7 m18x-8 m18x-9 m18x-a\"><div class=\"x-row x-container max width e1617-e20 m18x-g m18x-h m18x-j m18x-k\"><div class=\"x-row-inner\"><div class=\"x-col e1617-e21 m18x-o\"><div class=\"x-text x-text-headline has-graphic e1617-e22 m18x-0 m18x-3 m18x-4 m18x-5\"><div class=\"x-text-content\"><span class=\"x-graphic\" aria-hidden=\"true\"><i class=\"x-icon x-graphic-child x-graphic-icon x-graphic-primary\" aria-hidden=\"true\" data-x-icon-s=\"&#xe0c0;\"><\/i><\/span><div class=\"x-text-content-text\"><h1 class=\"x-text-content-text-primary\">Centre de loisirs - Avril 2026<\/h1>\n<\/div><\/div><\/div><div id=\"\" class=\"x-text cs-ta-justify\" style=\"\" ><p>Le SIVOM de la Communaut\u00e9 du B\u00e9thunois organise des\u00a0<strong>centres de loisirs lors des vacances d'Avril<\/strong>. Les centres de loisirs auront lieu <strong>du 13 avril au 24 avril 2026<\/strong>. Le th\u00e8me des centres de loisirs est \u00ab <strong>Quand je serai grand... <\/strong>\u00bb.<\/p>\n<p>Les inscriptions se d\u00e9roulent <strong>du 02 mars au 25 mars 2026.<\/strong><\/p>\n<p>Au programme : des grands jeux, des activit\u00e9s manuelles, des activit\u00e9s culinaires, des jeux sportifs, des sorties \u00e0 th\u00e8mes, et des d\u00e9fis.<\/p>\n<\/div><a class=\"x-image e1617-e24 m18x-p\" href=\"https:\/\/www.sivom-bethunois.fr\/wp-content\/uploads\/2026\/02\/PEJ-CLSH-avril-2026-WEB.png\" target=\"_blank\" rel=\"noopener noreferrer\"><img fetchpriority=\"high\" decoding=\"async\" src=\"https:\/\/www.sivom-bethunois.fr\/wp-content\/uploads\/2026\/02\/PEJ-CLSH-avril-2026-WEB.png\" width=\"827\" height=\"1169\" alt=\"Image\"><\/a><hr class=\"x-line e1617-e25 m18x-q m18x-r\"\/><div class=\"x-text x-text-headline has-graphic e1617-e26 m18x-0 m18x-3 m18x-5 m18x-6\"><div class=\"x-text-content\"><span class=\"x-graphic\" aria-hidden=\"true\"><i class=\"x-icon x-graphic-child x-graphic-icon x-graphic-primary\" aria-hidden=\"true\" data-x-icon-s=\"&#xf15c;\"><\/i><\/span><div class=\"x-text-content-text\"><h1 class=\"x-text-content-text-primary\"><span style=\"color: #f5a517;\">Plannings d'activit&eacute;s - Centre de loisirs avril 2026<\/span><\/h1>\n<\/div><\/div><\/div><hr class=\"x-line e1617-e27 m18x-q m18x-r\"\/><a class=\"x-image e1617-e28 m18x-p\" href=\"https:\/\/www.sivom-bethunois.fr\/wp-content\/uploads\/2026\/04\/Planning-CLSH-Avril-2026-scaled.png\" target=\"_blank\" rel=\"noopener noreferrer\"><img decoding=\"async\" src=\"https:\/\/www.sivom-bethunois.fr\/wp-content\/uploads\/2026\/04\/Planning-CLSH-Avril-2026-scaled.png\" width=\"1280\" height=\"905\" alt=\"Image\"><\/a><hr class=\"x-line e1617-e29 m18x-q m18x-r\"\/><div class=\"x-text x-text-headline has-graphic e1617-e30 m18x-0 m18x-3 m18x-5 m18x-6\"><div class=\"x-text-content\"><span class=\"x-graphic\" aria-hidden=\"true\"><i class=\"x-icon x-graphic-child x-graphic-icon x-graphic-primary\" aria-hidden=\"true\" data-x-icon-s=\"&#xf15c;\"><\/i><\/span><div class=\"x-text-content-text\"><h1 class=\"x-text-content-text-primary\"><span style=\"color: #f5a517;\">Documents &agrave; t&eacute;l&eacute;charger - Centre de loisirs avril 2026<\/span><\/h1>\n<\/div><\/div><\/div><div class=\"x-text x-content e1617-e31 m18x-v\"><p style=\"text-align: left;\"><strong>Pour t&eacute;l&eacute;charger votre dossier d'inscription, veuillez s&eacute;lectionner votre commune. N'oubliez pas de t&eacute;l&eacute;charger les documents ci-dessous &agrave; joindre obligatoirement &agrave; ce dossier.&nbsp;<\/strong><\/p><\/div><div class=\"x-row e1617-e32 m18x-g m18x-h m18x-j m18x-l\"><div class=\"x-row-inner\"><div class=\"x-col e1617-e33 m18x-o\"><div id=\"\" class=\"x-text cs-ta-left\" style=\"\" ><p><i  class=\"x-icon x-icon-external-link\" data-x-icon-s=\"&#xf08e;\" aria-hidden=\"true\"><\/i> <a href=\"https:\/\/www.sivom-bethunois.fr\/wp-content\/uploads\/2026\/02\/Fiche-dinscription-CLSH-Avril-2026-Allouagne.pdf\" target=\"_blank\" rel=\"noopener\">ALLOUAGNE<\/a><\/p>\n<p><i  class=\"x-icon x-icon-external-link\" data-x-icon-s=\"&#xf08e;\" aria-hidden=\"true\"><\/i> <a href=\"https:\/\/www.sivom-bethunois.fr\/wp-content\/uploads\/2026\/02\/Fiche-dinscription-CLSH-Avril-2026-Beuvry.pdf\" target=\"_blank\" rel=\"noopener\">BEUVRY<\/a><\/p>\n<p><i  class=\"x-icon x-icon-external-link\" data-x-icon-s=\"&#xf08e;\" aria-hidden=\"true\"><\/i> <a href=\"https:\/\/www.sivom-bethunois.fr\/wp-content\/uploads\/2026\/02\/Fiche-dinscription-CLSH-Avril-2026-Drouvin-le-Marais.pdf\" target=\"_blank\" rel=\"noopener\">DROUVIN-LE-MARAIS<\/a><\/p>\n<p><i  class=\"x-icon x-icon-external-link\" data-x-icon-s=\"&#xf08e;\" aria-hidden=\"true\"><\/i> <a href=\"https:\/\/www.sivom-bethunois.fr\/wp-content\/uploads\/2026\/02\/Fiche-dinscription-CLSH-Avril-2026-Ecquedecques.pdf\" target=\"_blank\" rel=\"noopener\">ECQUEDECQUES<\/a><\/p>\n<p><i  class=\"x-icon x-icon-external-link\" data-x-icon-s=\"&#xf08e;\" aria-hidden=\"true\"><\/i> <a href=\"https:\/\/www.sivom-bethunois.fr\/wp-content\/uploads\/2026\/02\/Fiche-dinscription-CLSH-Avril-2026-Essars.pdf\" target=\"_blank\" rel=\"noopener\">ESSARS<\/a><\/p>\n<p><i  class=\"x-icon x-icon-external-link\" data-x-icon-s=\"&#xf08e;\" aria-hidden=\"true\"><\/i> FOUQUEREUIL (My Perischool)<\/p>\n<p><i  class=\"x-icon x-icon-external-link\" data-x-icon-s=\"&#xf08e;\" aria-hidden=\"true\"><\/i>\u00a0<a href=\"https:\/\/www.sivom-bethunois.fr\/wp-content\/uploads\/2026\/02\/Fiche-dinscription-CLSH-Avril-2026-Fouquieres-les-Bethune.pdf\" target=\"_blank\" rel=\"noopener\">FOUQUIERES-LEZ-BETHUNE<\/a><\/p>\n<p><i  class=\"x-icon x-icon-external-link\" data-x-icon-s=\"&#xf08e;\" aria-hidden=\"true\"><\/i> <a href=\"https:\/\/www.sivom-bethunois.fr\/wp-content\/uploads\/2026\/02\/Fiche-dinscription-CLSH-Avril-2026-Gosnay.pdf\" target=\"_blank\" rel=\"noopener\">GOSNAY<\/a><\/p>\n<p><i  class=\"x-icon x-icon-external-link\" data-x-icon-s=\"&#xf08e;\" aria-hidden=\"true\"><\/i> HINGES (My Perischool)<\/p>\n<\/div><\/div><div class=\"x-col e1617-e35 m18x-o\"><div id=\"\" class=\"x-text cs-ta-left\" style=\"\" ><p><i  class=\"x-icon x-icon-external-link\" data-x-icon-s=\"&#xf08e;\" aria-hidden=\"true\"><\/i> <a href=\"https:\/\/www.sivom-bethunois.fr\/wp-content\/uploads\/2026\/02\/Fiche-dinscription-CLSH-Avril-2026-Labourse.pdf\" target=\"_blank\" rel=\"noopener\">LABOURSE<\/a><\/p>\n<p><i  class=\"x-icon x-icon-external-link\" data-x-icon-s=\"&#xf08e;\" aria-hidden=\"true\"><\/i> LAPUGNOY (My Perischool)<\/p>\n<p><i  class=\"x-icon x-icon-external-link\" data-x-icon-s=\"&#xf08e;\" aria-hidden=\"true\"><\/i> <a href=\"https:\/\/www.sivom-bethunois.fr\/wp-content\/uploads\/2026\/02\/Fiche-dinscription-CLSH-Avril-2026-Lozinghem.pdf\" target=\"_blank\" rel=\"noopener\">LOZINGHEM<\/a><\/p>\n<p><i  class=\"x-icon x-icon-external-link\" data-x-icon-s=\"&#xf08e;\" aria-hidden=\"true\"><\/i> <a href=\"https:\/\/www.sivom-bethunois.fr\/wp-content\/uploads\/2026\/02\/Fiche-dinscription-CLSH-Avril-2026-Oblinghem.pdf\" target=\"_blank\" rel=\"noopener\">OBLINGHEM<\/a><\/p>\n<p><i  class=\"x-icon x-icon-external-link\" data-x-icon-s=\"&#xf08e;\" aria-hidden=\"true\"><\/i> SAILLY-LABOURSE (My Perischool)<\/p>\n<p><i  class=\"x-icon x-icon-external-link\" data-x-icon-s=\"&#xf08e;\" aria-hidden=\"true\"><\/i> <a href=\"https:\/\/www.sivom-bethunois.fr\/wp-content\/uploads\/2026\/02\/Fiche-dinscription-CLSH-Avril-2026-Servins-1.pdf\" target=\"_blank\" rel=\"noopener\">SERVINS<\/a><\/p>\n<p><i  class=\"x-icon x-icon-external-link\" data-x-icon-s=\"&#xf08e;\" aria-hidden=\"true\"><\/i> <a href=\"https:\/\/www.sivom-bethunois.fr\/wp-content\/uploads\/2026\/02\/Fiche-dinscription-CLSH-Avril-2026-Vendin-Lez-Bethune.pdf\" target=\"_blank\" rel=\"noopener\">VENDIN-LEZ-BETHUNE<\/a><\/p>\n<p><i  class=\"x-icon x-icon-external-link\" data-x-icon-s=\"&#xf08e;\" aria-hidden=\"true\"><\/i> VERQUIGNEUL (My Perischool)<\/p>\n<\/div><\/div><\/div><\/div><a  class=\"x-creative-cta slide-bottom\" href=\"https:\/\/www.sivom-bethunois.fr\/wp-content\/uploads\/2025\/02\/PEJ-Reglement-interieur-des-accueils-collectifs-des-mineurs-01.2025.pdf\" style=\"padding: 10px 10px 10px 10px; color: #ffffff; background-color: hsl(0, 0%, 25%);\" data-x-element=\"creative_cta\" data-x-params=\"{&quot;animation&quot;:&quot; slide-bottom&quot;,&quot;bg_color&quot;:&quot;hsl(0, 0%, 25%)&quot;,&quot;bg_color_hover&quot;:&quot;hsl(45, 98%, 52%)&quot;}\"><span class=\"text\" style=\"font-size: 16px;\">R\u00e8glement int\u00e9rieur des CLSH <\/span><span class=\"graphic\"><i style=\"margin: 0; font-size: 20px;\" class=\"x-icon-file-text-o\" data-x-icon-s=\"&#xf15c;\"><\/i><\/span><\/a><hr class=\"x-line e1617-e38 m18x-r m18x-s m18x-t\"\/><a  class=\"x-creative-cta slide-bottom\" href=\"https:\/\/www.sivom-bethunois.fr\/wp-content\/uploads\/2025\/05\/SIVOM-du-Bethunois-Dossier-famille-2025-2026.pdf\" style=\"padding: 10px 10px 10px 10px; color: #ffffff; background-color: hsl(0, 0%, 25%);\" data-x-element=\"creative_cta\" data-x-params=\"{&quot;animation&quot;:&quot; slide-bottom&quot;,&quot;bg_color&quot;:&quot;hsl(0, 0%, 25%)&quot;,&quot;bg_color_hover&quot;:&quot;hsl(45, 98%, 52%)&quot;}\"><span class=\"text\" style=\"font-size: 16px;\">Dossier famille - CLSH 2026<\/span><span class=\"graphic\"><i style=\"margin: 0; font-size: 20px;\" class=\"x-icon-file-text-o\" data-x-icon-s=\"&#xf15c;\"><\/i><\/span><\/a><\/div><\/div><\/div><\/div><div id=\"x-section-6\" class=\"x-section\" style=\"margin: 0px;padding: 0px; background-color: transparent;\" ><div id=\"\" class=\"x-container\" style=\"margin: 0px auto;padding: 0px;\" ><\/div><\/div><div id=\"x-section-7\" class=\"x-section\" style=\"margin: 0px;padding: 0px; background-color: transparent;\" ><div id=\"\" class=\"x-container\" style=\"margin: 0px auto;padding: 0px;\" ><\/div><\/div><div class=\"x-section e1617-e44 m18x-7 m18x-8 m18x-b m18x-c\"><div class=\"x-container marginless-columns e1617-e45 m18x-w m18x-x\"><\/div><\/div><div class=\"x-section e1617-e46 m18x-7 m18x-8 m18x-a m18x-b\"><div class=\"x-row x-container max width e1617-e47 m18x-g m18x-h m18x-j m18x-m\"><div class=\"x-row-inner\"><div class=\"x-col e1617-e48 m18x-o\"><div class=\"x-text x-text-headline has-graphic e1617-e49 m18x-0 m18x-3 m18x-4 m18x-5\"><div class=\"x-text-content\"><span class=\"x-graphic\" aria-hidden=\"true\"><i class=\"x-icon x-graphic-child x-graphic-icon x-graphic-primary\" aria-hidden=\"true\" data-x-icon-o=\"&#xf736;\"><\/i><\/span><div class=\"x-text-content-text\"><h1 class=\"x-text-content-text-primary\">Accueil du mercredi<\/h1>\n<\/div><\/div><\/div><div id=\"\" class=\"x-text cs-ta-justify\" style=\"\" ><p><span>Les centres de loisirs du mercredi du p\u00f4le Enfance \u2013 Jeunesse du SIVOM de la Communaut\u00e9 du B\u00e9thunois se d\u00e9roulent \u00e0 Allouagne, Fouqui\u00e8res-lez-B\u00e9thune et Verquigneul. Ils sont destin\u00e9s aux enfants \u00e2g\u00e9s de 3 \u00e0 14 ans. <\/span> Les inscriptions peuvent se faire \u00e0 la demi-journ\u00e9e ou \u00e0 la journ\u00e9e compl\u00e8te, avec ou sans repas (sauf Beuvry).<\/p>\n<p>Renseignements au 03 21 61 55 60 ou par mail \u00e0 <a href=\"mailto:service.jeunesse@sivom-bethunois.fr\">service.jeunesse@sivom-bethunois.fr<\/a>. Les inscriptions se font dans votre mairie de r\u00e9sidence une semaine avant l\u2019accueil de votre enfant (avant le mardi soir 17h). Pass\u00e9 ce d\u00e9lai, aucune inscription ne sera accept\u00e9e en mairie, par t\u00e9l\u00e9phone ou au centre de loisirs.<\/p>\n<p>En cas d'annulation d'inscription, les familles doivent contacter la commune 1 semaine avant l'accueil du mercredi (indiqu\u00e9 dans le r\u00e8glement int\u00e9rieur).<\/p>\n<p><strong>Communes concern\u00e9es\u00a0:<\/strong> <span>Allouagne, Beuvry, Drouvin-le-Marais, Fouquereuil, Fouqui\u00e8res-lez-B\u00e9thune, Gosnay, Sailly-Labourse, Labourse, Verquigneul, Hinges, Oblinghem, Lapugnoy et Vendin-lez-B\u00e9thune.<\/span><\/p>\n<\/div><a class=\"x-image e1617-e51 m18x-p\" href=\"https:\/\/www.sivom-bethunois.fr\/wp-content\/uploads\/2026\/04\/PEJ-CLSH-mercredi-avril-juillet-2026.png\" target=\"_blank\" rel=\"noopener noreferrer\"><img decoding=\"async\" src=\"https:\/\/www.sivom-bethunois.fr\/wp-content\/uploads\/2026\/04\/PEJ-CLSH-mercredi-avril-juillet-2026.png\" width=\"827\" height=\"1169\" alt=\"Image\"><\/a><hr class=\"x-line e1617-e52 m18x-r m18x-t m18x-u\"\/><hr class=\"x-line e1617-e53 m18x-r m18x-t m18x-u\"\/><a class=\"x-image e1617-e54 m18x-p\" href=\"https:\/\/www.sivom-bethunois.fr\/wp-content\/uploads\/2026\/04\/Planning-CLSH-mercredi-2026.png\" target=\"_blank\" rel=\"noopener noreferrer\"><img loading=\"lazy\" decoding=\"async\" src=\"https:\/\/www.sivom-bethunois.fr\/wp-content\/uploads\/2026\/04\/Planning-CLSH-mercredi-2026.png\" width=\"1169\" height=\"827\" alt=\"Image\"><\/a><hr class=\"x-line e1617-e55 m18x-r m18x-t m18x-u\"\/><div class=\"x-text x-text-headline has-graphic e1617-e56 m18x-0 m18x-3 m18x-4 m18x-5\"><div class=\"x-text-content\"><span class=\"x-graphic\" aria-hidden=\"true\"><i class=\"x-icon x-graphic-child x-graphic-icon x-graphic-primary\" aria-hidden=\"true\" data-x-icon-s=\"&#xf15c;\"><\/i><\/span><div class=\"x-text-content-text\"><h1 class=\"x-text-content-text-primary\">Dossiers d'inscription - Accueil du mercredi&nbsp;<\/h1>\n<\/div><\/div><\/div><div class=\"x-section e1617-e57 m18x-8 m18x-c m18x-d m18x-e\"><div class=\"x-row x-container max width e1617-e58 m18x-g m18x-i m18x-n\"><div class=\"x-row-inner\"><div class=\"x-col e1617-e59 m18x-o\"><div class=\"x-text x-content e1617-e60 m18x-v\"><strong>Pour t\u00e9l\u00e9charger votre dossier d'inscription, veuillez s\u00e9lectionner votre commune. N'oubliez pas de t\u00e9l\u00e9charger les documents ci-dessous \u00e0 joindre obligatoirement \u00e0 ce dossier.\u00a0<\/strong><\/div><\/div><\/div><\/div><div class=\"x-container max width e1617-e61 m18x-x m18x-y\"><div class=\"x-column x-sm x-1-2 e1617-e62 m18x-z\"><div id=\"\" class=\"x-text\" style=\"\" ><p><i  class=\"x-icon x-icon-external-link\" data-x-icon-s=\"&#xf08e;\" aria-hidden=\"true\"><\/i> ALLOUAGNE (My Perischool)<\/p>\n<p><i  class=\"x-icon x-icon-external-link\" data-x-icon-s=\"&#xf08e;\" aria-hidden=\"true\"><\/i> <a href=\"https:\/\/www.sivom-bethunois.fr\/wp-content\/uploads\/2026\/04\/PEJ-Fiche-dinscription-CLSH-Mercredi-avr-juil-2026-BEUVRY.pdf\" target=\"_blank\" rel=\"noopener\">BEUVRY<\/a><\/p>\n<p><i  class=\"x-icon x-icon-external-link\" data-x-icon-s=\"&#xf08e;\" aria-hidden=\"true\"><\/i> <a href=\"https:\/\/www.sivom-bethunois.fr\/wp-content\/uploads\/2026\/04\/PEJ-Fiche-dinscription-CLSH-Mercredi-avr-juil-2026-DROUVIN-LE-MARAIS.pdf\" target=\"_blank\" rel=\"noopener\">DROUVIN-LE-MARAIS<\/a><\/p>\n<p><i  class=\"x-icon x-icon-external-link\" data-x-icon-s=\"&#xf08e;\" aria-hidden=\"true\"><\/i> <a href=\"https:\/\/www.sivom-bethunois.fr\/wp-content\/uploads\/2026\/04\/PEJ-Fiche-dinscription-CLSH-Mercredi-avr-juil-2026-ESSARS.pdf\" target=\"_blank\" rel=\"noopener\">ESSARS<\/a><\/p>\n<p><i  class=\"x-icon x-icon-external-link\" data-x-icon-s=\"&#xf08e;\" aria-hidden=\"true\"><\/i> FOUQUEREUIL (My Perischool)<\/p>\n<p><i  class=\"x-icon x-icon-external-link\" data-x-icon-s=\"&#xf08e;\" aria-hidden=\"true\"><\/i> <a href=\"https:\/\/www.sivom-bethunois.fr\/wp-content\/uploads\/2026\/04\/PEJ-Fiche-dinscription-CLSH-Mercredi-avr-juil-2026-FOUQUIERES-LES-BETHUNE.pdf\" target=\"_blank\" rel=\"noopener\">FOUQUIERES-LEZ-BETHUNE<\/a><\/p>\n<p><i  class=\"x-icon x-icon-external-link\" data-x-icon-s=\"&#xf08e;\" aria-hidden=\"true\"><\/i> <a href=\"https:\/\/www.sivom-bethunois.fr\/wp-content\/uploads\/2026\/04\/PEJ-Fiche-dinscription-CLSH-Mercredi-avr-juil-2026-GOSNAY.pdf\" target=\"_blank\" rel=\"noopener\">GOSNAY<\/a><\/p>\n<\/div><\/div><div class=\"x-column x-sm x-1-2 e1617-e64 m18x-z\"><div id=\"\" class=\"x-text\" style=\"\" ><p><i  class=\"x-icon x-icon-external-link\" data-x-icon-s=\"&#xf08e;\" aria-hidden=\"true\"><\/i> SAILLY-LABOURSE (My Perischool)<\/p>\n<p><i  class=\"x-icon x-icon-external-link\" data-x-icon-s=\"&#xf08e;\" aria-hidden=\"true\"><\/i> <a href=\"https:\/\/www.sivom-bethunois.fr\/wp-content\/uploads\/2026\/04\/PEJ-Fiche-dinscription-CLSH-Mercredi-avr-juil-2026-LABOURSE.pdf\" target=\"_blank\" rel=\"noopener\">LABOURSE<\/a><\/p>\n<p><i  class=\"x-icon x-icon-external-link\" data-x-icon-s=\"&#xf08e;\" aria-hidden=\"true\"><\/i> VERQUIGNEUL (My Perischool)<\/p>\n<p><i  class=\"x-icon x-icon-external-link\" data-x-icon-s=\"&#xf08e;\" aria-hidden=\"true\"><\/i> HINGES (My Perischool)<\/p>\n<p><i  class=\"x-icon x-icon-external-link\" data-x-icon-s=\"&#xf08e;\" aria-hidden=\"true\"><\/i> <a href=\"https:\/\/www.sivom-bethunois.fr\/wp-content\/uploads\/2026\/04\/PEJ-Fiche-dinscription-CLSH-Mercredi-avr-juil-2026-OBLINGHEM.pdf\" target=\"_blank\" rel=\"noopener\">OBLINGHEM<\/a><\/p>\n<p><i  class=\"x-icon x-icon-external-link\" data-x-icon-s=\"&#xf08e;\" aria-hidden=\"true\"><\/i> LAPUGNOY (My Perischool)<\/p>\n<p><i  class=\"x-icon x-icon-external-link\" data-x-icon-s=\"&#xf08e;\" aria-hidden=\"true\"><\/i> <a href=\"https:\/\/www.sivom-bethunois.fr\/wp-content\/uploads\/2026\/04\/PEJ-Fiche-dinscription-CLSH-Mercredi-avr-juil-2026-VENDIN-LEZ-BETHUNE.pdf\" target=\"_blank\" rel=\"noopener\">VENDIN-LEZ-BETHUNE<\/a><\/p>\n<\/div><\/div><\/div><\/div><div class=\"x-text x-text-headline has-graphic e1617-e66 m18x-0 m18x-3 m18x-4 m18x-5\"><div class=\"x-text-content\"><span class=\"x-graphic\" aria-hidden=\"true\"><i class=\"x-icon x-graphic-child x-graphic-icon x-graphic-primary\" aria-hidden=\"true\" data-x-icon-s=\"&#xf15c;\"><\/i><\/span><div class=\"x-text-content-text\"><h1 class=\"x-text-content-text-primary\">Documents \u00e0 joindre au dossier d'inscription - Accueil du mercredi<\/h1>\n<\/div><\/div><\/div><div class=\"x-section e1617-e67 m18x-8 m18x-c m18x-e m18x-f\"><div class=\"x-container max width e1617-e68 m18x-x m18x-y\"><div class=\"x-column x-sm x-1-2 e1617-e69 m18x-z\"><a  class=\"x-creative-cta slide-bottom\" href=\"https:\/\/www.sivom-bethunois.fr\/wp-content\/uploads\/2025\/02\/PEJ-Reglement-interieur-des-accueils-collectifs-des-mineurs-01.2025.pdf\" style=\"padding: 10px 10px 10px 10px; color: #ffffff; background-color: hsl(0, 0%, 25%);\" data-x-element=\"creative_cta\" data-x-params=\"{&quot;animation&quot;:&quot; slide-bottom&quot;,&quot;bg_color&quot;:&quot;hsl(0, 0%, 25%)&quot;,&quot;bg_color_hover&quot;:&quot;hsl(45, 98%, 52%)&quot;}\"><span class=\"text\" style=\"font-size: 16px;\">R\u00e8glement int\u00e9rieur des CLSH <\/span><span class=\"graphic\"><i style=\"margin: 0; font-size: 20px;\" class=\"x-icon-file-text-o\" data-x-icon-s=\"&#xf15c;\"><\/i><\/span><\/a><hr class=\"x-line e1617-e71 m18x-r m18x-t m18x-u\"\/><\/div><div class=\"x-column x-sm x-1-2 e1617-e72 m18x-z\"><a  class=\"x-creative-cta slide-bottom\" href=\"https:\/\/www.sivom-bethunois.fr\/wp-content\/uploads\/2025\/08\/PEJ-Dossier-famille-2025-2026.pdf\" style=\"padding: 10px 10px 10px 10px; color: #ffffff; background-color: hsl(0, 0%, 25%);\" data-x-element=\"creative_cta\" data-x-params=\"{&quot;animation&quot;:&quot; slide-bottom&quot;,&quot;bg_color&quot;:&quot;hsl(0, 0%, 25%)&quot;,&quot;bg_color_hover&quot;:&quot;hsl(45, 98%, 52%)&quot;}\"><span class=\"text\" style=\"font-size: 16px;\">Dossier famille<\/span><span class=\"graphic\"><i style=\"margin: 0; font-size: 20px;\" class=\"x-icon-file-text-o\" data-x-icon-s=\"&#xf15c;\"><\/i><\/span><\/a><hr class=\"x-line e1617-e74 m18x-r m18x-t m18x-u\"\/><\/div><\/div><\/div><\/div><\/div><\/div><\/div><\/div>\n","protected":false},"excerpt":{"rendered":"<p>Les centres de loisirs sans h\u00e9bergement (C.L.S.H ) Les centres de loisirs Le SIVOM de la Communaut\u00e9 du B\u00e9thunois organise des centres de loisirs sans h\u00e9bergement durant les vacances scolaires pour les communes d&rsquo;Allouagne, Beuvry, Drouvin-le-Marais, Ecquedecques, Essars, Festubert, Fouquereuil, Fouqui\u00e8res-lez-B\u00e9thune, Gosnay, Hinges, Labourse, Lapugnoy, Lozinghem, Oblinghem, Sailly-Labourse, Servins, Vendin-lez-B\u00e9thune et Verquigneul. Le mercredi, les enfants sont accueillis sur les &#8230; <a href=\"https:\/\/www.sivom-bethunois.fr\/index.php\/jeunesse\/clsh\/\" class=\"more-link\">Read More<\/a><\/p>\n","protected":false},"author":35,"featured_media":0,"parent":1011,"menu_order":0,"comment_status":"closed","ping_status":"closed","template":"","meta":{"_monsterinsights_skip_tracking":false,"_monsterinsights_sitenote_active":false,"_monsterinsights_sitenote_note":"","_monsterinsights_sitenote_category":0,"footnotes":""},"class_list":["post-1617","page","type-page","status-publish","hentry","no-post-thumbnail"],"yoast_head":"<!-- This site is optimized with the Yoast SEO plugin v27.5 - https:\/\/yoast.com\/product\/yoast-seo-wordpress\/ -->\n<title>Les centres de loisirs encadr\u00e9s du SIVOM du B\u00e9thunois<\/title>\n<meta name=\"description\" content=\"Les animateurs du SIVOM du B\u00e9thunois accueillent les enfants en centre de loisirs pour leur offrir des vacances inoubliables.\" \/>\n<meta name=\"robots\" content=\"index, follow, max-snippet:-1, max-image-preview:large, max-video-preview:-1\" \/>\n<link rel=\"canonical\" href=\"https:\/\/www.sivom-bethunois.fr\/index.php\/jeunesse\/clsh\/\" \/>\n<meta property=\"og:locale\" content=\"fr_FR\" \/>\n<meta property=\"og:type\" content=\"article\" \/>\n<meta property=\"og:title\" content=\"Les centres de loisirs encadr\u00e9s du SIVOM du B\u00e9thunois\" \/>\n<meta property=\"og:description\" content=\"Les animateurs du SIVOM du B\u00e9thunois accueillent les enfants en centre de loisirs pour leur offrir des vacances inoubliables.\" \/>\n<meta property=\"og:url\" content=\"https:\/\/www.sivom-bethunois.fr\/index.php\/jeunesse\/clsh\/\" \/>\n<meta property=\"og:site_name\" content=\"SIVOM de la Communaut\u00e9 du B\u00e9thunois\" \/>\n<meta property=\"article:publisher\" content=\"https:\/\/www.facebook.com\/sivom.bethunois\" \/>\n<meta property=\"article:modified_time\" content=\"2026-04-15T13:31:31+00:00\" \/>\n<meta name=\"twitter:card\" content=\"summary_large_image\" \/>\n<meta name=\"twitter:label1\" content=\"Dur\u00e9e de lecture estim\u00e9e\" \/>\n\t<meta name=\"twitter:data1\" content=\"9 minutes\" \/>\n<script type=\"application\/ld+json\" class=\"yoast-schema-graph\">{\"@context\":\"https:\\\/\\\/schema.org\",\"@graph\":[{\"@type\":\"WebPage\",\"@id\":\"https:\\\/\\\/www.sivom-bethunois.fr\\\/index.php\\\/jeunesse\\\/clsh\\\/\",\"url\":\"https:\\\/\\\/www.sivom-bethunois.fr\\\/index.php\\\/jeunesse\\\/clsh\\\/\",\"name\":\"Les centres de loisirs encadr\u00e9s du SIVOM du B\u00e9thunois\",\"isPartOf\":{\"@id\":\"https:\\\/\\\/www.sivom-bethunois.fr\\\/#website\"},\"datePublished\":\"2016-11-09T00:05:35+00:00\",\"dateModified\":\"2026-04-15T13:31:31+00:00\",\"description\":\"Les animateurs du SIVOM du B\u00e9thunois accueillent les enfants en centre de loisirs pour leur offrir des vacances inoubliables.\",\"breadcrumb\":{\"@id\":\"https:\\\/\\\/www.sivom-bethunois.fr\\\/index.php\\\/jeunesse\\\/clsh\\\/#breadcrumb\"},\"inLanguage\":\"fr-FR\",\"potentialAction\":[{\"@type\":\"ReadAction\",\"target\":[\"https:\\\/\\\/www.sivom-bethunois.fr\\\/index.php\\\/jeunesse\\\/clsh\\\/\"]}]},{\"@type\":\"BreadcrumbList\",\"@id\":\"https:\\\/\\\/www.sivom-bethunois.fr\\\/index.php\\\/jeunesse\\\/clsh\\\/#breadcrumb\",\"itemListElement\":[{\"@type\":\"ListItem\",\"position\":1,\"name\":\"Accueil\",\"item\":\"https:\\\/\\\/www.sivom-bethunois.fr\\\/\"},{\"@type\":\"ListItem\",\"position\":2,\"name\":\"Jeunesse\",\"item\":\"https:\\\/\\\/www.sivom-bethunois.fr\\\/index.php\\\/jeunesse\\\/\"},{\"@type\":\"ListItem\",\"position\":3,\"name\":\"CLSH\"}]},{\"@type\":\"WebSite\",\"@id\":\"https:\\\/\\\/www.sivom-bethunois.fr\\\/#website\",\"url\":\"https:\\\/\\\/www.sivom-bethunois.fr\\\/\",\"name\":\"SIVOM de la Communaut\u00e9 du B\u00e9thunois\",\"description\":\"Acteur de votre quotidien\",\"publisher\":{\"@id\":\"https:\\\/\\\/www.sivom-bethunois.fr\\\/#organization\"},\"potentialAction\":[{\"@type\":\"SearchAction\",\"target\":{\"@type\":\"EntryPoint\",\"urlTemplate\":\"https:\\\/\\\/www.sivom-bethunois.fr\\\/?s={search_term_string}\"},\"query-input\":{\"@type\":\"PropertyValueSpecification\",\"valueRequired\":true,\"valueName\":\"search_term_string\"}}],\"inLanguage\":\"fr-FR\"},{\"@type\":\"Organization\",\"@id\":\"https:\\\/\\\/www.sivom-bethunois.fr\\\/#organization\",\"name\":\"SIVOM de la Communaut\u00e9 du B\u00e9thunois\",\"url\":\"https:\\\/\\\/www.sivom-bethunois.fr\\\/\",\"logo\":{\"@type\":\"ImageObject\",\"inLanguage\":\"fr-FR\",\"@id\":\"https:\\\/\\\/www.sivom-bethunois.fr\\\/#\\\/schema\\\/logo\\\/image\\\/\",\"url\":\"https:\\\/\\\/www.sivom-bethunois.fr\\\/wp-content\\\/uploads\\\/2024\\\/07\\\/cropped-Logo-DG-site.png\",\"contentUrl\":\"https:\\\/\\\/www.sivom-bethunois.fr\\\/wp-content\\\/uploads\\\/2024\\\/07\\\/cropped-Logo-DG-site.png\",\"width\":512,\"height\":512,\"caption\":\"SIVOM de la Communaut\u00e9 du B\u00e9thunois\"},\"image\":{\"@id\":\"https:\\\/\\\/www.sivom-bethunois.fr\\\/#\\\/schema\\\/logo\\\/image\\\/\"},\"sameAs\":[\"https:\\\/\\\/www.facebook.com\\\/sivom.bethunois\"]}]}<\/script>\n<!-- \/ Yoast SEO plugin. -->","yoast_head_json":{"title":"Les centres de loisirs encadr\u00e9s du SIVOM du B\u00e9thunois","description":"Les animateurs du SIVOM du B\u00e9thunois accueillent les enfants en centre de loisirs pour leur offrir des vacances inoubliables.","robots":{"index":"index","follow":"follow","max-snippet":"max-snippet:-1","max-image-preview":"max-image-preview:large","max-video-preview":"max-video-preview:-1"},"canonical":"https:\/\/www.sivom-bethunois.fr\/index.php\/jeunesse\/clsh\/","og_locale":"fr_FR","og_type":"article","og_title":"Les centres de loisirs encadr\u00e9s du SIVOM du B\u00e9thunois","og_description":"Les animateurs du SIVOM du B\u00e9thunois accueillent les enfants en centre de loisirs pour leur offrir des vacances inoubliables.","og_url":"https:\/\/www.sivom-bethunois.fr\/index.php\/jeunesse\/clsh\/","og_site_name":"SIVOM de la Communaut\u00e9 du B\u00e9thunois","article_publisher":"https:\/\/www.facebook.com\/sivom.bethunois","article_modified_time":"2026-04-15T13:31:31+00:00","twitter_card":"summary_large_image","twitter_misc":{"Dur\u00e9e de lecture estim\u00e9e":"9 minutes"},"schema":{"@context":"https:\/\/schema.org","@graph":[{"@type":"WebPage","@id":"https:\/\/www.sivom-bethunois.fr\/index.php\/jeunesse\/clsh\/","url":"https:\/\/www.sivom-bethunois.fr\/index.php\/jeunesse\/clsh\/","name":"Les centres de loisirs encadr\u00e9s du SIVOM du B\u00e9thunois","isPartOf":{"@id":"https:\/\/www.sivom-bethunois.fr\/#website"},"datePublished":"2016-11-09T00:05:35+00:00","dateModified":"2026-04-15T13:31:31+00:00","description":"Les animateurs du SIVOM du B\u00e9thunois accueillent les enfants en centre de loisirs pour leur offrir des vacances inoubliables.","breadcrumb":{"@id":"https:\/\/www.sivom-bethunois.fr\/index.php\/jeunesse\/clsh\/#breadcrumb"},"inLanguage":"fr-FR","potentialAction":[{"@type":"ReadAction","target":["https:\/\/www.sivom-bethunois.fr\/index.php\/jeunesse\/clsh\/"]}]},{"@type":"BreadcrumbList","@id":"https:\/\/www.sivom-bethunois.fr\/index.php\/jeunesse\/clsh\/#breadcrumb","itemListElement":[{"@type":"ListItem","position":1,"name":"Accueil","item":"https:\/\/www.sivom-bethunois.fr\/"},{"@type":"ListItem","position":2,"name":"Jeunesse","item":"https:\/\/www.sivom-bethunois.fr\/index.php\/jeunesse\/"},{"@type":"ListItem","position":3,"name":"CLSH"}]},{"@type":"WebSite","@id":"https:\/\/www.sivom-bethunois.fr\/#website","url":"https:\/\/www.sivom-bethunois.fr\/","name":"SIVOM de la Communaut\u00e9 du B\u00e9thunois","description":"Acteur de votre quotidien","publisher":{"@id":"https:\/\/www.sivom-bethunois.fr\/#organization"},"potentialAction":[{"@type":"SearchAction","target":{"@type":"EntryPoint","urlTemplate":"https:\/\/www.sivom-bethunois.fr\/?s={search_term_string}"},"query-input":{"@type":"PropertyValueSpecification","valueRequired":true,"valueName":"search_term_string"}}],"inLanguage":"fr-FR"},{"@type":"Organization","@id":"https:\/\/www.sivom-bethunois.fr\/#organization","name":"SIVOM de la Communaut\u00e9 du B\u00e9thunois","url":"https:\/\/www.sivom-bethunois.fr\/","logo":{"@type":"ImageObject","inLanguage":"fr-FR","@id":"https:\/\/www.sivom-bethunois.fr\/#\/schema\/logo\/image\/","url":"https:\/\/www.sivom-bethunois.fr\/wp-content\/uploads\/2024\/07\/cropped-Logo-DG-site.png","contentUrl":"https:\/\/www.sivom-bethunois.fr\/wp-content\/uploads\/2024\/07\/cropped-Logo-DG-site.png","width":512,"height":512,"caption":"SIVOM de la Communaut\u00e9 du B\u00e9thunois"},"image":{"@id":"https:\/\/www.sivom-bethunois.fr\/#\/schema\/logo\/image\/"},"sameAs":["https:\/\/www.facebook.com\/sivom.bethunois"]}]}},"_links":{"self":[{"href":"https:\/\/www.sivom-bethunois.fr\/index.php\/wp-json\/wp\/v2\/pages\/1617","targetHints":{"allow":["GET"]}}],"collection":[{"href":"https:\/\/www.sivom-bethunois.fr\/index.php\/wp-json\/wp\/v2\/pages"}],"about":[{"href":"https:\/\/www.sivom-bethunois.fr\/index.php\/wp-json\/wp\/v2\/types\/page"}],"author":[{"embeddable":true,"href":"https:\/\/www.sivom-bethunois.fr\/index.php\/wp-json\/wp\/v2\/users\/35"}],"replies":[{"embeddable":true,"href":"https:\/\/www.sivom-bethunois.fr\/index.php\/wp-json\/wp\/v2\/comments?post=1617"}],"version-history":[{"count":266,"href":"https:\/\/www.sivom-bethunois.fr\/index.php\/wp-json\/wp\/v2\/pages\/1617\/revisions"}],"predecessor-version":[{"id":16017,"href":"https:\/\/www.sivom-bethunois.fr\/index.php\/wp-json\/wp\/v2\/pages\/1617\/revisions\/16017"}],"up":[{"embeddable":true,"href":"https:\/\/www.sivom-bethunois.fr\/index.php\/wp-json\/wp\/v2\/pages\/1011"}],"wp:attachment":[{"href":"https:\/\/www.sivom-bethunois.fr\/index.php\/wp-json\/wp\/v2\/media?parent=1617"}],"curies":[{"name":"wp","href":"https:\/\/api.w.org\/{rel}","templated":true}]}}