{"id":1474,"date":"2016-11-06T13:39:41","date_gmt":"2016-11-06T12:39:41","guid":{"rendered":"http:\/\/www.sivom-bethunois.xyz\/?page_id=1474"},"modified":"2025-12-08T09:51:00","modified_gmt":"2025-12-08T08:51:00","slug":"verts","status":"publish","type":"page","link":"https:\/\/www.sivom-bethunois.fr\/index.php\/atelier\/verts\/","title":{"rendered":"Nature"},"content":{"rendered":"<div id=\"cs-content\" class=\"cs-content\"><div id=\"x-section-1\" class=\"x-section\" style=\"margin: 0px;padding: 0px; background-color: transparent;\" ><div id=\"\" class=\"x-container\" style=\"margin: 0px auto;padding: 0px;\" ><div  class=\"x-column x-sm x-1-1\" style=\"padding: 0px;\" ><div  class=\"x-feature-box left-text middle-text cf\" style=\" max-width: none;\" data-x-element=\"feature_box\" data-x-params=\"{&quot;child&quot;:false,&quot;graphicAnimation&quot;:&quot;flip&quot;,&quot;graphicAnimationOffset&quot;:&quot;50&quot;,&quot;graphicAnimationDelay&quot;:&quot;0&quot;}\"><div class=\"x-feature-box-graphic square x-feature-box-align-v-middle\"><div class=\"x-feature-box-graphic-outer square\" style=\" margin-right: 20px;\"><div class=\"x-feature-box-graphic-inner square\" style=\"font-size: 60px;\"><i class=\"x-icon-leaf square\" data-x-icon-s=\"&#xf06c;\"  style=\"margin: 0 auto; color: #ffffff; background-color: hsl(78, 61%, 40%);\"><\/i><\/div><\/div><\/div><div class=\"x-feature-box-content x-feature-box-align-v-middle\"><h4 class=\"x-feature-box-title\" style=\"color: hsl(78, 61%, 40%);\">NATURE & ESPACES VERTS<\/h4><p class=\"x-feature-box-text\"><\/p><\/div><\/div><\/div><\/div><\/div><div id=\"x-section-2\" class=\"x-section\" style=\"margin: 0px;padding: 0px; background-color: transparent;\" ><div id=\"\" class=\"x-container\" style=\"margin: 0px auto;padding: 0px;\" ><div  class=\"x-column x-sm x-1-1\" style=\"padding: 0px;\" ><img decoding=\"async\"  class=\"x-img x-img-none\"  src=\"https:\/\/www.sivom-bethunois.fr\/wp-content\/uploads\/2021\/06\/Competences-techniques-Nature-titre.png\" alt=\"La valorisation des espaces verts par le SIVOM du B\u00e9thunois\"><hr  class=\"x-hr\" style=\"border-top-width: 1px;width: 100%;\"><\/div><\/div><\/div><div id=\"x-section-3\" class=\"x-section\" style=\"margin: 0px;padding: 0px; background-color: transparent;\" ><div id=\"\" class=\"x-container\" style=\"margin: 0px auto;padding: 0px;\" ><div  class=\"x-column x-sm cs-ta-center x-1-5\" style=\"padding: 0px;\" ><a  class=\"x-creative-cta slide-bottom\" href=\"#espaces\" style=\"padding: 10px 10px 10px 10px; color: #ffffff; background-color: hsl(73, 64%, 47%);\" data-x-element=\"creative_cta\" data-x-params=\"{&quot;animation&quot;:&quot; slide-bottom&quot;,&quot;bg_color&quot;:&quot;hsl(73, 64%, 47%)&quot;,&quot;bg_color_hover&quot;:&quot;hsl(78, 61%, 40%)&quot;}\"><span class=\"text\" style=\"font-size: 16px;\">Espaces verts<\/span><span class=\"graphic\"><i style=\"margin: 0; font-size: 20px;\" class=\"x-icon-fast-forward\" data-x-icon-s=\"&#xf050;\"><\/i><\/span><\/a><\/div><div  class=\"x-column x-sm x-1-5\" style=\"padding: 0px;\" ><a  class=\"x-creative-cta slide-bottom\" href=\"#serres\" style=\"padding: 10px 10px 10px 10px; color: #ffffff; background-color: hsl(73, 64%, 47%);\" data-x-element=\"creative_cta\" data-x-params=\"{&quot;animation&quot;:&quot; slide-bottom&quot;,&quot;bg_color&quot;:&quot;hsl(73, 64%, 47%)&quot;,&quot;bg_color_hover&quot;:&quot;hsl(78, 61%, 40%)&quot;}\"><span class=\"text\" style=\"font-size: 16px;\">Serres<\/span><span class=\"graphic\"><i style=\"margin: 0; font-size: 20px;\" class=\"x-icon-fast-forward\" data-x-icon-s=\"&#xf050;\"><\/i><\/span><\/a><\/div><div  class=\"x-column x-sm x-1-5\" style=\"padding: 0px;\" ><a  class=\"x-creative-cta slide-bottom\" href=\"#terrains\" style=\"padding: 10px 10px 10px 10px; color: #ffffff; background-color: hsl(73, 64%, 47%);\" data-x-element=\"creative_cta\" data-x-params=\"{&quot;animation&quot;:&quot; slide-bottom&quot;,&quot;bg_color&quot;:&quot;hsl(73, 64%, 47%)&quot;,&quot;bg_color_hover&quot;:&quot;hsl(78, 61%, 40%)&quot;}\"><span class=\"text\" style=\"font-size: 16px;\">Sites sportifs<\/span><span class=\"graphic\"><i style=\"margin: 0; font-size: 20px;\" class=\"x-icon-fast-forward\" data-x-icon-s=\"&#xf050;\"><\/i><\/span><\/a><\/div><div  class=\"x-column x-sm x-1-5\" style=\"padding: 0px;\" ><a  class=\"x-creative-cta slide-bottom\" href=\"#chemins\" style=\"padding: 10px 10px 10px 10px; color: #ffffff; background-color: hsl(73, 64%, 47%);\" data-x-element=\"creative_cta\" data-x-params=\"{&quot;animation&quot;:&quot; slide-bottom&quot;,&quot;bg_color&quot;:&quot;hsl(73, 64%, 47%)&quot;,&quot;bg_color_hover&quot;:&quot;hsl(78, 61%, 40%)&quot;}\"><span class=\"text\" style=\"font-size: 16px;\">Chemins<\/span><span class=\"graphic\"><i style=\"margin: 0; font-size: 20px;\" class=\"x-icon-fast-forward\" data-x-icon-s=\"&#xf050;\"><\/i><\/span><\/a><\/div><div  class=\"x-column x-sm x-1-5\" style=\"padding: 0px;\" ><a  class=\"x-creative-cta slide-bottom\" href=\"#friches\" style=\"padding: 10px 10px 10px 10px; color: #ffffff; background-color: hsl(73, 64%, 47%);\" data-x-element=\"creative_cta\" data-x-params=\"{&quot;animation&quot;:&quot; slide-bottom&quot;,&quot;bg_color&quot;:&quot;hsl(73, 64%, 47%)&quot;,&quot;bg_color_hover&quot;:&quot;hsl(78, 61%, 40%)&quot;}\"><span class=\"text\" style=\"font-size: 16px;\">Friches<\/span><span class=\"graphic\"><i style=\"margin: 0; font-size: 20px;\" class=\"x-icon-fast-forward\" data-x-icon-s=\"&#xf050;\"><\/i><\/span><\/a><\/div><\/div><\/div><div id=\"x-section-4\" class=\"x-section\" style=\"margin: 0px;padding: 0px; background-color: transparent;\" ><div id=\"\" class=\"x-container\" style=\"margin: 0px auto;padding: 0px;\" ><div  class=\"x-column x-sm x-1-1\" style=\"padding: 0px;\" ><div  class=\"x-raw-content\" ><a name=\"espaces\"><\/a><\/div><hr  class=\"x-hr\" style=\"border-top-width: 1px;width: 100%;\"><div  class=\"x-feature-box left-text middle-text cf\" style=\" max-width: none;\" data-x-element=\"feature_box\" data-x-params=\"{&quot;child&quot;:false,&quot;graphicAnimation&quot;:&quot;rubberBand&quot;,&quot;graphicAnimationOffset&quot;:&quot;50&quot;,&quot;graphicAnimationDelay&quot;:&quot;0&quot;}\"><div class=\"x-feature-box-graphic square x-feature-box-align-v-middle\"><div class=\"x-feature-box-graphic-outer square\" style=\" margin-right: 20px;\"><div class=\"x-feature-box-graphic-inner square\" style=\"font-size: 60px;\"><i class=\"x-icon-arrow-right square\" data-x-icon-s=\"&#xf061;\"  style=\"margin: 0 auto; color: #ffffff; background-color: hsl(73, 64%, 47%);\"><\/i><\/div><\/div><\/div><div class=\"x-feature-box-content x-feature-box-align-v-middle\"><h4 class=\"x-feature-box-title\" style=\"color: hsl(73, 64%, 47%);\">Espaces verts<\/h4><p class=\"x-feature-box-text\"><\/p><\/div><\/div><\/div><\/div><\/div><div id=\"x-section-5\" class=\"x-section\" style=\"margin: 0px;padding: 0px; background-color: transparent;\" ><div id=\"\" class=\"x-container\" style=\"margin: 0px auto;padding: 0px;\" ><div  class=\"x-column x-sm x-1-1\" style=\"padding: 0px;\" ><div id=\"\" class=\"x-text cs-ta-justify\" style=\"\" ><p>Le service intervient pour :<br \/>\n<span style=\"color: #7ea517;\"><i  class=\"x-icon x-icon-toggle-right\" data-x-icon-s=\"&#xf152;\" aria-hidden=\"true\"><\/i><\/span> Les communes adh\u00e9rentes \u00e0 la comp\u00e9tence<br \/>\n<span style=\"color: #7ea517;\"><i  class=\"x-icon x-icon-toggle-right\" data-x-icon-s=\"&#xf152;\" aria-hidden=\"true\"><\/i><\/span> Les services du SIVOM de la Communaut\u00e9 du B\u00e9thunois (EHPAD, b\u00e2timents communautaires, cr\u00e9matorium)<\/p>\n<p>Dans le cadre de ses activit\u00e9s, le service assure les prestations d\u2019entretien suivantes :<br \/>\n<span style=\"color: #7ea517;\"><i  class=\"x-icon x-icon-toggle-right\" data-x-icon-s=\"&#xf152;\" aria-hidden=\"true\"><\/i><\/span> Tonte,<br \/>\n<span style=\"color: #7ea517;\"><i  class=\"x-icon x-icon-toggle-right\" data-x-icon-s=\"&#xf152;\" aria-hidden=\"true\"><\/i><\/span> D\u00e9broussaillage,<br \/>\n<span style=\"color: #7ea517;\"><i  class=\"x-icon x-icon-toggle-right\" data-x-icon-s=\"&#xf152;\" aria-hidden=\"true\"><\/i><\/span> Entretien des massifs,<br \/>\n<span style=\"color: #7ea517;\"><i  class=\"x-icon x-icon-toggle-right\" data-x-icon-s=\"&#xf152;\" aria-hidden=\"true\"><\/i><\/span> Taille des haies,<br \/>\n<span style=\"color: #7ea517;\"><i  class=\"x-icon x-icon-toggle-right\" data-x-icon-s=\"&#xf152;\" aria-hidden=\"true\"><\/i><\/span> \u00c9lagage,<br \/>\n<span style=\"color: #7ea517;\"><i  class=\"x-icon x-icon-toggle-right\" data-x-icon-s=\"&#xf152;\" aria-hidden=\"true\"><\/i><\/span> Fauchage des accotements,<br \/>\n<span style=\"color: #7ea517;\"><i  class=\"x-icon x-icon-toggle-right\" data-x-icon-s=\"&#xf152;\" aria-hidden=\"true\"><\/i><\/span> Travaux de cr\u00e9ation (engazonnements, plantations).<\/p>\n<\/div><\/div><\/div><\/div><div id=\"x-section-6\" class=\"x-section\" style=\"margin: 0px;padding: 0px; background-color: transparent;\" ><div id=\"\" class=\"x-container\" style=\"margin: 0px auto;padding: 0px;\" ><div  class=\"x-column x-sm x-1-2\" style=\"padding: 0px;\" >&nbsp;<\/div><div  class=\"x-column x-sm x-1-2\" style=\"padding: 0px;\" >&nbsp;<\/div><\/div><\/div><div id=\"x-section-7\" class=\"x-section\" style=\"margin: 0px;padding: 0px; background-color: transparent;\" ><div id=\"\" class=\"x-container\" style=\"margin: 0px auto;padding: 0px;\" ><div  class=\"x-column x-sm x-1-1\" style=\"padding: 0px;\" ><div  class=\"x-raw-content\" ><a name=\"serres\"><\/a><\/div><hr  class=\"x-hr\" style=\"border-top-width: 1px;width: 100%;\"><div  class=\"x-feature-box left-text middle-text cf\" style=\" max-width: none;\" data-x-element=\"feature_box\" data-x-params=\"{&quot;child&quot;:false,&quot;graphicAnimation&quot;:&quot;rubberBand&quot;,&quot;graphicAnimationOffset&quot;:&quot;50&quot;,&quot;graphicAnimationDelay&quot;:&quot;0&quot;}\"><div class=\"x-feature-box-graphic square x-feature-box-align-v-middle\"><div class=\"x-feature-box-graphic-outer square\" style=\" margin-right: 20px;\"><div class=\"x-feature-box-graphic-inner square\" style=\"font-size: 60px;\"><i class=\"x-icon-arrow-right square\" data-x-icon-s=\"&#xf061;\"  style=\"margin: 0 auto; color: #ffffff; background-color: hsl(73, 64%, 47%);\"><\/i><\/div><\/div><\/div><div class=\"x-feature-box-content x-feature-box-align-v-middle\"><h4 class=\"x-feature-box-title\" style=\"color: hsl(73, 64%, 47%);\">Serres<\/h4><p class=\"x-feature-box-text\"><\/p><\/div><\/div><\/div><\/div><\/div><div id=\"x-section-8\" class=\"x-section\" style=\"margin: 0px;padding: 0px; background-color: transparent;\" ><div id=\"\" class=\"x-container\" style=\"margin: 0px auto;padding: 0px;\" ><div  class=\"x-column x-sm x-1-1\" style=\"padding: 0px;\" ><div id=\"\" class=\"x-text cs-ta-justify\" style=\"\" ><p>La comp\u00e9tence \u00ab\u00a0Serres\u00a0\u00bb assure la production de plantes annuelles \u00e0 massifs, bisannuelles et chrysanth\u00e8mes pour r\u00e9pondre aux commandes des communes adh\u00e9rentes et des services du SIVOM du B\u00e9thunois.<\/p>\n<p>Le service peut \u00e9galement exercer aupr\u00e8s des communes qui le souhaitent une mission de conseil et le cas \u00e9ch\u00e9ant participer \u00e0 la cr\u00e9ation ou \u00e0 l\u2019entretien de massifs, ainsi qu&rsquo;\u00e0 la conception de jardini\u00e8res.<\/p>\n<p>Le service r\u00e9alise des h\u00f4tels \u00e0 insectes et dispense occasionnellement des ateliers p\u00e9dagogiques.<\/p>\n<p>Chaque ann\u00e9e, 70 000 plantes sont produites par le service.<\/p>\n<\/div><\/div><\/div><\/div><div id=\"x-section-9\" class=\"x-section\" style=\"margin: 0px;padding: 0px; background-color: transparent;\" ><div id=\"\" class=\"x-container\" style=\"margin: 0px auto;padding: 0px;\" ><div  class=\"x-column x-sm x-1-2\" style=\"padding: 0px;\" >&nbsp;<\/div><div  class=\"x-column x-sm x-1-2\" style=\"padding: 0px;\" >&nbsp;<\/div><\/div><\/div><div id=\"x-section-10\" class=\"x-section\" style=\"margin: 0px;padding: 0px; background-color: transparent;\" ><div id=\"\" class=\"x-container\" style=\"margin: 0px auto;padding: 0px;\" ><div  class=\"x-column x-sm x-1-1\" style=\"padding: 0px;\" ><div  class=\"x-raw-content\" ><a name=\"terrains\"><\/a><\/div><hr  class=\"x-hr\" style=\"border-top-width: 1px;width: 100%;\"><div  class=\"x-feature-box left-text middle-text cf\" style=\" max-width: none;\" data-x-element=\"feature_box\" data-x-params=\"{&quot;child&quot;:false,&quot;graphicAnimation&quot;:&quot;rubberBand&quot;,&quot;graphicAnimationOffset&quot;:&quot;50&quot;,&quot;graphicAnimationDelay&quot;:&quot;0&quot;}\"><div class=\"x-feature-box-graphic square x-feature-box-align-v-middle\"><div class=\"x-feature-box-graphic-outer square\" style=\" margin-right: 20px;\"><div class=\"x-feature-box-graphic-inner square\" style=\"font-size: 60px;\"><i class=\"x-icon-arrow-right square\" data-x-icon-s=\"&#xf061;\"  style=\"margin: 0 auto; color: #ffffff; background-color: hsl(73, 64%, 47%);\"><\/i><\/div><\/div><\/div><div class=\"x-feature-box-content x-feature-box-align-v-middle\"><h4 class=\"x-feature-box-title\" style=\"color: hsl(73, 64%, 47%);\">Terrains de sports<\/h4><p class=\"x-feature-box-text\"><\/p><\/div><\/div><\/div><\/div><\/div><div id=\"x-section-11\" class=\"x-section\" style=\"margin: 0px;padding: 0px; background-color: transparent;\" ><div id=\"\" class=\"x-container\" style=\"margin: 0px auto;padding: 0px;\" ><div  class=\"x-column x-sm x-1-1\" style=\"padding: 0px;\" ><div id=\"\" class=\"x-text cs-ta-justify\" style=\"\" ><p>Le service assure l\u2019entretien complet des terrains de sports confi\u00e9s par les communes adh\u00e9rentes.<\/p>\n<p>Sur les 16 stades, les prestations r\u00e9alis\u00e9es sont les suivantes :<br \/>\n<span style=\"color: #7ea517;\"><i  class=\"x-icon x-icon-toggle-right\" data-x-icon-s=\"&#xf152;\" aria-hidden=\"true\"><\/i><\/span> Tonte<br \/>\n<span style=\"color: #7ea517;\"><i  class=\"x-icon x-icon-toggle-right\" data-x-icon-s=\"&#xf152;\" aria-hidden=\"true\"><\/i><\/span> Tra\u00e7age des terrains<br \/>\n<span style=\"color: #7ea517;\"><i  class=\"x-icon x-icon-toggle-right\" data-x-icon-s=\"&#xf152;\" aria-hidden=\"true\"><\/i><\/span> Apport d\u2019engrais et de produits phytosanitaires<br \/>\n<span style=\"color: #7ea517;\"><i  class=\"x-icon x-icon-toggle-right\" data-x-icon-s=\"&#xf152;\" aria-hidden=\"true\"><\/i><\/span> Vertidrainage, carottage<br \/>\n<span style=\"color: #7ea517;\"><i  class=\"x-icon x-icon-toggle-right\" data-x-icon-s=\"&#xf152;\" aria-hidden=\"true\"><\/i><\/span> Regarnissage<br \/>\n<span style=\"color: #7ea517;\"><i  class=\"x-icon x-icon-toggle-right\" data-x-icon-s=\"&#xf152;\" aria-hidden=\"true\"><\/i><\/span> Arrosage<br \/>\n<span style=\"color: #7ea517;\"><i  class=\"x-icon x-icon-toggle-right\" data-x-icon-s=\"&#xf152;\" aria-hidden=\"true\"><\/i><\/span> Sablage<\/p>\n<\/div><\/div><\/div><\/div><div id=\"x-section-12\" class=\"x-section\" style=\"margin: 0px;padding: 0px; background-color: transparent;\" ><div id=\"\" class=\"x-container\" style=\"margin: 0px auto;padding: 0px;\" ><div  class=\"x-column x-sm x-1-2\" style=\"padding: 0px;\" >&nbsp;<\/div><div  class=\"x-column x-sm x-1-2\" style=\"padding: 0px;\" >&nbsp;<\/div><\/div><\/div><div id=\"x-section-13\" class=\"x-section\" style=\"margin: 0px;padding: 0px; background-color: transparent;\" ><div id=\"\" class=\"x-container\" style=\"margin: 0px auto;padding: 0px;\" ><div  class=\"x-column x-sm x-1-1\" style=\"padding: 0px;\" ><div  class=\"x-raw-content\" ><a name=\"chemins\"><\/a><\/div><hr  class=\"x-hr\" style=\"border-top-width: 1px;width: 100%;\"><div  class=\"x-feature-box left-text middle-text cf\" style=\" max-width: none;\" data-x-element=\"feature_box\" data-x-params=\"{&quot;child&quot;:false,&quot;graphicAnimation&quot;:&quot;rubberBand&quot;,&quot;graphicAnimationOffset&quot;:&quot;50&quot;,&quot;graphicAnimationDelay&quot;:&quot;0&quot;}\"><div class=\"x-feature-box-graphic square x-feature-box-align-v-middle\"><div class=\"x-feature-box-graphic-outer square\" style=\" margin-right: 20px;\"><div class=\"x-feature-box-graphic-inner square\" style=\"font-size: 60px;\"><i class=\"x-icon-arrow-right square\" data-x-icon-s=\"&#xf061;\"  style=\"margin: 0 auto; color: #ffffff; background-color: hsl(73, 64%, 47%);\"><\/i><\/div><\/div><\/div><div class=\"x-feature-box-content x-feature-box-align-v-middle\"><h4 class=\"x-feature-box-title\" style=\"color: hsl(73, 64%, 47%);\">Chemins de randonn\u00e9es<\/h4><p class=\"x-feature-box-text\"><\/p><\/div><\/div><\/div><\/div><\/div><div id=\"x-section-14\" class=\"x-section\" style=\"margin: 0px;padding: 0px; background-color: transparent;\" ><div id=\"\" class=\"x-container\" style=\"margin: 0px auto;padding: 0px;\" ><div  class=\"x-column x-sm x-1-1\" style=\"padding: 0px;\" ><div id=\"\" class=\"x-text cs-ta-justify\" style=\"\" ><p>Les chemins de randonn\u00e9es ont pour vocation d\u2019accueillir le public sur des espaces naturels ou requalifi\u00e9s.<\/p>\n<p>L&rsquo;\u00e9quipe est charg\u00e9e d\u2019assurer la mise en s\u00e9curit\u00e9 des chemins ouverts au public, et de veiller \u00e0 leur praticabilit\u00e9.<\/p>\n<p>Elle a pour r\u00f4le :<br \/>\n<span style=\"color: #7ea517;\"><i  class=\"x-icon x-icon-toggle-right\" data-x-icon-s=\"&#xf152;\" aria-hidden=\"true\"><\/i><\/span> d\u2019\u00e9laguer les arbres qui empi\u00e8tent sur les chemins afin de conserver leur largeur initiale<br \/>\n<span style=\"color: #7ea517;\"><i  class=\"x-icon x-icon-toggle-right\" data-x-icon-s=\"&#xf152;\" aria-hidden=\"true\"><\/i><\/span> de d\u00e9sherber d\u2019une mani\u00e8re m\u00e9canique la partie en schiste du chemin<br \/>\n<span style=\"color: #7ea517;\"><i  class=\"x-icon x-icon-toggle-right\" data-x-icon-s=\"&#xf152;\" aria-hidden=\"true\"><\/i><\/span> de faucher les abords du chemin sur une largeur d\u2019un m\u00e8tre de chaque cot\u00e9<br \/>\n<span style=\"color: #7ea517;\"><i  class=\"x-icon x-icon-toggle-right\" data-x-icon-s=\"&#xf152;\" aria-hidden=\"true\"><\/i><\/span> de remettre en \u00e9tat le sentier pour \u00e9viter tout risques d\u2019accidents (orni\u00e8res, ravines)<br \/>\n<span style=\"color: #7ea517;\"><i  class=\"x-icon x-icon-toggle-right\" data-x-icon-s=\"&#xf152;\" aria-hidden=\"true\"><\/i><\/span> de participer \u00e0 l\u2019\u00e9limination des d\u00e9chets<\/p>\n<\/div><\/div><\/div><\/div><div id=\"x-section-15\" class=\"x-section\" style=\"margin: 0px;padding: 0px; background-color: transparent;\" ><div id=\"\" class=\"x-container\" style=\"margin: 0px auto;padding: 0px;\" ><div  class=\"x-column x-sm x-1-2\" style=\"padding: 0px;\" >&nbsp;<\/div><div  class=\"x-column x-sm x-1-2\" style=\"padding: 0px;\" >&nbsp;<\/div><\/div><\/div><div id=\"x-section-16\" class=\"x-section\" style=\"margin: 0px;padding: 0px; background-color: transparent;\" ><div id=\"\" class=\"x-container\" style=\"margin: 0px auto;padding: 0px;\" ><div  class=\"x-column x-sm x-1-1\" style=\"padding: 0px;\" ><div  class=\"x-raw-content\" ><a name=\"friches\"><\/a><\/div><hr  class=\"x-hr\" style=\"border-top-width: 1px;width: 100%;\"><div  class=\"x-feature-box left-text middle-text cf\" style=\" max-width: none;\" data-x-element=\"feature_box\" data-x-params=\"{&quot;child&quot;:false,&quot;graphicAnimation&quot;:&quot;rubberBand&quot;,&quot;graphicAnimationOffset&quot;:&quot;50&quot;,&quot;graphicAnimationDelay&quot;:&quot;0&quot;}\"><div class=\"x-feature-box-graphic square x-feature-box-align-v-middle\"><div class=\"x-feature-box-graphic-outer square\" style=\" margin-right: 20px;\"><div class=\"x-feature-box-graphic-inner square\" style=\"font-size: 60px;\"><i class=\"x-icon-arrow-right square\" data-x-icon-s=\"&#xf061;\"  style=\"margin: 0 auto; color: #ffffff; background-color: hsl(73, 64%, 47%);\"><\/i><\/div><\/div><\/div><div class=\"x-feature-box-content x-feature-box-align-v-middle\"><h4 class=\"x-feature-box-title\" style=\"color: hsl(73, 64%, 47%);\">Friches industrielles<\/h4><p class=\"x-feature-box-text\"><\/p><\/div><\/div><\/div><\/div><\/div><div id=\"x-section-17\" class=\"x-section\" style=\"margin: 0px;padding: 0px; background-color: transparent;\" ><div id=\"\" class=\"x-container\" style=\"margin: 0px auto;padding: 0px;\" ><div  class=\"x-column x-sm x-1-1\" style=\"padding: 0px;\" ><div id=\"\" class=\"x-text cs-ta-justify\" style=\"\" ><p>Le r\u00f4le du service d\u2019entretien et de requalification des friches industrielles est double sur ces sites verdoyants et fr\u00e9quent\u00e9s.<\/p>\n<p>Il s\u2019agit tout d\u2019abord d\u2019entretenir les sites afin de valoriser les investissements r\u00e9alis\u00e9s, mais aussi de les maintenir en toute s\u00e9curit\u00e9 pour permettre l\u2019accueil du public.<\/p>\n<p>Les agents sont charg\u00e9s :<br \/>\n<span style=\"color: #7ea517;\"><i  class=\"x-icon x-icon-toggle-right\" data-x-icon-s=\"&#xf152;\" aria-hidden=\"true\"><\/i><\/span> d\u2019entretenir la v\u00e9g\u00e9tation ligneuse (\u00e9lagage, abattage, rec\u00e9page, taille)<br \/>\n<span style=\"color: #7ea517;\"><i  class=\"x-icon x-icon-toggle-right\" data-x-icon-s=\"&#xf152;\" aria-hidden=\"true\"><\/i><\/span> d\u2019\u00e9liminer les v\u00e9g\u00e9taux ind\u00e9sirables (ronces, orties, etc\u2026)<br \/>\n<span style=\"color: #7ea517;\"><i  class=\"x-icon x-icon-toggle-right\" data-x-icon-s=\"&#xf152;\" aria-hidden=\"true\"><\/i><\/span> de faucher les parcelles<br \/>\n<span style=\"color: #7ea517;\"><i  class=\"x-icon x-icon-toggle-right\" data-x-icon-s=\"&#xf152;\" aria-hidden=\"true\"><\/i><\/span> de participer \u00e0 l\u2019\u00e9limination des d\u00e9chets pr\u00e9sents sur le site.<\/p>\n<\/div><\/div><\/div><\/div><div id=\"x-section-18\" class=\"x-section\" style=\"margin: 0px;padding: 0px; background-color: transparent;\" ><div id=\"\" class=\"x-container\" style=\"margin: 0px auto;padding: 0px;\" ><div  class=\"x-column x-sm x-1-2\" style=\"padding: 0px;\" >&nbsp;<\/div><div  class=\"x-column x-sm x-1-2\" style=\"padding: 0px;\" >&nbsp;<\/div><\/div><\/div><\/div>\n","protected":false},"excerpt":{"rendered":"","protected":false},"author":35,"featured_media":0,"parent":1405,"menu_order":0,"comment_status":"closed","ping_status":"closed","template":"","meta":{"_monsterinsights_skip_tracking":false,"_monsterinsights_sitenote_active":false,"_monsterinsights_sitenote_note":"","_monsterinsights_sitenote_category":0,"footnotes":""},"class_list":["post-1474","page","type-page","status-publish","hentry","no-post-thumbnail"],"yoast_head":"<!-- This site is optimized with the Yoast SEO plugin v27.5 - https:\/\/yoast.com\/product\/yoast-seo-wordpress\/ -->\n<title>La valorisation des espaces verts par le SIVOM du B\u00e9thunois<\/title>\n<meta name=\"description\" content=\"Le SIVOM du B\u00e9thunois contribue \u00e0 l\u2019am\u00e9lioration du cadre de vie de plus de 100 000 habitants en valorisant les espaces verts qui lui sont confi\u00e9s.\" \/>\n<meta name=\"robots\" content=\"index, follow, max-snippet:-1, max-image-preview:large, max-video-preview:-1\" \/>\n<link rel=\"canonical\" href=\"https:\/\/www.sivom-bethunois.fr\/index.php\/atelier\/verts\/\" \/>\n<meta property=\"og:locale\" content=\"fr_FR\" \/>\n<meta property=\"og:type\" content=\"article\" \/>\n<meta property=\"og:title\" content=\"La valorisation des espaces verts par le SIVOM du B\u00e9thunois\" \/>\n<meta property=\"og:description\" content=\"Le SIVOM du B\u00e9thunois contribue \u00e0 l\u2019am\u00e9lioration du cadre de vie de plus de 100 000 habitants en valorisant les espaces verts qui lui sont confi\u00e9s.\" \/>\n<meta property=\"og:url\" content=\"https:\/\/www.sivom-bethunois.fr\/index.php\/atelier\/verts\/\" \/>\n<meta property=\"og:site_name\" content=\"SIVOM de la Communaut\u00e9 du B\u00e9thunois\" \/>\n<meta property=\"article:publisher\" content=\"https:\/\/www.facebook.com\/sivom.bethunois\" \/>\n<meta property=\"article:modified_time\" content=\"2025-12-08T08:51:00+00:00\" \/>\n<meta name=\"twitter:card\" content=\"summary_large_image\" \/>\n<meta name=\"twitter:label1\" content=\"Dur\u00e9e de lecture estim\u00e9e\" \/>\n\t<meta name=\"twitter:data1\" content=\"14 minutes\" \/>\n<script type=\"application\/ld+json\" class=\"yoast-schema-graph\">{\"@context\":\"https:\\\/\\\/schema.org\",\"@graph\":[{\"@type\":\"WebPage\",\"@id\":\"https:\\\/\\\/www.sivom-bethunois.fr\\\/index.php\\\/atelier\\\/verts\\\/\",\"url\":\"https:\\\/\\\/www.sivom-bethunois.fr\\\/index.php\\\/atelier\\\/verts\\\/\",\"name\":\"La valorisation des espaces verts par le SIVOM du B\u00e9thunois\",\"isPartOf\":{\"@id\":\"https:\\\/\\\/www.sivom-bethunois.fr\\\/#website\"},\"datePublished\":\"2016-11-06T12:39:41+00:00\",\"dateModified\":\"2025-12-08T08:51:00+00:00\",\"description\":\"Le SIVOM du B\u00e9thunois contribue \u00e0 l\u2019am\u00e9lioration du cadre de vie de plus de 100 000 habitants en valorisant les espaces verts qui lui sont confi\u00e9s.\",\"breadcrumb\":{\"@id\":\"https:\\\/\\\/www.sivom-bethunois.fr\\\/index.php\\\/atelier\\\/verts\\\/#breadcrumb\"},\"inLanguage\":\"fr-FR\",\"potentialAction\":[{\"@type\":\"ReadAction\",\"target\":[\"https:\\\/\\\/www.sivom-bethunois.fr\\\/index.php\\\/atelier\\\/verts\\\/\"]}]},{\"@type\":\"BreadcrumbList\",\"@id\":\"https:\\\/\\\/www.sivom-bethunois.fr\\\/index.php\\\/atelier\\\/verts\\\/#breadcrumb\",\"itemListElement\":[{\"@type\":\"ListItem\",\"position\":1,\"name\":\"Accueil\",\"item\":\"https:\\\/\\\/www.sivom-bethunois.fr\\\/\"},{\"@type\":\"ListItem\",\"position\":2,\"name\":\"Services techniques\",\"item\":\"https:\\\/\\\/www.sivom-bethunois.fr\\\/index.php\\\/atelier\\\/\"},{\"@type\":\"ListItem\",\"position\":3,\"name\":\"Nature\"}]},{\"@type\":\"WebSite\",\"@id\":\"https:\\\/\\\/www.sivom-bethunois.fr\\\/#website\",\"url\":\"https:\\\/\\\/www.sivom-bethunois.fr\\\/\",\"name\":\"SIVOM de la Communaut\u00e9 du B\u00e9thunois\",\"description\":\"Acteur de votre quotidien\",\"publisher\":{\"@id\":\"https:\\\/\\\/www.sivom-bethunois.fr\\\/#organization\"},\"potentialAction\":[{\"@type\":\"SearchAction\",\"target\":{\"@type\":\"EntryPoint\",\"urlTemplate\":\"https:\\\/\\\/www.sivom-bethunois.fr\\\/?s={search_term_string}\"},\"query-input\":{\"@type\":\"PropertyValueSpecification\",\"valueRequired\":true,\"valueName\":\"search_term_string\"}}],\"inLanguage\":\"fr-FR\"},{\"@type\":\"Organization\",\"@id\":\"https:\\\/\\\/www.sivom-bethunois.fr\\\/#organization\",\"name\":\"SIVOM de la Communaut\u00e9 du B\u00e9thunois\",\"url\":\"https:\\\/\\\/www.sivom-bethunois.fr\\\/\",\"logo\":{\"@type\":\"ImageObject\",\"inLanguage\":\"fr-FR\",\"@id\":\"https:\\\/\\\/www.sivom-bethunois.fr\\\/#\\\/schema\\\/logo\\\/image\\\/\",\"url\":\"https:\\\/\\\/www.sivom-bethunois.fr\\\/wp-content\\\/uploads\\\/2024\\\/07\\\/cropped-Logo-DG-site.png\",\"contentUrl\":\"https:\\\/\\\/www.sivom-bethunois.fr\\\/wp-content\\\/uploads\\\/2024\\\/07\\\/cropped-Logo-DG-site.png\",\"width\":512,\"height\":512,\"caption\":\"SIVOM de la Communaut\u00e9 du B\u00e9thunois\"},\"image\":{\"@id\":\"https:\\\/\\\/www.sivom-bethunois.fr\\\/#\\\/schema\\\/logo\\\/image\\\/\"},\"sameAs\":[\"https:\\\/\\\/www.facebook.com\\\/sivom.bethunois\"]}]}<\/script>\n<!-- \/ Yoast SEO plugin. -->","yoast_head_json":{"title":"La valorisation des espaces verts par le SIVOM du B\u00e9thunois","description":"Le SIVOM du B\u00e9thunois contribue \u00e0 l\u2019am\u00e9lioration du cadre de vie de plus de 100 000 habitants en valorisant les espaces verts qui lui sont confi\u00e9s.","robots":{"index":"index","follow":"follow","max-snippet":"max-snippet:-1","max-image-preview":"max-image-preview:large","max-video-preview":"max-video-preview:-1"},"canonical":"https:\/\/www.sivom-bethunois.fr\/index.php\/atelier\/verts\/","og_locale":"fr_FR","og_type":"article","og_title":"La valorisation des espaces verts par le SIVOM du B\u00e9thunois","og_description":"Le SIVOM du B\u00e9thunois contribue \u00e0 l\u2019am\u00e9lioration du cadre de vie de plus de 100 000 habitants en valorisant les espaces verts qui lui sont confi\u00e9s.","og_url":"https:\/\/www.sivom-bethunois.fr\/index.php\/atelier\/verts\/","og_site_name":"SIVOM de la Communaut\u00e9 du B\u00e9thunois","article_publisher":"https:\/\/www.facebook.com\/sivom.bethunois","article_modified_time":"2025-12-08T08:51:00+00:00","twitter_card":"summary_large_image","twitter_misc":{"Dur\u00e9e de lecture estim\u00e9e":"14 minutes"},"schema":{"@context":"https:\/\/schema.org","@graph":[{"@type":"WebPage","@id":"https:\/\/www.sivom-bethunois.fr\/index.php\/atelier\/verts\/","url":"https:\/\/www.sivom-bethunois.fr\/index.php\/atelier\/verts\/","name":"La valorisation des espaces verts par le SIVOM du B\u00e9thunois","isPartOf":{"@id":"https:\/\/www.sivom-bethunois.fr\/#website"},"datePublished":"2016-11-06T12:39:41+00:00","dateModified":"2025-12-08T08:51:00+00:00","description":"Le SIVOM du B\u00e9thunois contribue \u00e0 l\u2019am\u00e9lioration du cadre de vie de plus de 100 000 habitants en valorisant les espaces verts qui lui sont confi\u00e9s.","breadcrumb":{"@id":"https:\/\/www.sivom-bethunois.fr\/index.php\/atelier\/verts\/#breadcrumb"},"inLanguage":"fr-FR","potentialAction":[{"@type":"ReadAction","target":["https:\/\/www.sivom-bethunois.fr\/index.php\/atelier\/verts\/"]}]},{"@type":"BreadcrumbList","@id":"https:\/\/www.sivom-bethunois.fr\/index.php\/atelier\/verts\/#breadcrumb","itemListElement":[{"@type":"ListItem","position":1,"name":"Accueil","item":"https:\/\/www.sivom-bethunois.fr\/"},{"@type":"ListItem","position":2,"name":"Services techniques","item":"https:\/\/www.sivom-bethunois.fr\/index.php\/atelier\/"},{"@type":"ListItem","position":3,"name":"Nature"}]},{"@type":"WebSite","@id":"https:\/\/www.sivom-bethunois.fr\/#website","url":"https:\/\/www.sivom-bethunois.fr\/","name":"SIVOM de la Communaut\u00e9 du B\u00e9thunois","description":"Acteur de votre quotidien","publisher":{"@id":"https:\/\/www.sivom-bethunois.fr\/#organization"},"potentialAction":[{"@type":"SearchAction","target":{"@type":"EntryPoint","urlTemplate":"https:\/\/www.sivom-bethunois.fr\/?s={search_term_string}"},"query-input":{"@type":"PropertyValueSpecification","valueRequired":true,"valueName":"search_term_string"}}],"inLanguage":"fr-FR"},{"@type":"Organization","@id":"https:\/\/www.sivom-bethunois.fr\/#organization","name":"SIVOM de la Communaut\u00e9 du B\u00e9thunois","url":"https:\/\/www.sivom-bethunois.fr\/","logo":{"@type":"ImageObject","inLanguage":"fr-FR","@id":"https:\/\/www.sivom-bethunois.fr\/#\/schema\/logo\/image\/","url":"https:\/\/www.sivom-bethunois.fr\/wp-content\/uploads\/2024\/07\/cropped-Logo-DG-site.png","contentUrl":"https:\/\/www.sivom-bethunois.fr\/wp-content\/uploads\/2024\/07\/cropped-Logo-DG-site.png","width":512,"height":512,"caption":"SIVOM de la Communaut\u00e9 du B\u00e9thunois"},"image":{"@id":"https:\/\/www.sivom-bethunois.fr\/#\/schema\/logo\/image\/"},"sameAs":["https:\/\/www.facebook.com\/sivom.bethunois"]}]}},"_links":{"self":[{"href":"https:\/\/www.sivom-bethunois.fr\/index.php\/wp-json\/wp\/v2\/pages\/1474","targetHints":{"allow":["GET"]}}],"collection":[{"href":"https:\/\/www.sivom-bethunois.fr\/index.php\/wp-json\/wp\/v2\/pages"}],"about":[{"href":"https:\/\/www.sivom-bethunois.fr\/index.php\/wp-json\/wp\/v2\/types\/page"}],"author":[{"embeddable":true,"href":"https:\/\/www.sivom-bethunois.fr\/index.php\/wp-json\/wp\/v2\/users\/35"}],"replies":[{"embeddable":true,"href":"https:\/\/www.sivom-bethunois.fr\/index.php\/wp-json\/wp\/v2\/comments?post=1474"}],"version-history":[{"count":22,"href":"https:\/\/www.sivom-bethunois.fr\/index.php\/wp-json\/wp\/v2\/pages\/1474\/revisions"}],"predecessor-version":[{"id":15496,"href":"https:\/\/www.sivom-bethunois.fr\/index.php\/wp-json\/wp\/v2\/pages\/1474\/revisions\/15496"}],"up":[{"embeddable":true,"href":"https:\/\/www.sivom-bethunois.fr\/index.php\/wp-json\/wp\/v2\/pages\/1405"}],"wp:attachment":[{"href":"https:\/\/www.sivom-bethunois.fr\/index.php\/wp-json\/wp\/v2\/media?parent=1474"}],"curies":[{"name":"wp","href":"https:\/\/api.w.org\/{rel}","templated":true}]}}