{"id":1227,"date":"2016-10-23T16:30:52","date_gmt":"2016-10-23T15:30:52","guid":{"rendered":"http:\/\/www.sivom-bethunois.xyz\/?page_id=1227"},"modified":"2025-11-26T16:14:45","modified_gmt":"2025-11-26T15:14:45","slug":"soins","status":"publish","type":"page","link":"https:\/\/www.sivom-bethunois.fr\/index.php\/social\/spasad\/soins\/","title":{"rendered":"Soins \u00e0 domicile"},"content":{"rendered":"<div id=\"cs-content\" class=\"cs-content\"><div id=\"x-section-1\" class=\"x-section\" style=\"margin: 0px;padding: 0px; background-color: transparent;\" ><div id=\"\" class=\"x-container\" style=\"margin: 0px auto;padding: 0px;\" ><div  class=\"x-column x-sm x-1-1\" style=\"padding: 0px;\" ><div class=\"x-text x-text-headline has-graphic e1227-e4 my3-0 my3-1\"><div class=\"x-text-content\"><span class=\"x-graphic\" aria-hidden=\"true\"><i class=\"x-icon x-graphic-child x-graphic-icon x-graphic-primary\" aria-hidden=\"true\" data-x-icon-s=\"&#xf015;\"><\/i><\/span><div class=\"x-text-content-text\"><h1 class=\"x-text-content-text-primary\">Soins infirmiers \u00e0 domicile<\/h1>\n<\/div><\/div><\/div><\/div><\/div><\/div><div id=\"x-section-2\" class=\"x-section\" style=\"margin: 0px;padding: 0px; background-color: transparent;\" ><div id=\"\" class=\"x-container\" style=\"margin: 0px auto;padding: 0px;\" ><div  class=\"x-column x-sm x-1-1\" style=\"padding: 0px;\" ><img decoding=\"async\"  class=\"x-img x-img-none\"  src=\"https:\/\/www.sivom-bethunois.fr\/wp-content\/uploads\/2021\/06\/Solidarite-Sante-soins-a-domicile-titre.png\" alt=\"Services d'aides \u00e0 domicile\"><\/div><\/div><\/div><div id=\"x-section-3\" class=\"x-section\" style=\"margin: 0px;padding: 0px; background-color: transparent;\" ><div id=\"\" class=\"x-container\" style=\"margin: 0px auto;padding: 0px;\" ><div  class=\"x-column x-sm x-1-1\" style=\"padding: 0px;\" ><div class=\"x-text x-text-headline has-graphic e1227-e12 my3-0 my3-2\"><div class=\"x-text-content\"><span class=\"x-graphic\" aria-hidden=\"true\"><i class=\"x-icon x-graphic-child x-graphic-icon x-graphic-primary\" aria-hidden=\"true\" data-x-icon-s=\"&#xf061;\"><\/i><\/span><div class=\"x-text-content-text\"><h1 class=\"x-text-content-text-primary\">NOTRE VOCATION<\/h1>\n<\/div><\/div><\/div><\/div><\/div><\/div><div id=\"x-section-4\" class=\"x-section\" style=\"margin: 0px;padding: 0px; background-color: transparent;\" ><div id=\"\" class=\"x-container\" style=\"margin: 0px auto;padding: 0px;\" ><div  class=\"x-column x-sm x-1-1\" style=\"padding: 0px;\" ><div id=\"\" class=\"x-text cs-ta-left\" style=\"\" ><p><strong>Le p\u00f4le \"soins\" intervient uniquement \u00e0 B\u00e9thune et a pour objectif de vous accompagner<\/strong> sur prescription m\u00e9dicale dans le cadre de soins d'hygi\u00e8ne et de confort.<br \/>\n<span style=\"color: #e26b96;\"><i  class=\"x-icon x-icon-toggle-right\" data-x-icon-s=\"&#xf152;\" aria-hidden=\"true\"><\/i><\/span> Ces soins sont r\u00e9alis\u00e9s par des aides-soignantes dipl\u00f4m\u00e9s d'\u00c9tat, sous la responsabilit\u00e9 de l'infirmi\u00e8re coordinatrice.<br \/>\n<span style=\"color: #e26b96;\"><i  class=\"x-icon x-icon-toggle-right\" data-x-icon-s=\"&#xf152;\" aria-hidden=\"true\"><\/i><\/span> Les soins sont <strong>pris en charge \u00e0 100%<\/strong> par l'assurance maladie.<br \/>\n<span style=\"color: #e26b96;\"><i  class=\"x-icon x-icon-toggle-right\" data-x-icon-s=\"&#xf152;\" aria-hidden=\"true\"><\/i><\/span> Les soins infirmiers, s'ils sont n\u00e9cessaires, sont r\u00e9alis\u00e9s par votre infirmier lib\u00e9ral et pris en charge financi\u00e8rement par le service.<\/p>\n<\/div><\/div><\/div><\/div><div id=\"x-section-5\" class=\"x-section\" style=\"margin: 0px;padding: 0px; background-color: transparent;\" ><div id=\"\" class=\"x-container\" style=\"margin: 0px auto;padding: 0px;\" ><div  class=\"x-column x-sm x-1-1\" style=\"padding: 0px;\" ><ul  class=\"x-block-grid two-up\" ><li  class=\"x-block-grid-item\" ><strong>Le p\u00f4le prend en charge des personnes \u00e2g\u00e9es de plus de 60 ans.<\/strong>\n\nL\u2019\u00e9quipe param\u00e9dicale se compose de <strong>26 aides-soignants dipl\u00f4m\u00e9s d'\u00c9tat<\/strong>, d'une infirmi\u00e8re coordinatrice, d'un responsable de service et d'une infirmi\u00e8re.\n\nL\u2019\u00e9quipe r\u00e9alise des soins personnalis\u00e9s et adapt\u00e9s aux besoins en pr\u00e9servant l\u2019autonomie. Ils sont bas\u00e9s sur la relation de confiance, d\u2019\u00e9coute, de proximit\u00e9 et de disponibilit\u00e9.<\/li><li  class=\"x-block-grid-item\" >Le p\u00f4le favorise le maintien \u00e0 domicile, pour la r\u00e9ussite de celui-ci la participation de l\u2019entourage et la collaboration entre tous les intervenants au domicile de l'usager est indispensable.\n\nIl travaille dans ce sens.\n\nUne assistante administrative assure la totalit\u00e9 du suivi du dossier administratif.<\/li><\/ul><\/div><\/div><\/div><div id=\"x-section-6\" class=\"x-section\" style=\"margin: 0px;padding: 0px; background-color: transparent;\" ><div id=\"\" class=\"x-container\" style=\"margin: 0px auto;padding: 0px;\" ><div  class=\"x-column x-sm x-1-1\" style=\"padding: 0px;\" ><div class=\"x-text x-text-headline has-graphic e1227-e26 my3-0 my3-3\"><div class=\"x-text-content\"><span class=\"x-graphic\" aria-hidden=\"true\"><i class=\"x-icon x-graphic-child x-graphic-icon x-graphic-primary\" aria-hidden=\"true\" data-x-icon-s=\"&#xf007;\"><\/i><\/span><div class=\"x-text-content-text\"><h1 class=\"x-text-content-text-primary\">CONTACT<\/h1>\n<\/div><\/div><\/div><hr  class=\"x-hr\" style=\"border-top-width: 1px;width: 100%;\"><div id=\"\" class=\"x-text\" style=\"\" ><p><strong>Service de Soins Infirmiers \u00e0 Domicile (SSIAD)<\/strong><br \/>\n660, rue de Lille<br \/>\n62400 B\u00e9thune<\/p>\n<p>Accueil de 8H30 \u00e0 12H00 et de 13H30 \u00e0 17H30.<br \/>\nT\u00e9l. : 03.21.61.55.42<br \/>\nCourriel : <a rel=\"noopener noreferrer\" target=\"_blank\" href=\"mailto:spasad@sivom-bethunois.fr\" id=\"ember5391\" class=\"feed-shared-text-view__email ember-view\" data-artdeco-is-focused=\"true\" tabindex=\"0\">spasad@sivom-bethunois.fr<\/a><\/p>\n<\/div><\/div><\/div><\/div><div id=\"x-section-7\" class=\"x-section\" style=\"margin: 0px;padding: 0px; background-color: transparent;\" ><div id=\"\" class=\"x-container\" style=\"margin: 0px auto;padding: 0px;\" ><div  class=\"x-column x-sm x-1-1\" style=\"padding: 0px;\" ><hr  class=\"x-hr\" style=\"border-top-width: 1px;width: 100%;\"><\/div><\/div><\/div><\/div>\n","protected":false},"excerpt":{"rendered":"<p>Soins infirmiers \u00e0 domicile NOTRE VOCATION Le p\u00f4le \u00ab\u00a0soins\u00a0\u00bb intervient uniquement \u00e0 B\u00e9thune et a pour objectif de vous accompagner sur prescription m\u00e9dicale dans le cadre de soins d&rsquo;hygi\u00e8ne et de confort. Ces soins sont r\u00e9alis\u00e9s par des aides-soignantes dipl\u00f4m\u00e9s d&rsquo;\u00c9tat, sous la responsabilit\u00e9 de l&rsquo;infirmi\u00e8re coordinatrice. Les soins sont pris en charge \u00e0 100% par l&rsquo;assurance maladie. Les soins &#8230; <a href=\"https:\/\/www.sivom-bethunois.fr\/index.php\/social\/spasad\/soins\/\" class=\"more-link\">Read More<\/a><\/p>\n","protected":false},"author":35,"featured_media":0,"parent":2883,"menu_order":0,"comment_status":"closed","ping_status":"closed","template":"","meta":{"_monsterinsights_skip_tracking":false,"_monsterinsights_sitenote_active":false,"_monsterinsights_sitenote_note":"","_monsterinsights_sitenote_category":0,"footnotes":""},"class_list":["post-1227","page","type-page","status-publish","hentry","no-post-thumbnail"],"yoast_head":"<!-- This site is optimized with the Yoast SEO plugin v27.5 - https:\/\/yoast.com\/product\/yoast-seo-wordpress\/ -->\n<title>Le service de soins infirmiers \u00e0 domicile du SIVOM du B\u00e9thunois<\/title>\n<meta name=\"description\" content=\"Le SIVOM du B\u00e9thunois mobilise des professionnels de sant\u00e9 exp\u00e9riment\u00e9s pour faciliter les soins infirmiers \u00e0 domicile des personnes \u00e2g\u00e9es ou malades.\" \/>\n<meta name=\"robots\" content=\"index, follow, max-snippet:-1, max-image-preview:large, max-video-preview:-1\" \/>\n<link rel=\"canonical\" href=\"https:\/\/www.sivom-bethunois.fr\/index.php\/social\/spasad\/soins\/\" \/>\n<meta property=\"og:locale\" content=\"fr_FR\" \/>\n<meta property=\"og:type\" content=\"article\" \/>\n<meta property=\"og:title\" content=\"Le service de soins infirmiers \u00e0 domicile du SIVOM du B\u00e9thunois\" \/>\n<meta property=\"og:description\" content=\"Le SIVOM du B\u00e9thunois mobilise des professionnels de sant\u00e9 exp\u00e9riment\u00e9s pour faciliter les soins infirmiers \u00e0 domicile des personnes \u00e2g\u00e9es ou malades.\" \/>\n<meta property=\"og:url\" content=\"https:\/\/www.sivom-bethunois.fr\/index.php\/social\/spasad\/soins\/\" \/>\n<meta property=\"og:site_name\" content=\"SIVOM de la Communaut\u00e9 du B\u00e9thunois\" \/>\n<meta property=\"article:publisher\" content=\"https:\/\/www.facebook.com\/sivom.bethunois\" \/>\n<meta property=\"article:modified_time\" content=\"2025-11-26T15:14:45+00:00\" \/>\n<meta name=\"twitter:card\" content=\"summary_large_image\" \/>\n<meta name=\"twitter:label1\" content=\"Dur\u00e9e de lecture estim\u00e9e\" \/>\n\t<meta name=\"twitter:data1\" content=\"5 minutes\" \/>\n<script type=\"application\/ld+json\" class=\"yoast-schema-graph\">{\"@context\":\"https:\\\/\\\/schema.org\",\"@graph\":[{\"@type\":\"WebPage\",\"@id\":\"https:\\\/\\\/www.sivom-bethunois.fr\\\/index.php\\\/social\\\/spasad\\\/soins\\\/\",\"url\":\"https:\\\/\\\/www.sivom-bethunois.fr\\\/index.php\\\/social\\\/spasad\\\/soins\\\/\",\"name\":\"Le service de soins infirmiers \u00e0 domicile du SIVOM du B\u00e9thunois\",\"isPartOf\":{\"@id\":\"https:\\\/\\\/www.sivom-bethunois.fr\\\/#website\"},\"datePublished\":\"2016-10-23T15:30:52+00:00\",\"dateModified\":\"2025-11-26T15:14:45+00:00\",\"description\":\"Le SIVOM du B\u00e9thunois mobilise des professionnels de sant\u00e9 exp\u00e9riment\u00e9s pour faciliter les soins infirmiers \u00e0 domicile des personnes \u00e2g\u00e9es ou malades.\",\"breadcrumb\":{\"@id\":\"https:\\\/\\\/www.sivom-bethunois.fr\\\/index.php\\\/social\\\/spasad\\\/soins\\\/#breadcrumb\"},\"inLanguage\":\"fr-FR\",\"potentialAction\":[{\"@type\":\"ReadAction\",\"target\":[\"https:\\\/\\\/www.sivom-bethunois.fr\\\/index.php\\\/social\\\/spasad\\\/soins\\\/\"]}]},{\"@type\":\"BreadcrumbList\",\"@id\":\"https:\\\/\\\/www.sivom-bethunois.fr\\\/index.php\\\/social\\\/spasad\\\/soins\\\/#breadcrumb\",\"itemListElement\":[{\"@type\":\"ListItem\",\"position\":1,\"name\":\"Accueil\",\"item\":\"https:\\\/\\\/www.sivom-bethunois.fr\\\/\"},{\"@type\":\"ListItem\",\"position\":2,\"name\":\"Solidarit\u00e9\",\"item\":\"https:\\\/\\\/www.sivom-bethunois.fr\\\/index.php\\\/social\\\/\"},{\"@type\":\"ListItem\",\"position\":3,\"name\":\"SPASAD\",\"item\":\"https:\\\/\\\/www.sivom-bethunois.fr\\\/index.php\\\/social\\\/spasad\\\/\"},{\"@type\":\"ListItem\",\"position\":4,\"name\":\"Soins \u00e0 domicile\"}]},{\"@type\":\"WebSite\",\"@id\":\"https:\\\/\\\/www.sivom-bethunois.fr\\\/#website\",\"url\":\"https:\\\/\\\/www.sivom-bethunois.fr\\\/\",\"name\":\"SIVOM de la Communaut\u00e9 du B\u00e9thunois\",\"description\":\"Acteur de votre quotidien\",\"publisher\":{\"@id\":\"https:\\\/\\\/www.sivom-bethunois.fr\\\/#organization\"},\"potentialAction\":[{\"@type\":\"SearchAction\",\"target\":{\"@type\":\"EntryPoint\",\"urlTemplate\":\"https:\\\/\\\/www.sivom-bethunois.fr\\\/?s={search_term_string}\"},\"query-input\":{\"@type\":\"PropertyValueSpecification\",\"valueRequired\":true,\"valueName\":\"search_term_string\"}}],\"inLanguage\":\"fr-FR\"},{\"@type\":\"Organization\",\"@id\":\"https:\\\/\\\/www.sivom-bethunois.fr\\\/#organization\",\"name\":\"SIVOM de la Communaut\u00e9 du B\u00e9thunois\",\"url\":\"https:\\\/\\\/www.sivom-bethunois.fr\\\/\",\"logo\":{\"@type\":\"ImageObject\",\"inLanguage\":\"fr-FR\",\"@id\":\"https:\\\/\\\/www.sivom-bethunois.fr\\\/#\\\/schema\\\/logo\\\/image\\\/\",\"url\":\"https:\\\/\\\/www.sivom-bethunois.fr\\\/wp-content\\\/uploads\\\/2024\\\/07\\\/cropped-Logo-DG-site.png\",\"contentUrl\":\"https:\\\/\\\/www.sivom-bethunois.fr\\\/wp-content\\\/uploads\\\/2024\\\/07\\\/cropped-Logo-DG-site.png\",\"width\":512,\"height\":512,\"caption\":\"SIVOM de la Communaut\u00e9 du B\u00e9thunois\"},\"image\":{\"@id\":\"https:\\\/\\\/www.sivom-bethunois.fr\\\/#\\\/schema\\\/logo\\\/image\\\/\"},\"sameAs\":[\"https:\\\/\\\/www.facebook.com\\\/sivom.bethunois\"]}]}<\/script>\n<!-- \/ Yoast SEO plugin. -->","yoast_head_json":{"title":"Le service de soins infirmiers \u00e0 domicile du SIVOM du B\u00e9thunois","description":"Le SIVOM du B\u00e9thunois mobilise des professionnels de sant\u00e9 exp\u00e9riment\u00e9s pour faciliter les soins infirmiers \u00e0 domicile des personnes \u00e2g\u00e9es ou malades.","robots":{"index":"index","follow":"follow","max-snippet":"max-snippet:-1","max-image-preview":"max-image-preview:large","max-video-preview":"max-video-preview:-1"},"canonical":"https:\/\/www.sivom-bethunois.fr\/index.php\/social\/spasad\/soins\/","og_locale":"fr_FR","og_type":"article","og_title":"Le service de soins infirmiers \u00e0 domicile du SIVOM du B\u00e9thunois","og_description":"Le SIVOM du B\u00e9thunois mobilise des professionnels de sant\u00e9 exp\u00e9riment\u00e9s pour faciliter les soins infirmiers \u00e0 domicile des personnes \u00e2g\u00e9es ou malades.","og_url":"https:\/\/www.sivom-bethunois.fr\/index.php\/social\/spasad\/soins\/","og_site_name":"SIVOM de la Communaut\u00e9 du B\u00e9thunois","article_publisher":"https:\/\/www.facebook.com\/sivom.bethunois","article_modified_time":"2025-11-26T15:14:45+00:00","twitter_card":"summary_large_image","twitter_misc":{"Dur\u00e9e de lecture estim\u00e9e":"5 minutes"},"schema":{"@context":"https:\/\/schema.org","@graph":[{"@type":"WebPage","@id":"https:\/\/www.sivom-bethunois.fr\/index.php\/social\/spasad\/soins\/","url":"https:\/\/www.sivom-bethunois.fr\/index.php\/social\/spasad\/soins\/","name":"Le service de soins infirmiers \u00e0 domicile du SIVOM du B\u00e9thunois","isPartOf":{"@id":"https:\/\/www.sivom-bethunois.fr\/#website"},"datePublished":"2016-10-23T15:30:52+00:00","dateModified":"2025-11-26T15:14:45+00:00","description":"Le SIVOM du B\u00e9thunois mobilise des professionnels de sant\u00e9 exp\u00e9riment\u00e9s pour faciliter les soins infirmiers \u00e0 domicile des personnes \u00e2g\u00e9es ou malades.","breadcrumb":{"@id":"https:\/\/www.sivom-bethunois.fr\/index.php\/social\/spasad\/soins\/#breadcrumb"},"inLanguage":"fr-FR","potentialAction":[{"@type":"ReadAction","target":["https:\/\/www.sivom-bethunois.fr\/index.php\/social\/spasad\/soins\/"]}]},{"@type":"BreadcrumbList","@id":"https:\/\/www.sivom-bethunois.fr\/index.php\/social\/spasad\/soins\/#breadcrumb","itemListElement":[{"@type":"ListItem","position":1,"name":"Accueil","item":"https:\/\/www.sivom-bethunois.fr\/"},{"@type":"ListItem","position":2,"name":"Solidarit\u00e9","item":"https:\/\/www.sivom-bethunois.fr\/index.php\/social\/"},{"@type":"ListItem","position":3,"name":"SPASAD","item":"https:\/\/www.sivom-bethunois.fr\/index.php\/social\/spasad\/"},{"@type":"ListItem","position":4,"name":"Soins \u00e0 domicile"}]},{"@type":"WebSite","@id":"https:\/\/www.sivom-bethunois.fr\/#website","url":"https:\/\/www.sivom-bethunois.fr\/","name":"SIVOM de la Communaut\u00e9 du B\u00e9thunois","description":"Acteur de votre quotidien","publisher":{"@id":"https:\/\/www.sivom-bethunois.fr\/#organization"},"potentialAction":[{"@type":"SearchAction","target":{"@type":"EntryPoint","urlTemplate":"https:\/\/www.sivom-bethunois.fr\/?s={search_term_string}"},"query-input":{"@type":"PropertyValueSpecification","valueRequired":true,"valueName":"search_term_string"}}],"inLanguage":"fr-FR"},{"@type":"Organization","@id":"https:\/\/www.sivom-bethunois.fr\/#organization","name":"SIVOM de la Communaut\u00e9 du B\u00e9thunois","url":"https:\/\/www.sivom-bethunois.fr\/","logo":{"@type":"ImageObject","inLanguage":"fr-FR","@id":"https:\/\/www.sivom-bethunois.fr\/#\/schema\/logo\/image\/","url":"https:\/\/www.sivom-bethunois.fr\/wp-content\/uploads\/2024\/07\/cropped-Logo-DG-site.png","contentUrl":"https:\/\/www.sivom-bethunois.fr\/wp-content\/uploads\/2024\/07\/cropped-Logo-DG-site.png","width":512,"height":512,"caption":"SIVOM de la Communaut\u00e9 du B\u00e9thunois"},"image":{"@id":"https:\/\/www.sivom-bethunois.fr\/#\/schema\/logo\/image\/"},"sameAs":["https:\/\/www.facebook.com\/sivom.bethunois"]}]}},"_links":{"self":[{"href":"https:\/\/www.sivom-bethunois.fr\/index.php\/wp-json\/wp\/v2\/pages\/1227","targetHints":{"allow":["GET"]}}],"collection":[{"href":"https:\/\/www.sivom-bethunois.fr\/index.php\/wp-json\/wp\/v2\/pages"}],"about":[{"href":"https:\/\/www.sivom-bethunois.fr\/index.php\/wp-json\/wp\/v2\/types\/page"}],"author":[{"embeddable":true,"href":"https:\/\/www.sivom-bethunois.fr\/index.php\/wp-json\/wp\/v2\/users\/35"}],"replies":[{"embeddable":true,"href":"https:\/\/www.sivom-bethunois.fr\/index.php\/wp-json\/wp\/v2\/comments?post=1227"}],"version-history":[{"count":23,"href":"https:\/\/www.sivom-bethunois.fr\/index.php\/wp-json\/wp\/v2\/pages\/1227\/revisions"}],"predecessor-version":[{"id":15471,"href":"https:\/\/www.sivom-bethunois.fr\/index.php\/wp-json\/wp\/v2\/pages\/1227\/revisions\/15471"}],"up":[{"embeddable":true,"href":"https:\/\/www.sivom-bethunois.fr\/index.php\/wp-json\/wp\/v2\/pages\/2883"}],"wp:attachment":[{"href":"https:\/\/www.sivom-bethunois.fr\/index.php\/wp-json\/wp\/v2\/media?parent=1227"}],"curies":[{"name":"wp","href":"https:\/\/api.w.org\/{rel}","templated":true}]}}