{"id":1107,"date":"2016-10-22T17:16:56","date_gmt":"2016-10-22T16:16:56","guid":{"rendered":"http:\/\/www.sivom-bethunois.xyz\/?page_id=1107"},"modified":"2026-04-14T11:04:50","modified_gmt":"2026-04-14T09:04:50","slug":"curie","status":"publish","type":"page","link":"https:\/\/www.sivom-bethunois.fr\/index.php\/social\/ehpad\/curie\/","title":{"rendered":"EHPAD Curie"},"content":{"rendered":"<div id=\"cs-content\" class=\"cs-content\"><div id=\"x-section-1\" class=\"x-section\" style=\"margin: 0px;padding: 0px; background-color: transparent;\" ><div id=\"\" class=\"x-container\" style=\"margin: 0px auto;padding: 0px;\" ><div  class=\"x-column x-sm x-1-1\" style=\"padding: 0px;\" ><div class=\"x-text x-text-headline has-graphic e1107-e4 mur-0 mur-1 mur-2 mur-3\"><div class=\"x-text-content\"><span class=\"x-graphic\" aria-hidden=\"true\"><i class=\"x-icon x-graphic-child x-graphic-icon x-graphic-primary\" aria-hidden=\"true\" data-x-icon-s=\"&#xf015;\"><\/i><\/span><div class=\"x-text-content-text\"><h1 class=\"x-text-content-text-primary\">L'EHPAD MARIE CURIE<\/h1>\n<\/div><\/div><\/div><\/div><\/div><\/div><div id=\"x-section-2\" class=\"x-section\" style=\"margin: 0px;padding: 0px; background-color: transparent;\" ><div id=\"\" class=\"x-container\" style=\"margin: 0px auto;padding: 0px;\" ><div  class=\"x-column x-sm x-1-1\" style=\"padding: 0px;\" ><img decoding=\"async\"  class=\"x-img x-img-none\"  src=\"https:\/\/www.sivom-bethunois.fr\/wp-content\/uploads\/2021\/06\/Solidarite-Sante-EHPAD-Curie-titre.png\" alt=\"Les EHPAD du SIVOM du B\u00e9thunois\"><\/div><\/div><\/div><div id=\"x-section-3\" class=\"x-section\" style=\"margin: 0px;padding: 0px; background-color: transparent;\" ><div id=\"\" class=\"x-container\" style=\"margin: 0px auto;padding: 0px;\" ><div  class=\"x-column x-sm x-1-3\" style=\"padding: 0px;\" ><div class=\"x-text x-text-headline has-graphic e1107-e12 mur-0 mur-1 mur-3 mur-4\"><div class=\"x-text-content\"><span class=\"x-graphic\" aria-hidden=\"true\"><i class=\"x-icon x-graphic-child x-graphic-icon x-graphic-primary\" aria-hidden=\"true\" data-x-icon-s=\"&#x40;\"><\/i><\/span><div class=\"x-text-content-text\"><h2 class=\"x-text-content-text-primary\">Coordonn\u00e9es<\/h2>\n<\/div><\/div><\/div><ul id=\"\" class=\"x-ul-icons\" style=\"\" ><li id=\"\" class=\"x-li-icon\" style=\"\" ><i class=\"x-icon-envelope-o\" aria-hidden=\"true\" style=\"\" data-x-icon-s=\"&#xf0e0;\" ><\/i>8bis, Rue Jules Weppe<\/li><li id=\"\" class=\"x-li-icon\" style=\"\" ><i class=\"x-icon-envelope-o\" aria-hidden=\"true\" style=\"\" data-x-icon-s=\"&#xf0e0;\" ><\/i>62660 BEUVRY<\/li><li id=\"\" class=\"x-li-icon\" style=\"\" ><i class=\"x-icon-phone-square\" aria-hidden=\"true\" style=\"\" data-x-icon-s=\"&#xf098;\" ><\/i>03.21.65.24.44<\/li><li id=\"\" class=\"x-li-icon\" style=\"\" ><i class=\"x-icon-envelopes-bulk\" aria-hidden=\"true\" style=\"\" data-x-icon-s=\"&#xf674;\" ><\/i>ehpad.curie@sivom-bethunois.fr<\/li><\/ul><\/div><div  class=\"x-column x-sm x-2-3\" style=\"padding: 0px;\" ><div id=\"\" class=\"x-text cs-ta-justify\" style=\"\" ><p>L'EHPAD Marie Curie est implant\u00e9 \u00e0 Beuvry, dans une zone semi-rurale desservie par une ligne de transport en commun.<br \/>\nC'est un \u00c9tablissement d'H\u00e9bergement pour Personnes \u00c2g\u00e9es D\u00e9pendantes d'une capacit\u00e9 de 60 lits. Il accueille des personnes de plus de 60 ans (sauf d\u00e9rogation du Conseil D\u00e9partemental), valides ou d\u00e9pendantes, sans discrimination financi\u00e8re. Les couples peuvent \u00e9galement y \u00eatre accueillis. La structure dispose d'une unit\u00e9 de vie Alzheimer de 12 lits, destin\u00e9e \u00e0 accueillir des personnes souffrant de la maladie d'Alzheimer ou de pathologies apparent\u00e9es.<\/p>\n<\/div><\/div><\/div><\/div><div id=\"x-section-4\" class=\"x-section\" style=\"margin: 0px;padding: 0px; background-color: transparent;\" ><div id=\"\" class=\"x-container\" style=\"margin: 0px auto;padding: 0px;\" ><div  class=\"x-column x-sm x-1-3\" style=\"padding: 0px;\" ><div  class=\"x-map embed\" ><div class=\"x-map-inner\"><iframe src=\"https:\/\/www.google.com\/maps\/embed?pb=!1m17!1m11!1m3!1d1749.0635154930626!2d2.683649509896514!3d50.5207983327327!2m2!1f0!2f0!3m2!1i1024!2i768!4f13.1!3m3!1m2!1s0x0%3A0xcea8117e581f27f!2sEHPAD+Marie+Curie!5e1!3m2!1sfr!2sfr!4v1477163277154\" width=\"214\" height=\"290\" frameborder=\"0\" style=\"border:0\" allowfullscreen><\/iframe><\/div><\/div><\/div><div  class=\"x-column x-sm x-1-3\" style=\"padding: 0px;\" ><div class=\"x-text x-text-headline has-graphic e1107-e25 mur-0 mur-5 mur-6\"><div class=\"x-text-content\"><span class=\"x-graphic\" aria-hidden=\"true\"><i class=\"x-icon x-graphic-child x-graphic-icon x-graphic-primary\" aria-hidden=\"true\" data-x-icon-s=\"&#xf2e7;\"><\/i><\/span><div class=\"x-text-content-text\"><h3 class=\"x-text-content-text-primary\">Restauration<\/h3>\n<\/div><\/div><\/div><div id=\"\" class=\"x-text\" style=\"\" ><p><i  class=\"x-icon x-icon-map-o\" data-x-icon-s=\"&#xf279;\" aria-hidden=\"true\"><\/i> <a href=\"https:\/\/www.sivom-bethunois.fr\/index.php\/restauration\/menus\/\">Acc\u00e9der aux menus<\/a><\/p>\n<\/div><\/div><div  class=\"x-column x-sm x-1-3\" style=\"padding: 0px;\" ><div class=\"x-text x-text-headline has-graphic e1107-e28 mur-0 mur-5 mur-6\"><div class=\"x-text-content\"><span class=\"x-graphic\" aria-hidden=\"true\"><i class=\"x-icon x-graphic-child x-graphic-icon x-graphic-primary\" aria-hidden=\"true\" data-x-icon-s=\"&#xf1ea;\"><\/i><\/span><div class=\"x-text-content-text\"><h3 class=\"x-text-content-text-primary\">Journal<\/h3>\n<\/div><\/div><\/div><div id=\"\" class=\"x-text\" style=\"\" ><p><i  class=\"x-icon x-icon-newspaper-o\" data-x-icon-s=\"&#xf1ea;\" aria-hidden=\"true\"><\/i> <a href=\"https:\/\/www.sivom-bethunois.fr\/wp-content\/uploads\/2026\/04\/Ehpadzine-Avril-Curie.pdf\" target=\"_blank\" rel=\"noopener\">L'EHPAD'zine<\/a><\/p>\n<\/div><\/div><\/div><\/div><div id=\"x-section-5\" class=\"x-section\" style=\"margin: 0px;padding: 0px; background-color: transparent;\" ><div id=\"\" class=\"x-container\" style=\"margin: 0px auto;padding: 0px;\" ><div  class=\"x-column x-sm x-1-3\" style=\"padding: 0px;\" ><div class=\"x-text x-text-headline has-graphic e1107-e33 mur-0 mur-1 mur-6\"><div class=\"x-text-content\"><span class=\"x-graphic\" aria-hidden=\"true\"><i class=\"x-icon x-graphic-child x-graphic-icon x-graphic-primary\" aria-hidden=\"true\" data-x-icon-s=\"&#xf0c0;\"><\/i><\/span><div class=\"x-text-content-text\"><h1 class=\"x-text-content-text-primary\">L'\u00e9quipe<\/h1>\n<\/div><\/div><\/div><div id=\"\" class=\"x-text\" style=\"\" ><p><strong>Responsable :<\/strong><br \/>\nMme Adeline COUSIN<br \/>\n<strong>M\u00e9decin Coordonnateur :<\/strong><br \/>\nDr Virginie VAN LEEUWEN<br \/>\n<strong>Infirmier Coordonnateur :<\/strong><br \/>\nTiphanie D'HAEYER<\/p>\n<\/div><\/div><div  class=\"x-column x-sm x-1-3\" style=\"padding: 0px;\" ><div class=\"x-text x-text-headline has-graphic e1107-e36 mur-0 mur-1 mur-6\"><div class=\"x-text-content\"><span class=\"x-graphic\" aria-hidden=\"true\"><i class=\"x-icon x-graphic-child x-graphic-icon x-graphic-primary\" aria-hidden=\"true\" data-x-icon-s=\"&#xf017;\"><\/i><\/span><div class=\"x-text-content-text\"><h1 class=\"x-text-content-text-primary\">Accueil<\/h1>\n<\/div><\/div><\/div><div id=\"\" class=\"x-text\" style=\"\" ><p>Du lundi au vendredi :<br \/>\nDe 09H00 \u00e0 12H00<br \/>\nDe 13H30 \u00e0 17H00<\/p>\n<\/div><\/div><div  class=\"x-column x-sm x-1-3\" style=\"padding: 0px;\" >&nbsp;<\/div><\/div><\/div><div id=\"x-section-6\" class=\"x-section\" style=\"margin: 0px;padding: 0px; background-color: transparent;\" ><div id=\"\" class=\"x-container\" style=\"margin: 0px auto;padding: 0px;\" ><\/div><\/div><div id=\"x-section-7\" class=\"x-section\" style=\"margin: 0px;padding: 0px; background-color: transparent;\" ><div id=\"\" class=\"x-container\" style=\"margin: 0px auto;padding: 0px;\" ><div  class=\"x-column x-sm x-1-1\" style=\"padding: 0px;\" ><div class=\"x-text x-text-headline has-graphic e1107-e44 mur-0 mur-1 mur-3 mur-4\"><div class=\"x-text-content\"><span class=\"x-graphic\" aria-hidden=\"true\"><i class=\"x-icon x-graphic-child x-graphic-icon x-graphic-primary\" aria-hidden=\"true\" data-x-icon-s=\"&#xf15c;\"><\/i><\/span><div class=\"x-text-content-text\"><h2 class=\"x-text-content-text-primary\">Plus d'informations pratiques<\/h2>\n<\/div><\/div><\/div><hr  class=\"x-hr\" style=\"border-top-width: 1px;width: 100%;\"><\/div><\/div><\/div><div id=\"x-section-8\" class=\"x-section\" style=\"margin: 0px;padding: 0px; background-color: transparent;\" ><div id=\"\" class=\"x-container\" style=\"margin: 0px auto;padding: 0px;\" ><div  class=\"x-column x-sm x-1-2\" style=\"padding: 0px;\" ><div id=\"\" class=\"x-text\" style=\"\" ><p><i  class=\"x-icon x-icon-file-text-o\" data-x-icon-s=\"&#xf15c;\" aria-hidden=\"true\"><\/i> <a href=\"https:\/\/www.sivom-bethunois.fr\/wp-content\/uploads\/2024\/05\/EHPAD-Curie-Reglement-de-fonctionnement-UVA.pdf\" target=\"_blank\" rel=\"noopener\">R\u00e8glement de fonctionnement UVA<\/a><br \/>\n<i  class=\"x-icon x-icon-file-text-o\" data-x-icon-s=\"&#xf15c;\" aria-hidden=\"true\"><\/i> <a href=\"https:\/\/www.sivom-bethunois.fr\/wp-content\/uploads\/2024\/05\/EHPAD-Curie-Arrete-Personnes-qualifiees-Pas-de-Calais-29.06.2021.pdf\" target=\"_blank\" rel=\"noopener\">Arr\u00eat\u00e9 Personnes qualifi\u00e9es - Pas-de-Calais - 29.06.2021<\/a><br \/>\n<i  class=\"x-icon x-icon-file-text-o\" data-x-icon-s=\"&#xf15c;\" aria-hidden=\"true\"><\/i> <a href=\"https:\/\/www.sivom-bethunois.fr\/wp-content\/uploads\/2024\/05\/EHPAD-Curie-Cerfa_14732-03-Dossier-de-demande-dadmission-en-EHPAD.pdf\" target=\"_blank\" rel=\"noopener\">Cerfa_14732-03 Dossier de demande d'admission en EHPAD<\/a><br \/>\n<i  class=\"x-icon x-icon-file-text-o\" data-x-icon-s=\"&#xf15c;\" aria-hidden=\"true\"><\/i> <a href=\"https:\/\/www.sivom-bethunois.fr\/wp-content\/uploads\/2024\/05\/EHPAD-Curie-Charte-des-droits-et-des-libertes-de-la-personne-agee-en-situation-de-handicap-ou-de-dependance.pdf\" target=\"_blank\" rel=\"noopener\">Charte des droits et des libert\u00e9s de la personne \u00e2g\u00e9e en situation de handicap ou de d\u00e9pendance<\/a><br \/>\n<i  class=\"x-icon x-icon-file-text-o\" data-x-icon-s=\"&#xf15c;\" aria-hidden=\"true\"><\/i> <a href=\"https:\/\/www.sivom-bethunois.fr\/wp-content\/uploads\/2024\/05\/EHPAD-Curie-Charte-des-droits-et-libertes-de-la-Personne-accueillie.pdf\" target=\"_blank\" rel=\"noopener\">Charte des droits et libert\u00e9s de la Personne accueillie<\/a><\/p>\n<\/div><\/div><div  class=\"x-column x-sm x-1-2\" style=\"padding: 0px;\" ><div id=\"\" class=\"x-text\" style=\"\" ><p><i  class=\"x-icon x-icon-file-text-o\" data-x-icon-s=\"&#xf15c;\" aria-hidden=\"true\"><\/i> <a href=\"https:\/\/www.sivom-bethunois.fr\/wp-content\/uploads\/2024\/05\/EHPAD-Curie-Contrat-de-sejour-classique.pdf\" target=\"_blank\" rel=\"noopener\">Contrat de s\u00e9jour classique<\/a><br \/>\n<i  class=\"x-icon x-icon-file-text-o\" data-x-icon-s=\"&#xf15c;\" aria-hidden=\"true\"><\/i> <a href=\"https:\/\/www.sivom-bethunois.fr\/wp-content\/uploads\/2024\/05\/EHPAD-Curie-Contrat-de-Sejour-UVA.pdf\" target=\"_blank\" rel=\"noopener\">Contrat de S\u00e9jour UVA<\/a><br \/>\n<i  class=\"x-icon x-icon-file-text-o\" data-x-icon-s=\"&#xf15c;\" aria-hidden=\"true\"><\/i> <a href=\"https:\/\/www.sivom-bethunois.fr\/wp-content\/uploads\/2024\/05\/EHPAD-Curie-Livret-daccueil.pdf\" target=\"_blank\" rel=\"noopener\">Livret d'accueil<\/a><br \/>\n<i  class=\"x-icon x-icon-file-text-o\" data-x-icon-s=\"&#xf15c;\" aria-hidden=\"true\"><\/i> <a href=\"https:\/\/www.sivom-bethunois.fr\/wp-content\/uploads\/2024\/05\/EHPAD-Curie-Reglement-de-fonctionnement-classique.pdf\" target=\"_blank\" rel=\"noopener\">R\u00e8glement de fonctionnement classique<\/a><br \/>\n<i  class=\"x-icon x-icon-file-text-o\" data-x-icon-s=\"&#xf15c;\" aria-hidden=\"true\"><\/i> <a href=\"https:\/\/www.sivom-bethunois.fr\/wp-content\/uploads\/2025\/09\/Depliant-EHPAD-2025-SIVOM-du-Bethunois.pdf\" target=\"_blank\" rel=\"noopener\">D\u00e9pliant de pr\u00e9sentation de l'\u00e9tablissement<\/a><\/p>\n<\/div><\/div><\/div><\/div><div id=\"x-section-9\" class=\"x-section\" style=\"margin: 0px;padding: 0px; background-color: transparent;\" ><div id=\"\" class=\"x-container\" style=\"margin: 0px auto;padding: 0px;\" ><div  class=\"x-column x-sm x-1-1\" style=\"padding: 0px;\" ><hr  class=\"x-hr\" style=\"border-top-width: 1px;width: 100%;\"><\/div><\/div><\/div><\/div>\n","protected":false},"excerpt":{"rendered":"<p>L&rsquo;EHPAD MARIE CURIE Coordonn\u00e9es 8bis, Rue Jules Weppe62660 BEUVRY03.21.65.24.44ehpad.curie@sivom-bethunois.frL&rsquo;EHPAD Marie Curie est implant\u00e9 \u00e0 Beuvry, dans une zone semi-rurale desservie par une ligne de transport en commun. C&rsquo;est un \u00c9tablissement d&rsquo;H\u00e9bergement pour Personnes \u00c2g\u00e9es D\u00e9pendantes d&rsquo;une capacit\u00e9 de 60 lits. Il accueille des personnes de plus de 60 ans (sauf d\u00e9rogation du Conseil D\u00e9partemental), valides ou d\u00e9pendantes, sans discrimination financi\u00e8re. &#8230; <a href=\"https:\/\/www.sivom-bethunois.fr\/index.php\/social\/ehpad\/curie\/\" class=\"more-link\">Read More<\/a><\/p>\n","protected":false},"author":35,"featured_media":0,"parent":1047,"menu_order":0,"comment_status":"closed","ping_status":"closed","template":"","meta":{"_monsterinsights_skip_tracking":false,"_monsterinsights_sitenote_active":false,"_monsterinsights_sitenote_note":"","_monsterinsights_sitenote_category":0,"footnotes":""},"class_list":["post-1107","page","type-page","status-publish","hentry","no-post-thumbnail"],"yoast_head":"<!-- This site is optimized with the Yoast SEO plugin v27.5 - https:\/\/yoast.com\/product\/yoast-seo-wordpress\/ -->\n<title>L&#039;EHPAD Marie Curie g\u00e9r\u00e9 par le SIVOM du B\u00e9thunois<\/title>\n<meta name=\"description\" content=\"L&#039;EHPAD Marie Curie de Beuvry accueille les personnes de plus de 60 ans, valides, d\u00e9pendantes ou souffrant de la maladie d&#039;Alzheimer.\" \/>\n<meta name=\"robots\" content=\"index, follow, max-snippet:-1, max-image-preview:large, max-video-preview:-1\" \/>\n<link rel=\"canonical\" href=\"https:\/\/www.sivom-bethunois.fr\/index.php\/social\/ehpad\/curie\/\" \/>\n<meta property=\"og:locale\" content=\"fr_FR\" \/>\n<meta property=\"og:type\" content=\"article\" \/>\n<meta property=\"og:title\" content=\"L&#039;EHPAD Marie Curie g\u00e9r\u00e9 par le SIVOM du B\u00e9thunois\" \/>\n<meta property=\"og:description\" content=\"L&#039;EHPAD Marie Curie de Beuvry accueille les personnes de plus de 60 ans, valides, d\u00e9pendantes ou souffrant de la maladie d&#039;Alzheimer.\" \/>\n<meta property=\"og:url\" content=\"https:\/\/www.sivom-bethunois.fr\/index.php\/social\/ehpad\/curie\/\" \/>\n<meta property=\"og:site_name\" content=\"SIVOM de la Communaut\u00e9 du B\u00e9thunois\" \/>\n<meta property=\"article:publisher\" content=\"https:\/\/www.facebook.com\/sivom.bethunois\" \/>\n<meta property=\"article:modified_time\" content=\"2026-04-14T09:04:50+00:00\" \/>\n<meta name=\"twitter:card\" content=\"summary_large_image\" \/>\n<meta name=\"twitter:label1\" content=\"Dur\u00e9e de lecture estim\u00e9e\" \/>\n\t<meta name=\"twitter:data1\" content=\"7 minutes\" \/>\n<script type=\"application\/ld+json\" class=\"yoast-schema-graph\">{\"@context\":\"https:\\\/\\\/schema.org\",\"@graph\":[{\"@type\":\"WebPage\",\"@id\":\"https:\\\/\\\/www.sivom-bethunois.fr\\\/index.php\\\/social\\\/ehpad\\\/curie\\\/\",\"url\":\"https:\\\/\\\/www.sivom-bethunois.fr\\\/index.php\\\/social\\\/ehpad\\\/curie\\\/\",\"name\":\"L'EHPAD Marie Curie g\u00e9r\u00e9 par le SIVOM du B\u00e9thunois\",\"isPartOf\":{\"@id\":\"https:\\\/\\\/www.sivom-bethunois.fr\\\/#website\"},\"datePublished\":\"2016-10-22T16:16:56+00:00\",\"dateModified\":\"2026-04-14T09:04:50+00:00\",\"description\":\"L'EHPAD Marie Curie de Beuvry accueille les personnes de plus de 60 ans, valides, d\u00e9pendantes ou souffrant de la maladie d'Alzheimer.\",\"breadcrumb\":{\"@id\":\"https:\\\/\\\/www.sivom-bethunois.fr\\\/index.php\\\/social\\\/ehpad\\\/curie\\\/#breadcrumb\"},\"inLanguage\":\"fr-FR\",\"potentialAction\":[{\"@type\":\"ReadAction\",\"target\":[\"https:\\\/\\\/www.sivom-bethunois.fr\\\/index.php\\\/social\\\/ehpad\\\/curie\\\/\"]}]},{\"@type\":\"BreadcrumbList\",\"@id\":\"https:\\\/\\\/www.sivom-bethunois.fr\\\/index.php\\\/social\\\/ehpad\\\/curie\\\/#breadcrumb\",\"itemListElement\":[{\"@type\":\"ListItem\",\"position\":1,\"name\":\"Accueil\",\"item\":\"https:\\\/\\\/www.sivom-bethunois.fr\\\/\"},{\"@type\":\"ListItem\",\"position\":2,\"name\":\"Solidarit\u00e9\",\"item\":\"https:\\\/\\\/www.sivom-bethunois.fr\\\/index.php\\\/social\\\/\"},{\"@type\":\"ListItem\",\"position\":3,\"name\":\"EHPAD\",\"item\":\"https:\\\/\\\/www.sivom-bethunois.fr\\\/index.php\\\/social\\\/ehpad\\\/\"},{\"@type\":\"ListItem\",\"position\":4,\"name\":\"EHPAD Curie\"}]},{\"@type\":\"WebSite\",\"@id\":\"https:\\\/\\\/www.sivom-bethunois.fr\\\/#website\",\"url\":\"https:\\\/\\\/www.sivom-bethunois.fr\\\/\",\"name\":\"SIVOM de la Communaut\u00e9 du B\u00e9thunois\",\"description\":\"Acteur de votre quotidien\",\"publisher\":{\"@id\":\"https:\\\/\\\/www.sivom-bethunois.fr\\\/#organization\"},\"potentialAction\":[{\"@type\":\"SearchAction\",\"target\":{\"@type\":\"EntryPoint\",\"urlTemplate\":\"https:\\\/\\\/www.sivom-bethunois.fr\\\/?s={search_term_string}\"},\"query-input\":{\"@type\":\"PropertyValueSpecification\",\"valueRequired\":true,\"valueName\":\"search_term_string\"}}],\"inLanguage\":\"fr-FR\"},{\"@type\":\"Organization\",\"@id\":\"https:\\\/\\\/www.sivom-bethunois.fr\\\/#organization\",\"name\":\"SIVOM de la Communaut\u00e9 du B\u00e9thunois\",\"url\":\"https:\\\/\\\/www.sivom-bethunois.fr\\\/\",\"logo\":{\"@type\":\"ImageObject\",\"inLanguage\":\"fr-FR\",\"@id\":\"https:\\\/\\\/www.sivom-bethunois.fr\\\/#\\\/schema\\\/logo\\\/image\\\/\",\"url\":\"https:\\\/\\\/www.sivom-bethunois.fr\\\/wp-content\\\/uploads\\\/2024\\\/07\\\/cropped-Logo-DG-site.png\",\"contentUrl\":\"https:\\\/\\\/www.sivom-bethunois.fr\\\/wp-content\\\/uploads\\\/2024\\\/07\\\/cropped-Logo-DG-site.png\",\"width\":512,\"height\":512,\"caption\":\"SIVOM de la Communaut\u00e9 du B\u00e9thunois\"},\"image\":{\"@id\":\"https:\\\/\\\/www.sivom-bethunois.fr\\\/#\\\/schema\\\/logo\\\/image\\\/\"},\"sameAs\":[\"https:\\\/\\\/www.facebook.com\\\/sivom.bethunois\"]}]}<\/script>\n<!-- \/ Yoast SEO plugin. -->","yoast_head_json":{"title":"L'EHPAD Marie Curie g\u00e9r\u00e9 par le SIVOM du B\u00e9thunois","description":"L'EHPAD Marie Curie de Beuvry accueille les personnes de plus de 60 ans, valides, d\u00e9pendantes ou souffrant de la maladie d'Alzheimer.","robots":{"index":"index","follow":"follow","max-snippet":"max-snippet:-1","max-image-preview":"max-image-preview:large","max-video-preview":"max-video-preview:-1"},"canonical":"https:\/\/www.sivom-bethunois.fr\/index.php\/social\/ehpad\/curie\/","og_locale":"fr_FR","og_type":"article","og_title":"L'EHPAD Marie Curie g\u00e9r\u00e9 par le SIVOM du B\u00e9thunois","og_description":"L'EHPAD Marie Curie de Beuvry accueille les personnes de plus de 60 ans, valides, d\u00e9pendantes ou souffrant de la maladie d'Alzheimer.","og_url":"https:\/\/www.sivom-bethunois.fr\/index.php\/social\/ehpad\/curie\/","og_site_name":"SIVOM de la Communaut\u00e9 du B\u00e9thunois","article_publisher":"https:\/\/www.facebook.com\/sivom.bethunois","article_modified_time":"2026-04-14T09:04:50+00:00","twitter_card":"summary_large_image","twitter_misc":{"Dur\u00e9e de lecture estim\u00e9e":"7 minutes"},"schema":{"@context":"https:\/\/schema.org","@graph":[{"@type":"WebPage","@id":"https:\/\/www.sivom-bethunois.fr\/index.php\/social\/ehpad\/curie\/","url":"https:\/\/www.sivom-bethunois.fr\/index.php\/social\/ehpad\/curie\/","name":"L'EHPAD Marie Curie g\u00e9r\u00e9 par le SIVOM du B\u00e9thunois","isPartOf":{"@id":"https:\/\/www.sivom-bethunois.fr\/#website"},"datePublished":"2016-10-22T16:16:56+00:00","dateModified":"2026-04-14T09:04:50+00:00","description":"L'EHPAD Marie Curie de Beuvry accueille les personnes de plus de 60 ans, valides, d\u00e9pendantes ou souffrant de la maladie d'Alzheimer.","breadcrumb":{"@id":"https:\/\/www.sivom-bethunois.fr\/index.php\/social\/ehpad\/curie\/#breadcrumb"},"inLanguage":"fr-FR","potentialAction":[{"@type":"ReadAction","target":["https:\/\/www.sivom-bethunois.fr\/index.php\/social\/ehpad\/curie\/"]}]},{"@type":"BreadcrumbList","@id":"https:\/\/www.sivom-bethunois.fr\/index.php\/social\/ehpad\/curie\/#breadcrumb","itemListElement":[{"@type":"ListItem","position":1,"name":"Accueil","item":"https:\/\/www.sivom-bethunois.fr\/"},{"@type":"ListItem","position":2,"name":"Solidarit\u00e9","item":"https:\/\/www.sivom-bethunois.fr\/index.php\/social\/"},{"@type":"ListItem","position":3,"name":"EHPAD","item":"https:\/\/www.sivom-bethunois.fr\/index.php\/social\/ehpad\/"},{"@type":"ListItem","position":4,"name":"EHPAD Curie"}]},{"@type":"WebSite","@id":"https:\/\/www.sivom-bethunois.fr\/#website","url":"https:\/\/www.sivom-bethunois.fr\/","name":"SIVOM de la Communaut\u00e9 du B\u00e9thunois","description":"Acteur de votre quotidien","publisher":{"@id":"https:\/\/www.sivom-bethunois.fr\/#organization"},"potentialAction":[{"@type":"SearchAction","target":{"@type":"EntryPoint","urlTemplate":"https:\/\/www.sivom-bethunois.fr\/?s={search_term_string}"},"query-input":{"@type":"PropertyValueSpecification","valueRequired":true,"valueName":"search_term_string"}}],"inLanguage":"fr-FR"},{"@type":"Organization","@id":"https:\/\/www.sivom-bethunois.fr\/#organization","name":"SIVOM de la Communaut\u00e9 du B\u00e9thunois","url":"https:\/\/www.sivom-bethunois.fr\/","logo":{"@type":"ImageObject","inLanguage":"fr-FR","@id":"https:\/\/www.sivom-bethunois.fr\/#\/schema\/logo\/image\/","url":"https:\/\/www.sivom-bethunois.fr\/wp-content\/uploads\/2024\/07\/cropped-Logo-DG-site.png","contentUrl":"https:\/\/www.sivom-bethunois.fr\/wp-content\/uploads\/2024\/07\/cropped-Logo-DG-site.png","width":512,"height":512,"caption":"SIVOM de la Communaut\u00e9 du B\u00e9thunois"},"image":{"@id":"https:\/\/www.sivom-bethunois.fr\/#\/schema\/logo\/image\/"},"sameAs":["https:\/\/www.facebook.com\/sivom.bethunois"]}]}},"_links":{"self":[{"href":"https:\/\/www.sivom-bethunois.fr\/index.php\/wp-json\/wp\/v2\/pages\/1107","targetHints":{"allow":["GET"]}}],"collection":[{"href":"https:\/\/www.sivom-bethunois.fr\/index.php\/wp-json\/wp\/v2\/pages"}],"about":[{"href":"https:\/\/www.sivom-bethunois.fr\/index.php\/wp-json\/wp\/v2\/types\/page"}],"author":[{"embeddable":true,"href":"https:\/\/www.sivom-bethunois.fr\/index.php\/wp-json\/wp\/v2\/users\/35"}],"replies":[{"embeddable":true,"href":"https:\/\/www.sivom-bethunois.fr\/index.php\/wp-json\/wp\/v2\/comments?post=1107"}],"version-history":[{"count":168,"href":"https:\/\/www.sivom-bethunois.fr\/index.php\/wp-json\/wp\/v2\/pages\/1107\/revisions"}],"predecessor-version":[{"id":15998,"href":"https:\/\/www.sivom-bethunois.fr\/index.php\/wp-json\/wp\/v2\/pages\/1107\/revisions\/15998"}],"up":[{"embeddable":true,"href":"https:\/\/www.sivom-bethunois.fr\/index.php\/wp-json\/wp\/v2\/pages\/1047"}],"wp:attachment":[{"href":"https:\/\/www.sivom-bethunois.fr\/index.php\/wp-json\/wp\/v2\/media?parent=1107"}],"curies":[{"name":"wp","href":"https:\/\/api.w.org\/{rel}","templated":true}]}}