{"id":1094,"date":"2016-10-10T00:28:41","date_gmt":"2016-10-09T23:28:41","guid":{"rendered":"http:\/\/www.sivom-bethunois.xyz\/?page_id=1094"},"modified":"2026-01-05T14:55:29","modified_gmt":"2026-01-05T13:55:29","slug":"accueil-2","status":"publish","type":"page","link":"https:\/\/www.sivom-bethunois.fr\/","title":{"rendered":"Le SIVOM"},"content":{"rendered":"\t\t<div data-elementor-type=\"wp-page\" data-elementor-id=\"1094\" class=\"elementor elementor-1094\">\n\t\t\t\t\t\t<section class=\"elementor-section elementor-top-section elementor-element elementor-element-630de36 elementor-section-boxed elementor-section-height-default elementor-section-height-default\" data-id=\"630de36\" data-element_type=\"section\" data-e-type=\"section\">\n\t\t\t\t\t\t<div class=\"elementor-container elementor-column-gap-default\">\n\t\t\t\t\t<div class=\"elementor-column elementor-col-100 elementor-top-column elementor-element elementor-element-6619d45\" data-id=\"6619d45\" data-element_type=\"column\" data-e-type=\"column\">\n\t\t\t<div class=\"elementor-widget-wrap elementor-element-populated\">\n\t\t\t\t\t\t<div class=\"elementor-element elementor-element-94c5432 elementor-widget elementor-widget-shortcode\" data-id=\"94c5432\" data-element_type=\"widget\" data-e-type=\"widget\" data-widget_type=\"shortcode.default\">\n\t\t\t\t<div class=\"elementor-widget-container\">\n\t\t\t\t\t\t\t<div class=\"elementor-shortcode\"><div style=\"width: 100%;\"><div style=\"position: relative; padding-bottom: 70.5%; padding-top: 0; height: 0;\"><iframe title=\"Carte 2026 - SIVOM du B\u00e9thunois\" frameborder=\"0\" width=\"1200\" height=\"846\" style=\"position: absolute; top: 0; left: 0; width: 100%; height: 100%;\" src=\"https:\/\/view.genially.com\/695bbe2dc4ae20d085d84b8b\" type=\"text\/html\" allowscriptaccess=\"always\" allowfullscreen=\"true\" scrolling=\"yes\" allownetworking=\"all\"><\/iframe> <\/div> <\/div><\/div>\n\t\t\t\t\t\t<\/div>\n\t\t\t\t<\/div>\n\t\t\t\t\t<\/div>\n\t\t<\/div>\n\t\t\t\t\t<\/div>\n\t\t<\/section>\n\t\t\t\t<section class=\"elementor-section elementor-top-section elementor-element elementor-element-1eb41d69 elementor-section-content-middle elementor-section-boxed elementor-section-height-default elementor-section-height-default\" data-id=\"1eb41d69\" data-element_type=\"section\" data-e-type=\"section\">\n\t\t\t\t\t\t<div class=\"elementor-container elementor-column-gap-no\">\n\t\t\t\t\t<div class=\"elementor-column elementor-col-100 elementor-top-column elementor-element elementor-element-394a4ee7\" data-id=\"394a4ee7\" data-element_type=\"column\" data-e-type=\"column\">\n\t\t\t<div class=\"elementor-widget-wrap elementor-element-populated\">\n\t\t\t\t\t\t<div class=\"elementor-element elementor-element-20357d1 elementor-widget elementor-widget-heading\" data-id=\"20357d1\" data-element_type=\"widget\" data-e-type=\"widget\" data-widget_type=\"heading.default\">\n\t\t\t\t<div class=\"elementor-widget-container\">\n\t\t\t\t\t<h4 class=\"elementor-heading-title elementor-size-default\">DES SERVICES POUR CHACUN D'ENTRE VOUS<\/h4>\t\t\t\t<\/div>\n\t\t\t\t<\/div>\n\t\t\t\t<section class=\"elementor-section elementor-inner-section elementor-element elementor-element-598b2294 elementor-section-content-middle elementor-section-boxed elementor-section-height-default elementor-section-height-default\" data-id=\"598b2294\" data-element_type=\"section\" data-e-type=\"section\">\n\t\t\t\t\t\t<div class=\"elementor-container elementor-column-gap-no\">\n\t\t\t\t\t<div class=\"elementor-column elementor-col-50 elementor-inner-column elementor-element elementor-element-5aafa442\" data-id=\"5aafa442\" data-element_type=\"column\" data-e-type=\"column\">\n\t\t\t<div class=\"elementor-widget-wrap elementor-element-populated\">\n\t\t\t\t\t\t<div class=\"elementor-element elementor-element-14c4cab0 elementor-position-top elementor-widget elementor-widget-image-box\" data-id=\"14c4cab0\" data-element_type=\"widget\" data-e-type=\"widget\" data-widget_type=\"image-box.default\">\n\t\t\t\t<div class=\"elementor-widget-container\">\n\t\t\t\t\t<div class=\"elementor-image-box-wrapper\"><figure class=\"elementor-image-box-img\"><a href=\"https:\/\/www.sivom-bethunois.fr\/index.php\/accueil-2\/marches\/\" tabindex=\"-1\"><img fetchpriority=\"high\" decoding=\"async\" width=\"690\" height=\"345\" src=\"https:\/\/www.sivom-bethunois.fr\/wp-content\/uploads\/2021\/06\/Marches-publics-titre.png\" class=\"attachment-full size-full wp-image-9811\" alt=\"March\u00e9s publics\" srcset=\"https:\/\/www.sivom-bethunois.fr\/wp-content\/uploads\/2021\/06\/Marches-publics-titre.png 690w, https:\/\/www.sivom-bethunois.fr\/wp-content\/uploads\/2021\/06\/Marches-publics-titre-300x150.png 300w, https:\/\/www.sivom-bethunois.fr\/wp-content\/uploads\/2021\/06\/Marches-publics-titre-150x75.png 150w, https:\/\/www.sivom-bethunois.fr\/wp-content\/uploads\/2021\/06\/Marches-publics-titre-500x250.png 500w, https:\/\/www.sivom-bethunois.fr\/wp-content\/uploads\/2021\/06\/Marches-publics-titre-100x50.png 100w\" sizes=\"(max-width: 690px) 100vw, 690px\" \/><\/a><\/figure><div class=\"elementor-image-box-content\"><p class=\"elementor-image-box-description\">Le SIVOM met en ligne l'ensemble de ses march\u00e9s publics.<\/p><\/div><\/div>\t\t\t\t<\/div>\n\t\t\t\t<\/div>\n\t\t\t\t\t<\/div>\n\t\t<\/div>\n\t\t\t\t<div class=\"elementor-column elementor-col-50 elementor-inner-column elementor-element elementor-element-575ba9c2\" data-id=\"575ba9c2\" data-element_type=\"column\" data-e-type=\"column\">\n\t\t\t<div class=\"elementor-widget-wrap elementor-element-populated\">\n\t\t\t\t\t\t<div class=\"elementor-element elementor-element-4e9e13cc elementor-position-top elementor-widget elementor-widget-image-box\" data-id=\"4e9e13cc\" data-element_type=\"widget\" data-e-type=\"widget\" data-widget_type=\"image-box.default\">\n\t\t\t\t<div class=\"elementor-widget-container\">\n\t\t\t\t\t<div class=\"elementor-image-box-wrapper\"><figure class=\"elementor-image-box-img\"><a href=\"https:\/\/www.sivom-bethunois.fr\/index.php\/accueil-2\/emploi-2\/\" tabindex=\"-1\"><img decoding=\"async\" width=\"690\" height=\"345\" src=\"https:\/\/www.sivom-bethunois.fr\/wp-content\/uploads\/2021\/06\/Recrutement-titre.png\" class=\"attachment-full size-full wp-image-9812\" alt=\"\" srcset=\"https:\/\/www.sivom-bethunois.fr\/wp-content\/uploads\/2021\/06\/Recrutement-titre.png 690w, https:\/\/www.sivom-bethunois.fr\/wp-content\/uploads\/2021\/06\/Recrutement-titre-300x150.png 300w, https:\/\/www.sivom-bethunois.fr\/wp-content\/uploads\/2021\/06\/Recrutement-titre-150x75.png 150w, https:\/\/www.sivom-bethunois.fr\/wp-content\/uploads\/2021\/06\/Recrutement-titre-500x250.png 500w, https:\/\/www.sivom-bethunois.fr\/wp-content\/uploads\/2021\/06\/Recrutement-titre-100x50.png 100w\" sizes=\"(max-width: 690px) 100vw, 690px\" \/><\/a><\/figure><div class=\"elementor-image-box-content\"><p class=\"elementor-image-box-description\">Retrouvez toutes les offres d'emploi \u00e0 pourvoir actuellement au SIVOM.<\/p><\/div><\/div>\t\t\t\t<\/div>\n\t\t\t\t<\/div>\n\t\t\t\t\t<\/div>\n\t\t<\/div>\n\t\t\t\t\t<\/div>\n\t\t<\/section>\n\t\t\t\t<div class=\"elementor-element elementor-element-428593a3 elementor-align-center elementor-widget elementor-widget-button\" data-id=\"428593a3\" data-element_type=\"widget\" data-e-type=\"widget\" data-widget_type=\"button.default\">\n\t\t\t\t<div class=\"elementor-widget-container\">\n\t\t\t\t\t\t\t\t\t<div class=\"elementor-button-wrapper\">\n\t\t\t\t\t<a class=\"elementor-button elementor-button-link elementor-size-sm elementor-animation-grow\" href=\"https:\/\/www.sivom-bethunois.fr\/index.php\/accueil-2\/marches\/\">\n\t\t\t\t\t\t<span class=\"elementor-button-content-wrapper\">\n\t\t\t\t\t\t\t\t\t<span class=\"elementor-button-text\">Consulter les march\u00e9s publics<\/span>\n\t\t\t\t\t<\/span>\n\t\t\t\t\t<\/a>\n\t\t\t\t<\/div>\n\t\t\t\t\t\t\t\t<\/div>\n\t\t\t\t<\/div>\n\t\t\t\t<div class=\"elementor-element elementor-element-b51c317 elementor-align-center elementor-widget elementor-widget-button\" data-id=\"b51c317\" data-element_type=\"widget\" data-e-type=\"widget\" data-widget_type=\"button.default\">\n\t\t\t\t<div class=\"elementor-widget-container\">\n\t\t\t\t\t\t\t\t\t<div class=\"elementor-button-wrapper\">\n\t\t\t\t\t<a class=\"elementor-button elementor-button-link elementor-size-sm elementor-animation-grow\" href=\"https:\/\/www.sivom-bethunois.fr\/index.php\/accueil-2\/emploi-2\/\">\n\t\t\t\t\t\t<span class=\"elementor-button-content-wrapper\">\n\t\t\t\t\t\t\t\t\t<span class=\"elementor-button-text\">Consulter les offres d'emploi<\/span>\n\t\t\t\t\t<\/span>\n\t\t\t\t\t<\/a>\n\t\t\t\t<\/div>\n\t\t\t\t\t\t\t\t<\/div>\n\t\t\t\t<\/div>\n\t\t\t\t\t<\/div>\n\t\t<\/div>\n\t\t\t\t\t<\/div>\n\t\t<\/section>\n\t\t\t\t<section class=\"elementor-section elementor-top-section elementor-element elementor-element-cf7e980 elementor-section-boxed elementor-section-height-default elementor-section-height-default\" data-id=\"cf7e980\" data-element_type=\"section\" data-e-type=\"section\">\n\t\t\t\t\t\t<div class=\"elementor-container elementor-column-gap-default\">\n\t\t\t\t\t<div class=\"elementor-column elementor-col-100 elementor-top-column elementor-element elementor-element-4d24bd4\" data-id=\"4d24bd4\" data-element_type=\"column\" data-e-type=\"column\">\n\t\t\t<div class=\"elementor-widget-wrap elementor-element-populated\">\n\t\t\t\t\t\t<div class=\"elementor-element elementor-element-c7ddce8 elementor-align-center elementor-widget elementor-widget-button\" data-id=\"c7ddce8\" data-element_type=\"widget\" data-e-type=\"widget\" data-widget_type=\"button.default\">\n\t\t\t\t<div class=\"elementor-widget-container\">\n\t\t\t\t\t\t\t\t\t<div class=\"elementor-button-wrapper\">\n\t\t\t\t\t<a class=\"elementor-button elementor-button-link elementor-size-xl elementor-animation-shrink\" href=\"https:\/\/www.sivom-bethunois.fr\/index.php\/accueil-2\/contact\/\">\n\t\t\t\t\t\t<span class=\"elementor-button-content-wrapper\">\n\t\t\t\t\t\t<span class=\"elementor-button-icon\">\n\t\t\t\t<i aria-hidden=\"true\" class=\"fas fa-mail-bulk\"><\/i>\t\t\t<\/span>\n\t\t\t\t\t\t\t\t\t<span class=\"elementor-button-text\">NOUS CONTACTER<\/span>\n\t\t\t\t\t<\/span>\n\t\t\t\t\t<\/a>\n\t\t\t\t<\/div>\n\t\t\t\t\t\t\t\t<\/div>\n\t\t\t\t<\/div>\n\t\t\t\t\t<\/div>\n\t\t<\/div>\n\t\t\t\t\t<\/div>\n\t\t<\/section>\n\t\t\t\t<\/div>\n\t\t","protected":false},"excerpt":{"rendered":"<p>DES SERVICES POUR CHACUN D&rsquo;ENTRE VOUS Le SIVOM met en ligne l&rsquo;ensemble de ses march\u00e9s publics. Retrouvez toutes les offres d&#8217;emploi \u00e0 pourvoir actuellement au SIVOM. Consulter les march\u00e9s publics Consulter les offres d&#8217;emploi NOUS CONTACTER<\/p>\n","protected":false},"author":35,"featured_media":0,"parent":0,"menu_order":0,"comment_status":"closed","ping_status":"closed","template":"","meta":{"_monsterinsights_skip_tracking":false,"_monsterinsights_sitenote_active":false,"_monsterinsights_sitenote_note":"","_monsterinsights_sitenote_category":0,"footnotes":""},"class_list":["post-1094","page","type-page","status-publish","hentry","no-post-thumbnail"],"yoast_head":"<!-- This site is optimized with the Yoast SEO plugin v27.5 - https:\/\/yoast.com\/product\/yoast-seo-wordpress\/ -->\n<title>Le SIVOM du B\u00e9thunois, Acteur de votre quotidien<\/title>\n<meta name=\"description\" content=\"Les agents du SIVOM agissent au quotidien dans 36 domaines de comp\u00e9tences pour plus de 124 000 habitants issus de 31 communes du B\u00e9thunois.\" \/>\n<meta name=\"robots\" content=\"index, follow, max-snippet:-1, max-image-preview:large, max-video-preview:-1\" \/>\n<link rel=\"canonical\" href=\"https:\/\/www.sivom-bethunois.fr\/\" \/>\n<meta property=\"og:locale\" content=\"fr_FR\" \/>\n<meta property=\"og:type\" content=\"article\" \/>\n<meta property=\"og:title\" content=\"Le SIVOM du B\u00e9thunois, Acteur de votre quotidien\" \/>\n<meta property=\"og:description\" content=\"Les agents du SIVOM agissent au quotidien dans 36 domaines de comp\u00e9tences pour plus de 124 000 habitants issus de 31 communes du B\u00e9thunois.\" \/>\n<meta property=\"og:url\" content=\"https:\/\/www.sivom-bethunois.fr\/\" \/>\n<meta property=\"og:site_name\" content=\"SIVOM de la Communaut\u00e9 du B\u00e9thunois\" \/>\n<meta property=\"article:publisher\" content=\"https:\/\/www.facebook.com\/sivom.bethunois\" \/>\n<meta property=\"article:modified_time\" content=\"2026-01-05T13:55:29+00:00\" \/>\n<meta property=\"og:image\" content=\"https:\/\/www.sivom-bethunois.fr\/wp-content\/uploads\/2021\/06\/Marches-publics-titre.png\" \/>\n\t<meta property=\"og:image:width\" content=\"690\" \/>\n\t<meta property=\"og:image:height\" content=\"345\" \/>\n\t<meta property=\"og:image:type\" content=\"image\/png\" \/>\n<meta name=\"twitter:card\" content=\"summary_large_image\" \/>\n<meta name=\"twitter:label1\" content=\"Dur\u00e9e de lecture estim\u00e9e\" \/>\n\t<meta name=\"twitter:data1\" content=\"1 minute\" \/>\n<script type=\"application\/ld+json\" class=\"yoast-schema-graph\">{\"@context\":\"https:\\\/\\\/schema.org\",\"@graph\":[{\"@type\":\"WebPage\",\"@id\":\"https:\\\/\\\/www.sivom-bethunois.fr\\\/\",\"url\":\"https:\\\/\\\/www.sivom-bethunois.fr\\\/\",\"name\":\"Le SIVOM du B\u00e9thunois, Acteur de votre quotidien\",\"isPartOf\":{\"@id\":\"https:\\\/\\\/www.sivom-bethunois.fr\\\/#website\"},\"primaryImageOfPage\":{\"@id\":\"https:\\\/\\\/www.sivom-bethunois.fr\\\/#primaryimage\"},\"image\":{\"@id\":\"https:\\\/\\\/www.sivom-bethunois.fr\\\/#primaryimage\"},\"thumbnailUrl\":\"https:\\\/\\\/www.sivom-bethunois.fr\\\/wp-content\\\/uploads\\\/2021\\\/06\\\/Marches-publics-titre.png\",\"datePublished\":\"2016-10-09T23:28:41+00:00\",\"dateModified\":\"2026-01-05T13:55:29+00:00\",\"description\":\"Les agents du SIVOM agissent au quotidien dans 36 domaines de comp\u00e9tences pour plus de 124 000 habitants issus de 31 communes du B\u00e9thunois.\",\"breadcrumb\":{\"@id\":\"https:\\\/\\\/www.sivom-bethunois.fr\\\/#breadcrumb\"},\"inLanguage\":\"fr-FR\",\"potentialAction\":[{\"@type\":\"ReadAction\",\"target\":[\"https:\\\/\\\/www.sivom-bethunois.fr\\\/\"]}]},{\"@type\":\"ImageObject\",\"inLanguage\":\"fr-FR\",\"@id\":\"https:\\\/\\\/www.sivom-bethunois.fr\\\/#primaryimage\",\"url\":\"https:\\\/\\\/www.sivom-bethunois.fr\\\/wp-content\\\/uploads\\\/2021\\\/06\\\/Marches-publics-titre.png\",\"contentUrl\":\"https:\\\/\\\/www.sivom-bethunois.fr\\\/wp-content\\\/uploads\\\/2021\\\/06\\\/Marches-publics-titre.png\",\"width\":690,\"height\":345,\"caption\":\"March\u00e9s publics\"},{\"@type\":\"BreadcrumbList\",\"@id\":\"https:\\\/\\\/www.sivom-bethunois.fr\\\/#breadcrumb\",\"itemListElement\":[{\"@type\":\"ListItem\",\"position\":1,\"name\":\"Accueil\",\"item\":\"https:\\\/\\\/www.sivom-bethunois.fr\\\/\"},{\"@type\":\"ListItem\",\"position\":2,\"name\":\"Le SIVOM\"}]},{\"@type\":\"WebSite\",\"@id\":\"https:\\\/\\\/www.sivom-bethunois.fr\\\/#website\",\"url\":\"https:\\\/\\\/www.sivom-bethunois.fr\\\/\",\"name\":\"SIVOM de la Communaut\u00e9 du B\u00e9thunois\",\"description\":\"Acteur de votre quotidien\",\"publisher\":{\"@id\":\"https:\\\/\\\/www.sivom-bethunois.fr\\\/#organization\"},\"potentialAction\":[{\"@type\":\"SearchAction\",\"target\":{\"@type\":\"EntryPoint\",\"urlTemplate\":\"https:\\\/\\\/www.sivom-bethunois.fr\\\/?s={search_term_string}\"},\"query-input\":{\"@type\":\"PropertyValueSpecification\",\"valueRequired\":true,\"valueName\":\"search_term_string\"}}],\"inLanguage\":\"fr-FR\"},{\"@type\":\"Organization\",\"@id\":\"https:\\\/\\\/www.sivom-bethunois.fr\\\/#organization\",\"name\":\"SIVOM de la Communaut\u00e9 du B\u00e9thunois\",\"url\":\"https:\\\/\\\/www.sivom-bethunois.fr\\\/\",\"logo\":{\"@type\":\"ImageObject\",\"inLanguage\":\"fr-FR\",\"@id\":\"https:\\\/\\\/www.sivom-bethunois.fr\\\/#\\\/schema\\\/logo\\\/image\\\/\",\"url\":\"https:\\\/\\\/www.sivom-bethunois.fr\\\/wp-content\\\/uploads\\\/2024\\\/07\\\/cropped-Logo-DG-site.png\",\"contentUrl\":\"https:\\\/\\\/www.sivom-bethunois.fr\\\/wp-content\\\/uploads\\\/2024\\\/07\\\/cropped-Logo-DG-site.png\",\"width\":512,\"height\":512,\"caption\":\"SIVOM de la Communaut\u00e9 du B\u00e9thunois\"},\"image\":{\"@id\":\"https:\\\/\\\/www.sivom-bethunois.fr\\\/#\\\/schema\\\/logo\\\/image\\\/\"},\"sameAs\":[\"https:\\\/\\\/www.facebook.com\\\/sivom.bethunois\"]}]}<\/script>\n<!-- \/ Yoast SEO plugin. -->","yoast_head_json":{"title":"Le SIVOM du B\u00e9thunois, Acteur de votre quotidien","description":"Les agents du SIVOM agissent au quotidien dans 36 domaines de comp\u00e9tences pour plus de 124 000 habitants issus de 31 communes du B\u00e9thunois.","robots":{"index":"index","follow":"follow","max-snippet":"max-snippet:-1","max-image-preview":"max-image-preview:large","max-video-preview":"max-video-preview:-1"},"canonical":"https:\/\/www.sivom-bethunois.fr\/","og_locale":"fr_FR","og_type":"article","og_title":"Le SIVOM du B\u00e9thunois, Acteur de votre quotidien","og_description":"Les agents du SIVOM agissent au quotidien dans 36 domaines de comp\u00e9tences pour plus de 124 000 habitants issus de 31 communes du B\u00e9thunois.","og_url":"https:\/\/www.sivom-bethunois.fr\/","og_site_name":"SIVOM de la Communaut\u00e9 du B\u00e9thunois","article_publisher":"https:\/\/www.facebook.com\/sivom.bethunois","article_modified_time":"2026-01-05T13:55:29+00:00","og_image":[{"width":690,"height":345,"url":"https:\/\/www.sivom-bethunois.fr\/wp-content\/uploads\/2021\/06\/Marches-publics-titre.png","type":"image\/png"}],"twitter_card":"summary_large_image","twitter_misc":{"Dur\u00e9e de lecture estim\u00e9e":"1 minute"},"schema":{"@context":"https:\/\/schema.org","@graph":[{"@type":"WebPage","@id":"https:\/\/www.sivom-bethunois.fr\/","url":"https:\/\/www.sivom-bethunois.fr\/","name":"Le SIVOM du B\u00e9thunois, Acteur de votre quotidien","isPartOf":{"@id":"https:\/\/www.sivom-bethunois.fr\/#website"},"primaryImageOfPage":{"@id":"https:\/\/www.sivom-bethunois.fr\/#primaryimage"},"image":{"@id":"https:\/\/www.sivom-bethunois.fr\/#primaryimage"},"thumbnailUrl":"https:\/\/www.sivom-bethunois.fr\/wp-content\/uploads\/2021\/06\/Marches-publics-titre.png","datePublished":"2016-10-09T23:28:41+00:00","dateModified":"2026-01-05T13:55:29+00:00","description":"Les agents du SIVOM agissent au quotidien dans 36 domaines de comp\u00e9tences pour plus de 124 000 habitants issus de 31 communes du B\u00e9thunois.","breadcrumb":{"@id":"https:\/\/www.sivom-bethunois.fr\/#breadcrumb"},"inLanguage":"fr-FR","potentialAction":[{"@type":"ReadAction","target":["https:\/\/www.sivom-bethunois.fr\/"]}]},{"@type":"ImageObject","inLanguage":"fr-FR","@id":"https:\/\/www.sivom-bethunois.fr\/#primaryimage","url":"https:\/\/www.sivom-bethunois.fr\/wp-content\/uploads\/2021\/06\/Marches-publics-titre.png","contentUrl":"https:\/\/www.sivom-bethunois.fr\/wp-content\/uploads\/2021\/06\/Marches-publics-titre.png","width":690,"height":345,"caption":"March\u00e9s publics"},{"@type":"BreadcrumbList","@id":"https:\/\/www.sivom-bethunois.fr\/#breadcrumb","itemListElement":[{"@type":"ListItem","position":1,"name":"Accueil","item":"https:\/\/www.sivom-bethunois.fr\/"},{"@type":"ListItem","position":2,"name":"Le SIVOM"}]},{"@type":"WebSite","@id":"https:\/\/www.sivom-bethunois.fr\/#website","url":"https:\/\/www.sivom-bethunois.fr\/","name":"SIVOM de la Communaut\u00e9 du B\u00e9thunois","description":"Acteur de votre quotidien","publisher":{"@id":"https:\/\/www.sivom-bethunois.fr\/#organization"},"potentialAction":[{"@type":"SearchAction","target":{"@type":"EntryPoint","urlTemplate":"https:\/\/www.sivom-bethunois.fr\/?s={search_term_string}"},"query-input":{"@type":"PropertyValueSpecification","valueRequired":true,"valueName":"search_term_string"}}],"inLanguage":"fr-FR"},{"@type":"Organization","@id":"https:\/\/www.sivom-bethunois.fr\/#organization","name":"SIVOM de la Communaut\u00e9 du B\u00e9thunois","url":"https:\/\/www.sivom-bethunois.fr\/","logo":{"@type":"ImageObject","inLanguage":"fr-FR","@id":"https:\/\/www.sivom-bethunois.fr\/#\/schema\/logo\/image\/","url":"https:\/\/www.sivom-bethunois.fr\/wp-content\/uploads\/2024\/07\/cropped-Logo-DG-site.png","contentUrl":"https:\/\/www.sivom-bethunois.fr\/wp-content\/uploads\/2024\/07\/cropped-Logo-DG-site.png","width":512,"height":512,"caption":"SIVOM de la Communaut\u00e9 du B\u00e9thunois"},"image":{"@id":"https:\/\/www.sivom-bethunois.fr\/#\/schema\/logo\/image\/"},"sameAs":["https:\/\/www.facebook.com\/sivom.bethunois"]}]}},"_links":{"self":[{"href":"https:\/\/www.sivom-bethunois.fr\/index.php\/wp-json\/wp\/v2\/pages\/1094","targetHints":{"allow":["GET"]}}],"collection":[{"href":"https:\/\/www.sivom-bethunois.fr\/index.php\/wp-json\/wp\/v2\/pages"}],"about":[{"href":"https:\/\/www.sivom-bethunois.fr\/index.php\/wp-json\/wp\/v2\/types\/page"}],"author":[{"embeddable":true,"href":"https:\/\/www.sivom-bethunois.fr\/index.php\/wp-json\/wp\/v2\/users\/35"}],"replies":[{"embeddable":true,"href":"https:\/\/www.sivom-bethunois.fr\/index.php\/wp-json\/wp\/v2\/comments?post=1094"}],"version-history":[{"count":219,"href":"https:\/\/www.sivom-bethunois.fr\/index.php\/wp-json\/wp\/v2\/pages\/1094\/revisions"}],"predecessor-version":[{"id":15631,"href":"https:\/\/www.sivom-bethunois.fr\/index.php\/wp-json\/wp\/v2\/pages\/1094\/revisions\/15631"}],"wp:attachment":[{"href":"https:\/\/www.sivom-bethunois.fr\/index.php\/wp-json\/wp\/v2\/media?parent=1094"}],"curies":[{"name":"wp","href":"https:\/\/api.w.org\/{rel}","templated":true}]}}