{"id":1047,"date":"2016-10-09T20:58:40","date_gmt":"2016-10-09T19:58:40","guid":{"rendered":"http:\/\/www.sivom-bethunois.xyz\/?page_id=1047"},"modified":"2021-06-03T09:47:49","modified_gmt":"2021-06-03T07:47:49","slug":"ehpad","status":"publish","type":"page","link":"https:\/\/www.sivom-bethunois.fr\/index.php\/social\/ehpad\/","title":{"rendered":"EHPAD"},"content":{"rendered":"<div id=\"cs-content\" class=\"cs-content\"><\/div>\n","protected":false},"excerpt":{"rendered":"<p>LES EHPAD EHPAD Marie Curie Un cadre agr\u00e9able, verdoyant et convivial, accueille le r\u00e9sident, tout en contribuant \u00e0 son bien \u00eatre. L\u2019\u00e9quipe met au service du r\u00e9sident son professionnalisme, son sens de l\u2019\u00e9coute et d\u2019accompagnement, sa disponibilit\u00e9. Plus d&rsquo;informationsEHPAD Fr\u00e9d\u00e9ric Degeorge L&rsquo;EHPAD Fr\u00e9d\u00e9ric Degeorge s&rsquo;efforce au quotidien de r\u00e9pondre aux besoins de chacun afin de garantir une prise en charge &#8230; <a href=\"https:\/\/www.sivom-bethunois.fr\/index.php\/social\/ehpad\/\" class=\"more-link\">Read More<\/a><\/p>\n","protected":false},"author":35,"featured_media":0,"parent":983,"menu_order":0,"comment_status":"closed","ping_status":"closed","template":"","meta":{"_monsterinsights_skip_tracking":false,"_monsterinsights_sitenote_active":false,"_monsterinsights_sitenote_note":"","_monsterinsights_sitenote_category":0,"footnotes":""},"class_list":["post-1047","page","type-page","status-publish","hentry","no-post-thumbnail"],"yoast_head":"<!-- This site is optimized with the Yoast SEO plugin v27.5 - https:\/\/yoast.com\/product\/yoast-seo-wordpress\/ -->\n<title>Les \u00e9tablissements d&#039;h\u00e9bergement pour personnes \u00e2g\u00e9es d\u00e9pendantes<\/title>\n<meta name=\"description\" content=\"Les EHPAD du SIVOM du B\u00e9thunois accueillent les personnes \u00e2g\u00e9es quels que soient leur niveau de d\u00e9pendance, leur situation de famille ou leurs revenus.\" \/>\n<meta name=\"robots\" content=\"index, follow, max-snippet:-1, max-image-preview:large, max-video-preview:-1\" \/>\n<link rel=\"canonical\" href=\"https:\/\/www.sivom-bethunois.fr\/index.php\/social\/ehpad\/\" \/>\n<meta property=\"og:locale\" content=\"fr_FR\" \/>\n<meta property=\"og:type\" content=\"article\" \/>\n<meta property=\"og:title\" content=\"Les \u00e9tablissements d&#039;h\u00e9bergement pour personnes \u00e2g\u00e9es d\u00e9pendantes\" \/>\n<meta property=\"og:description\" content=\"Les EHPAD du SIVOM du B\u00e9thunois accueillent les personnes \u00e2g\u00e9es quels que soient leur niveau de d\u00e9pendance, leur situation de famille ou leurs revenus.\" \/>\n<meta property=\"og:url\" content=\"https:\/\/www.sivom-bethunois.fr\/index.php\/social\/ehpad\/\" \/>\n<meta property=\"og:site_name\" content=\"SIVOM de la Communaut\u00e9 du B\u00e9thunois\" \/>\n<meta property=\"article:publisher\" content=\"https:\/\/www.facebook.com\/sivom.bethunois\" \/>\n<meta property=\"article:modified_time\" content=\"2021-06-03T07:47:49+00:00\" \/>\n<meta name=\"twitter:card\" content=\"summary_large_image\" \/>\n<meta name=\"twitter:label1\" content=\"Dur\u00e9e de lecture estim\u00e9e\" \/>\n\t<meta name=\"twitter:data1\" content=\"3 minutes\" \/>\n<script type=\"application\/ld+json\" class=\"yoast-schema-graph\">{\"@context\":\"https:\\\/\\\/schema.org\",\"@graph\":[{\"@type\":\"WebPage\",\"@id\":\"https:\\\/\\\/www.sivom-bethunois.fr\\\/index.php\\\/social\\\/ehpad\\\/\",\"url\":\"https:\\\/\\\/www.sivom-bethunois.fr\\\/index.php\\\/social\\\/ehpad\\\/\",\"name\":\"Les \u00e9tablissements d'h\u00e9bergement pour personnes \u00e2g\u00e9es d\u00e9pendantes\",\"isPartOf\":{\"@id\":\"https:\\\/\\\/www.sivom-bethunois.fr\\\/#website\"},\"datePublished\":\"2016-10-09T19:58:40+00:00\",\"dateModified\":\"2021-06-03T07:47:49+00:00\",\"description\":\"Les EHPAD du SIVOM du B\u00e9thunois accueillent les personnes \u00e2g\u00e9es quels que soient leur niveau de d\u00e9pendance, leur situation de famille ou leurs revenus.\",\"breadcrumb\":{\"@id\":\"https:\\\/\\\/www.sivom-bethunois.fr\\\/index.php\\\/social\\\/ehpad\\\/#breadcrumb\"},\"inLanguage\":\"fr-FR\",\"potentialAction\":[{\"@type\":\"ReadAction\",\"target\":[\"https:\\\/\\\/www.sivom-bethunois.fr\\\/index.php\\\/social\\\/ehpad\\\/\"]}]},{\"@type\":\"BreadcrumbList\",\"@id\":\"https:\\\/\\\/www.sivom-bethunois.fr\\\/index.php\\\/social\\\/ehpad\\\/#breadcrumb\",\"itemListElement\":[{\"@type\":\"ListItem\",\"position\":1,\"name\":\"Accueil\",\"item\":\"https:\\\/\\\/www.sivom-bethunois.fr\\\/\"},{\"@type\":\"ListItem\",\"position\":2,\"name\":\"Solidarit\u00e9\",\"item\":\"https:\\\/\\\/www.sivom-bethunois.fr\\\/index.php\\\/social\\\/\"},{\"@type\":\"ListItem\",\"position\":3,\"name\":\"EHPAD\"}]},{\"@type\":\"WebSite\",\"@id\":\"https:\\\/\\\/www.sivom-bethunois.fr\\\/#website\",\"url\":\"https:\\\/\\\/www.sivom-bethunois.fr\\\/\",\"name\":\"SIVOM de la Communaut\u00e9 du B\u00e9thunois\",\"description\":\"Acteur de votre quotidien\",\"publisher\":{\"@id\":\"https:\\\/\\\/www.sivom-bethunois.fr\\\/#organization\"},\"potentialAction\":[{\"@type\":\"SearchAction\",\"target\":{\"@type\":\"EntryPoint\",\"urlTemplate\":\"https:\\\/\\\/www.sivom-bethunois.fr\\\/?s={search_term_string}\"},\"query-input\":{\"@type\":\"PropertyValueSpecification\",\"valueRequired\":true,\"valueName\":\"search_term_string\"}}],\"inLanguage\":\"fr-FR\"},{\"@type\":\"Organization\",\"@id\":\"https:\\\/\\\/www.sivom-bethunois.fr\\\/#organization\",\"name\":\"SIVOM de la Communaut\u00e9 du B\u00e9thunois\",\"url\":\"https:\\\/\\\/www.sivom-bethunois.fr\\\/\",\"logo\":{\"@type\":\"ImageObject\",\"inLanguage\":\"fr-FR\",\"@id\":\"https:\\\/\\\/www.sivom-bethunois.fr\\\/#\\\/schema\\\/logo\\\/image\\\/\",\"url\":\"https:\\\/\\\/www.sivom-bethunois.fr\\\/wp-content\\\/uploads\\\/2024\\\/07\\\/cropped-Logo-DG-site.png\",\"contentUrl\":\"https:\\\/\\\/www.sivom-bethunois.fr\\\/wp-content\\\/uploads\\\/2024\\\/07\\\/cropped-Logo-DG-site.png\",\"width\":512,\"height\":512,\"caption\":\"SIVOM de la Communaut\u00e9 du B\u00e9thunois\"},\"image\":{\"@id\":\"https:\\\/\\\/www.sivom-bethunois.fr\\\/#\\\/schema\\\/logo\\\/image\\\/\"},\"sameAs\":[\"https:\\\/\\\/www.facebook.com\\\/sivom.bethunois\"]}]}<\/script>\n<!-- \/ Yoast SEO plugin. -->","yoast_head_json":{"title":"Les \u00e9tablissements d'h\u00e9bergement pour personnes \u00e2g\u00e9es d\u00e9pendantes","description":"Les EHPAD du SIVOM du B\u00e9thunois accueillent les personnes \u00e2g\u00e9es quels que soient leur niveau de d\u00e9pendance, leur situation de famille ou leurs revenus.","robots":{"index":"index","follow":"follow","max-snippet":"max-snippet:-1","max-image-preview":"max-image-preview:large","max-video-preview":"max-video-preview:-1"},"canonical":"https:\/\/www.sivom-bethunois.fr\/index.php\/social\/ehpad\/","og_locale":"fr_FR","og_type":"article","og_title":"Les \u00e9tablissements d'h\u00e9bergement pour personnes \u00e2g\u00e9es d\u00e9pendantes","og_description":"Les EHPAD du SIVOM du B\u00e9thunois accueillent les personnes \u00e2g\u00e9es quels que soient leur niveau de d\u00e9pendance, leur situation de famille ou leurs revenus.","og_url":"https:\/\/www.sivom-bethunois.fr\/index.php\/social\/ehpad\/","og_site_name":"SIVOM de la Communaut\u00e9 du B\u00e9thunois","article_publisher":"https:\/\/www.facebook.com\/sivom.bethunois","article_modified_time":"2021-06-03T07:47:49+00:00","twitter_card":"summary_large_image","twitter_misc":{"Dur\u00e9e de lecture estim\u00e9e":"3 minutes"},"schema":{"@context":"https:\/\/schema.org","@graph":[{"@type":"WebPage","@id":"https:\/\/www.sivom-bethunois.fr\/index.php\/social\/ehpad\/","url":"https:\/\/www.sivom-bethunois.fr\/index.php\/social\/ehpad\/","name":"Les \u00e9tablissements d'h\u00e9bergement pour personnes \u00e2g\u00e9es d\u00e9pendantes","isPartOf":{"@id":"https:\/\/www.sivom-bethunois.fr\/#website"},"datePublished":"2016-10-09T19:58:40+00:00","dateModified":"2021-06-03T07:47:49+00:00","description":"Les EHPAD du SIVOM du B\u00e9thunois accueillent les personnes \u00e2g\u00e9es quels que soient leur niveau de d\u00e9pendance, leur situation de famille ou leurs revenus.","breadcrumb":{"@id":"https:\/\/www.sivom-bethunois.fr\/index.php\/social\/ehpad\/#breadcrumb"},"inLanguage":"fr-FR","potentialAction":[{"@type":"ReadAction","target":["https:\/\/www.sivom-bethunois.fr\/index.php\/social\/ehpad\/"]}]},{"@type":"BreadcrumbList","@id":"https:\/\/www.sivom-bethunois.fr\/index.php\/social\/ehpad\/#breadcrumb","itemListElement":[{"@type":"ListItem","position":1,"name":"Accueil","item":"https:\/\/www.sivom-bethunois.fr\/"},{"@type":"ListItem","position":2,"name":"Solidarit\u00e9","item":"https:\/\/www.sivom-bethunois.fr\/index.php\/social\/"},{"@type":"ListItem","position":3,"name":"EHPAD"}]},{"@type":"WebSite","@id":"https:\/\/www.sivom-bethunois.fr\/#website","url":"https:\/\/www.sivom-bethunois.fr\/","name":"SIVOM de la Communaut\u00e9 du B\u00e9thunois","description":"Acteur de votre quotidien","publisher":{"@id":"https:\/\/www.sivom-bethunois.fr\/#organization"},"potentialAction":[{"@type":"SearchAction","target":{"@type":"EntryPoint","urlTemplate":"https:\/\/www.sivom-bethunois.fr\/?s={search_term_string}"},"query-input":{"@type":"PropertyValueSpecification","valueRequired":true,"valueName":"search_term_string"}}],"inLanguage":"fr-FR"},{"@type":"Organization","@id":"https:\/\/www.sivom-bethunois.fr\/#organization","name":"SIVOM de la Communaut\u00e9 du B\u00e9thunois","url":"https:\/\/www.sivom-bethunois.fr\/","logo":{"@type":"ImageObject","inLanguage":"fr-FR","@id":"https:\/\/www.sivom-bethunois.fr\/#\/schema\/logo\/image\/","url":"https:\/\/www.sivom-bethunois.fr\/wp-content\/uploads\/2024\/07\/cropped-Logo-DG-site.png","contentUrl":"https:\/\/www.sivom-bethunois.fr\/wp-content\/uploads\/2024\/07\/cropped-Logo-DG-site.png","width":512,"height":512,"caption":"SIVOM de la Communaut\u00e9 du B\u00e9thunois"},"image":{"@id":"https:\/\/www.sivom-bethunois.fr\/#\/schema\/logo\/image\/"},"sameAs":["https:\/\/www.facebook.com\/sivom.bethunois"]}]}},"_links":{"self":[{"href":"https:\/\/www.sivom-bethunois.fr\/index.php\/wp-json\/wp\/v2\/pages\/1047","targetHints":{"allow":["GET"]}}],"collection":[{"href":"https:\/\/www.sivom-bethunois.fr\/index.php\/wp-json\/wp\/v2\/pages"}],"about":[{"href":"https:\/\/www.sivom-bethunois.fr\/index.php\/wp-json\/wp\/v2\/types\/page"}],"author":[{"embeddable":true,"href":"https:\/\/www.sivom-bethunois.fr\/index.php\/wp-json\/wp\/v2\/users\/35"}],"replies":[{"embeddable":true,"href":"https:\/\/www.sivom-bethunois.fr\/index.php\/wp-json\/wp\/v2\/comments?post=1047"}],"version-history":[{"count":12,"href":"https:\/\/www.sivom-bethunois.fr\/index.php\/wp-json\/wp\/v2\/pages\/1047\/revisions"}],"predecessor-version":[{"id":9841,"href":"https:\/\/www.sivom-bethunois.fr\/index.php\/wp-json\/wp\/v2\/pages\/1047\/revisions\/9841"}],"up":[{"embeddable":true,"href":"https:\/\/www.sivom-bethunois.fr\/index.php\/wp-json\/wp\/v2\/pages\/983"}],"wp:attachment":[{"href":"https:\/\/www.sivom-bethunois.fr\/index.php\/wp-json\/wp\/v2\/media?parent=1047"}],"curies":[{"name":"wp","href":"https:\/\/api.w.org\/{rel}","templated":true}]}}